{"id":2193,"date":"2021-08-18T16:49:15","date_gmt":"2021-08-18T14:49:15","guid":{"rendered":"http:\/\/stage.alm.smithberlin.com\/?post_type=exhibition&#038;p=2193"},"modified":"2024-10-14T10:57:04","modified_gmt":"2024-10-14T08:57:04","slug":"wall-patrol-les-puissances-occidentales","status":"publish","type":"exhibition","link":"https:\/\/www.alliiertenmuseum.de\/fr\/ausstellung\/wall-patrol-les-puissances-occidentales\/","title":{"rendered":"Wall Patrol&nbsp;: Les puissances occidentales le long du Mur de Berlin, 1961-1990 Exposition temporaire"},"content":{"rendered":"\n<p>Comme beaucoup d\u2019autres institutions berlinoises, le Mus\u00e9e des Alli\u00e9s participera aux manifestations de comm\u00e9moration du vingti\u00e8me anniversaire de la chute du \u00ab&nbsp;Mur de Berlin&nbsp;\u00bb.<br><br>Sous le titre Wall Patrol, il veut attirer l\u2019attention sur les patrouilles des puissances occidentales d\u00e9ploy\u00e9es tous les jours entre 1961 et 1990 pour observer la situation le long du Mur de Berlin et celle des ouvrages fortifi\u00e9s bordant le territoire de la R.D.A. On comptait ainsi d\u00e9tecter de bonne heure toute menace militaire venant des troupes de l\u2019Est. L\u2019exposition rappelle que les puissances occidentales \u00e9taient tout comme la population berlinoise confront\u00e9es au quotidien \u00e0 l\u00b4exp\u00e9rience du \u00ab&nbsp;Mur de Berlin&nbsp;\u00bb. Les unit\u00e9s am\u00e9ricaines, britanniques et fran\u00e7aises patrouillaient aussi pour t\u00e9moigner publiquement de l\u2019engagement des puissances occidentales et marquer leur pr\u00e9sence face aux adversaires politiques et militaires et vis-\u00e0-vis de la population berlinoise de part et d\u2019autre de la ligne de d\u00e9marcation. Au centre de l\u2019exposition se trouve le v\u00e9hicule de reconnaissance de type \u00ab&nbsp;Ferret Scout Car&nbsp;\u00bb, dont la pr\u00e9sentation est compl\u00e9t\u00e9e par des extraits de films, des photos, des plans, des proc\u00e8s-verbaux d\u00b4\u00e9valuation, mais aussi par des uniformes et de la technique radio, qui se r\u00e9f\u00e9rent \u00e0 l\u2019intervention des patrouilles. L\u2019exposition pr\u00e9sente une image informative et vivante du d\u00e9roulement et de l\u00b4utilit\u00e9 de cette mission sp\u00e9ciale des puissances occidentales \u00e0 Berlin.<br><br><\/p>\n","protected":false},"excerpt":{"rendered":"<p>Sous le titre Wall Patrol, l&rsquo;exposition temporaire veut attirer l\u2019attention sur les patrouilles des puissances occidentales d\u00e9ploy\u00e9es tous les jours entre 1961 et 1990 pour observer la situation le long du Mur de Berlin et celle des ouvrages fortifi\u00e9s bordant le territoire de la R.D.A. On comptait ainsi d\u00e9tecter de bonne heure toute menace militaire venant des troupes de l\u2019Est. L\u2019exposition rappelle que les puissances occidentales \u00e9taient tout comme la population berlinoise confront\u00e9es au quotidien \u00e0 l\u00b4exp\u00e9rience du \u00ab&nbsp;Mur de Berlin&nbsp;\u00bb.<\/p>\n","protected":false},"featured_media":756,"template":"","meta":{"_subtitle":"","_tagline":"Wall Patrol","_locale":"fr_FR","_original_post":"https:\/\/www.alliiertenmuseum.de\/?post_type=exhibition&p=703","_exhibition_start":"2009-11-06T00:00:00","_exhibition_end":"2010-08-22T23:59:59","_exhibition_type":"special","_featured_caption":"","_featured_caption_checkbox":false,"_featured_alt":"<p class=\"MsoNormal\"><span lang=\"FR\" style=\"mso-ansi-language:FR\">Un mur de l'exposition sur lequel sont pr\u00e9sent\u00e9s un panneau de secteur et une grande photo.<\/span><\/p>","_pinkie_id":756,"_pinkie_caption":false,"_pinkie_alt":"<p class=\"MsoNormal\"><span lang=\"FR\" style=\"mso-ansi-language:FR\">Un mur de l'exposition sur lequel sont pr\u00e9sent\u00e9s un panneau de secteur et une grande photo.<\/span><\/p>","footnotes":"","_post-color":[]},"location":[],"exhibition-category":[],"class_list":["post-2193","exhibition","type-exhibition","status-publish","has-post-thumbnail","hentry","fr-FR"],"yoast_head":"<!-- This site is optimized with the Yoast SEO plugin v26.2 - https:\/\/yoast.com\/wordpress\/plugins\/seo\/ -->\n<title>Wall Patrol&nbsp;: Les puissances occidentales le long du Mur de Berlin, 1961-1990 Exposition temporaire - AlliiertenMuseum<\/title>\n<meta name=\"robots\" content=\"index, follow, max-snippet:-1, max-image-preview:large, max-video-preview:-1\" \/>\n<link rel=\"canonical\" href=\"https:\/\/www.alliiertenmuseum.de\/fr\/ausstellung\/wall-patrol-les-puissances-occidentales\/\" \/>\n<meta property=\"og:locale\" content=\"fr_FR\" \/>\n<meta property=\"og:type\" content=\"article\" \/>\n<meta property=\"og:title\" content=\"Wall Patrol&nbsp;: Les puissances occidentales le long du Mur de Berlin, 1961-1990 Exposition temporaire - AlliiertenMuseum\" \/>\n<meta property=\"og:description\" content=\"Sous le titre Wall Patrol, l&#039;exposition temporaire veut attirer l\u2019attention sur les patrouilles des puissances occidentales d\u00e9ploy\u00e9es tous les jours entre 1961 et 1990 pour observer la situation le long du Mur de Berlin et celle des ouvrages fortifi\u00e9s bordant le territoire de la R.D.A. On comptait ainsi d\u00e9tecter de bonne heure toute menace militaire venant des troupes de l\u2019Est. L\u2019exposition rappelle que les puissances occidentales \u00e9taient tout comme la population berlinoise confront\u00e9es au quotidien \u00e0 l\u00b4exp\u00e9rience du \u00ab&nbsp;Mur de Berlin&nbsp;\u00bb.\" \/>\n<meta property=\"og:url\" content=\"https:\/\/www.alliiertenmuseum.de\/fr\/ausstellung\/wall-patrol-les-puissances-occidentales\/\" \/>\n<meta property=\"og:site_name\" content=\"AlliiertenMuseum\" \/>\n<meta property=\"article:modified_time\" content=\"2024-10-14T08:57:04+00:00\" \/>\n<meta property=\"og:image\" content=\"https:\/\/www.alliiertenmuseum.de\/wp-content\/uploads\/2021\/06\/2.0-alliierten-museum-sonderausstellung-berlin-wall-patrol-scaled-e1622814458772.jpg\" \/>\n\t<meta property=\"og:image:width\" content=\"2560\" \/>\n\t<meta property=\"og:image:height\" content=\"1742\" \/>\n\t<meta property=\"og:image:type\" content=\"image\/jpeg\" \/>\n<meta name=\"twitter:card\" content=\"summary_large_image\" \/>\n<meta name=\"twitter:label1\" content=\"Dur\u00e9e de lecture estim\u00e9e\" \/>\n\t<meta name=\"twitter:data1\" content=\"2 minutes\" \/>\n<script type=\"application\/ld+json\" class=\"yoast-schema-graph\">{\"@context\":\"https:\/\/schema.org\",\"@graph\":[{\"@type\":\"WebPage\",\"@id\":\"https:\/\/www.alliiertenmuseum.de\/fr\/ausstellung\/wall-patrol-les-puissances-occidentales\/\",\"url\":\"https:\/\/www.alliiertenmuseum.de\/fr\/ausstellung\/wall-patrol-les-puissances-occidentales\/\",\"name\":\"Wall Patrol&nbsp;: Les puissances occidentales le long du Mur de Berlin, 1961-1990 Exposition temporaire - AlliiertenMuseum\",\"isPartOf\":{\"@id\":\"https:\/\/www.alliiertenmuseum.de\/#website\"},\"primaryImageOfPage\":{\"@id\":\"https:\/\/www.alliiertenmuseum.de\/fr\/ausstellung\/wall-patrol-les-puissances-occidentales\/#primaryimage\"},\"image\":{\"@id\":\"https:\/\/www.alliiertenmuseum.de\/fr\/ausstellung\/wall-patrol-les-puissances-occidentales\/#primaryimage\"},\"thumbnailUrl\":\"https:\/\/www.alliiertenmuseum.de\/wp-content\/uploads\/2021\/06\/2.0-alliierten-museum-sonderausstellung-berlin-wall-patrol-scaled-e1622814458772.jpg\",\"datePublished\":\"2021-08-18T14:49:15+00:00\",\"dateModified\":\"2024-10-14T08:57:04+00:00\",\"breadcrumb\":{\"@id\":\"https:\/\/www.alliiertenmuseum.de\/fr\/ausstellung\/wall-patrol-les-puissances-occidentales\/#breadcrumb\"},\"inLanguage\":\"fr-FR\",\"potentialAction\":[{\"@type\":\"ReadAction\",\"target\":[\"https:\/\/www.alliiertenmuseum.de\/fr\/ausstellung\/wall-patrol-les-puissances-occidentales\/\"]}]},{\"@type\":\"ImageObject\",\"inLanguage\":\"fr-FR\",\"@id\":\"https:\/\/www.alliiertenmuseum.de\/fr\/ausstellung\/wall-patrol-les-puissances-occidentales\/#primaryimage\",\"url\":\"https:\/\/www.alliiertenmuseum.de\/wp-content\/uploads\/2021\/06\/2.0-alliierten-museum-sonderausstellung-berlin-wall-patrol-scaled-e1622814458772.jpg\",\"contentUrl\":\"https:\/\/www.alliiertenmuseum.de\/wp-content\/uploads\/2021\/06\/2.0-alliierten-museum-sonderausstellung-berlin-wall-patrol-scaled-e1622814458772.jpg\",\"width\":2560,\"height\":1742},{\"@type\":\"BreadcrumbList\",\"@id\":\"https:\/\/www.alliiertenmuseum.de\/fr\/ausstellung\/wall-patrol-les-puissances-occidentales\/#breadcrumb\",\"itemListElement\":[{\"@type\":\"ListItem\",\"position\":1,\"name\":\"Startseite\",\"item\":\"https:\/\/www.alliiertenmuseum.de\/fr\/\"},{\"@type\":\"ListItem\",\"position\":2,\"name\":\"Ausstellungen\",\"item\":\"https:\/\/www.alliiertenmuseum.de\/ausstellung\/\"},{\"@type\":\"ListItem\",\"position\":3,\"name\":\"Wall Patrol&nbsp;: Les puissances occidentales le long du Mur de Berlin, 1961-1990 Exposition temporaire\"}]},{\"@type\":\"WebSite\",\"@id\":\"https:\/\/www.alliiertenmuseum.de\/#website\",\"url\":\"https:\/\/www.alliiertenmuseum.de\/\",\"name\":\"AlliiertenMuseum\",\"description\":\"\",\"publisher\":{\"@id\":\"https:\/\/www.alliiertenmuseum.de\/#organization\"},\"potentialAction\":[{\"@type\":\"SearchAction\",\"target\":{\"@type\":\"EntryPoint\",\"urlTemplate\":\"https:\/\/www.alliiertenmuseum.de\/?s={search_term_string}\"},\"query-input\":{\"@type\":\"PropertyValueSpecification\",\"valueRequired\":true,\"valueName\":\"search_term_string\"}}],\"inLanguage\":\"fr-FR\"},{\"@type\":\"Organization\",\"@id\":\"https:\/\/www.alliiertenmuseum.de\/#organization\",\"name\":\"AlliiertenMuseum\",\"url\":\"https:\/\/www.alliiertenmuseum.de\/\",\"logo\":{\"@type\":\"ImageObject\",\"inLanguage\":\"fr-FR\",\"@id\":\"https:\/\/www.alliiertenmuseum.de\/#\/schema\/logo\/image\/\",\"url\":\"https:\/\/www.alliiertenmuseum.de\/wp-content\/uploads\/2021\/05\/logo.svg\",\"contentUrl\":\"https:\/\/www.alliiertenmuseum.de\/wp-content\/uploads\/2021\/05\/logo.svg\",\"caption\":\"AlliiertenMuseum\"},\"image\":{\"@id\":\"https:\/\/www.alliiertenmuseum.de\/#\/schema\/logo\/image\/\"}}]}<\/script>\n<!-- \/ Yoast SEO plugin. -->","yoast_head_json":{"title":"Wall Patrol&nbsp;: Les puissances occidentales le long du Mur de Berlin, 1961-1990 Exposition temporaire - AlliiertenMuseum","robots":{"index":"index","follow":"follow","max-snippet":"max-snippet:-1","max-image-preview":"max-image-preview:large","max-video-preview":"max-video-preview:-1"},"canonical":"https:\/\/www.alliiertenmuseum.de\/fr\/ausstellung\/wall-patrol-les-puissances-occidentales\/","og_locale":"fr_FR","og_type":"article","og_title":"Wall Patrol&nbsp;: Les puissances occidentales le long du Mur de Berlin, 1961-1990 Exposition temporaire - AlliiertenMuseum","og_description":"Sous le titre Wall Patrol, l'exposition temporaire veut attirer l\u2019attention sur les patrouilles des puissances occidentales d\u00e9ploy\u00e9es tous les jours entre 1961 et 1990 pour observer la situation le long du Mur de Berlin et celle des ouvrages fortifi\u00e9s bordant le territoire de la R.D.A. On comptait ainsi d\u00e9tecter de bonne heure toute menace militaire venant des troupes de l\u2019Est. L\u2019exposition rappelle que les puissances occidentales \u00e9taient tout comme la population berlinoise confront\u00e9es au quotidien \u00e0 l\u00b4exp\u00e9rience du \u00ab&nbsp;Mur de Berlin&nbsp;\u00bb.","og_url":"https:\/\/www.alliiertenmuseum.de\/fr\/ausstellung\/wall-patrol-les-puissances-occidentales\/","og_site_name":"AlliiertenMuseum","article_modified_time":"2024-10-14T08:57:04+00:00","og_image":[{"width":2560,"height":1742,"url":"https:\/\/www.alliiertenmuseum.de\/wp-content\/uploads\/2021\/06\/2.0-alliierten-museum-sonderausstellung-berlin-wall-patrol-scaled-e1622814458772.jpg","type":"image\/jpeg"}],"twitter_card":"summary_large_image","twitter_misc":{"Dur\u00e9e de lecture estim\u00e9e":"2 minutes"},"schema":{"@context":"https:\/\/schema.org","@graph":[{"@type":"WebPage","@id":"https:\/\/www.alliiertenmuseum.de\/fr\/ausstellung\/wall-patrol-les-puissances-occidentales\/","url":"https:\/\/www.alliiertenmuseum.de\/fr\/ausstellung\/wall-patrol-les-puissances-occidentales\/","name":"Wall Patrol&nbsp;: Les puissances occidentales le long du Mur de Berlin, 1961-1990 Exposition temporaire - AlliiertenMuseum","isPartOf":{"@id":"https:\/\/www.alliiertenmuseum.de\/#website"},"primaryImageOfPage":{"@id":"https:\/\/www.alliiertenmuseum.de\/fr\/ausstellung\/wall-patrol-les-puissances-occidentales\/#primaryimage"},"image":{"@id":"https:\/\/www.alliiertenmuseum.de\/fr\/ausstellung\/wall-patrol-les-puissances-occidentales\/#primaryimage"},"thumbnailUrl":"https:\/\/www.alliiertenmuseum.de\/wp-content\/uploads\/2021\/06\/2.0-alliierten-museum-sonderausstellung-berlin-wall-patrol-scaled-e1622814458772.jpg","datePublished":"2021-08-18T14:49:15+00:00","dateModified":"2024-10-14T08:57:04+00:00","breadcrumb":{"@id":"https:\/\/www.alliiertenmuseum.de\/fr\/ausstellung\/wall-patrol-les-puissances-occidentales\/#breadcrumb"},"inLanguage":"fr-FR","potentialAction":[{"@type":"ReadAction","target":["https:\/\/www.alliiertenmuseum.de\/fr\/ausstellung\/wall-patrol-les-puissances-occidentales\/"]}]},{"@type":"ImageObject","inLanguage":"fr-FR","@id":"https:\/\/www.alliiertenmuseum.de\/fr\/ausstellung\/wall-patrol-les-puissances-occidentales\/#primaryimage","url":"https:\/\/www.alliiertenmuseum.de\/wp-content\/uploads\/2021\/06\/2.0-alliierten-museum-sonderausstellung-berlin-wall-patrol-scaled-e1622814458772.jpg","contentUrl":"https:\/\/www.alliiertenmuseum.de\/wp-content\/uploads\/2021\/06\/2.0-alliierten-museum-sonderausstellung-berlin-wall-patrol-scaled-e1622814458772.jpg","width":2560,"height":1742},{"@type":"BreadcrumbList","@id":"https:\/\/www.alliiertenmuseum.de\/fr\/ausstellung\/wall-patrol-les-puissances-occidentales\/#breadcrumb","itemListElement":[{"@type":"ListItem","position":1,"name":"Startseite","item":"https:\/\/www.alliiertenmuseum.de\/fr\/"},{"@type":"ListItem","position":2,"name":"Ausstellungen","item":"https:\/\/www.alliiertenmuseum.de\/ausstellung\/"},{"@type":"ListItem","position":3,"name":"Wall Patrol&nbsp;: Les puissances occidentales le long du Mur de Berlin, 1961-1990 Exposition temporaire"}]},{"@type":"WebSite","@id":"https:\/\/www.alliiertenmuseum.de\/#website","url":"https:\/\/www.alliiertenmuseum.de\/","name":"AlliiertenMuseum","description":"","publisher":{"@id":"https:\/\/www.alliiertenmuseum.de\/#organization"},"potentialAction":[{"@type":"SearchAction","target":{"@type":"EntryPoint","urlTemplate":"https:\/\/www.alliiertenmuseum.de\/?s={search_term_string}"},"query-input":{"@type":"PropertyValueSpecification","valueRequired":true,"valueName":"search_term_string"}}],"inLanguage":"fr-FR"},{"@type":"Organization","@id":"https:\/\/www.alliiertenmuseum.de\/#organization","name":"AlliiertenMuseum","url":"https:\/\/www.alliiertenmuseum.de\/","logo":{"@type":"ImageObject","inLanguage":"fr-FR","@id":"https:\/\/www.alliiertenmuseum.de\/#\/schema\/logo\/image\/","url":"https:\/\/www.alliiertenmuseum.de\/wp-content\/uploads\/2021\/05\/logo.svg","contentUrl":"https:\/\/www.alliiertenmuseum.de\/wp-content\/uploads\/2021\/05\/logo.svg","caption":"AlliiertenMuseum"},"image":{"@id":"https:\/\/www.alliiertenmuseum.de\/#\/schema\/logo\/image\/"}}]}},"_links":{"self":[{"href":"https:\/\/www.alliiertenmuseum.de\/wp-json\/wp\/v2\/exhibition\/2193","targetHints":{"allow":["GET"]}}],"collection":[{"href":"https:\/\/www.alliiertenmuseum.de\/wp-json\/wp\/v2\/exhibition"}],"about":[{"href":"https:\/\/www.alliiertenmuseum.de\/wp-json\/wp\/v2\/types\/exhibition"}],"version-history":[{"count":4,"href":"https:\/\/www.alliiertenmuseum.de\/wp-json\/wp\/v2\/exhibition\/2193\/revisions"}],"predecessor-version":[{"id":33891,"href":"https:\/\/www.alliiertenmuseum.de\/wp-json\/wp\/v2\/exhibition\/2193\/revisions\/33891"}],"wp:featuredmedia":[{"embeddable":true,"href":"https:\/\/www.alliiertenmuseum.de\/wp-json\/wp\/v2\/media\/756"}],"wp:attachment":[{"href":"https:\/\/www.alliiertenmuseum.de\/wp-json\/wp\/v2\/media?parent=2193"}],"wp:term":[{"taxonomy":"location","embeddable":true,"href":"https:\/\/www.alliiertenmuseum.de\/wp-json\/wp\/v2\/location?post=2193"},{"taxonomy":"exhibition-category","embeddable":true,"href":"https:\/\/www.alliiertenmuseum.de\/wp-json\/wp\/v2\/exhibition-category?post=2193"}],"curies":[{"name":"wp","href":"https:\/\/api.w.org\/{rel}","templated":true}]}}