{"id":2200,"date":"2021-08-18T16:58:27","date_gmt":"2021-08-18T14:58:27","guid":{"rendered":"http:\/\/stage.alm.smithberlin.com\/?post_type=exhibition&#038;p=2200"},"modified":"2024-10-14T10:53:05","modified_gmt":"2024-10-14T08:53:05","slug":"tear-down-this-wall-ronald-reagan-a-la-porte-de-brandebourg","status":"publish","type":"exhibition","link":"https:\/\/www.alliiertenmuseum.de\/fr\/ausstellung\/tear-down-this-wall-ronald-reagan-a-la-porte-de-brandebourg\/","title":{"rendered":"\u00ab&nbsp;Tear Down This Wall&nbsp;\u00bb &#8211; Ronald Reagan \u00e0 la Porte de Brandebourg"},"content":{"rendered":"\n<p>Le 12&nbsp;juin de cette ann\u00e9e marquera le vingti\u00e8me anniversaire du discours prononc\u00e9 par le pr\u00e9sident des \u00c9tats-Unis Ronald Reagan devant la Porte de Brandebourg dans lequel il appelle le secr\u00e9taire g\u00e9n\u00e9ral sovi\u00e9tique Mikha\u00efl Gorbatchev \u00e0 abattre le Mur de Berlin.<br><br>La plupart d\u2019entre nous n\u2019ont vu dans cette phrase que du show. Comme John F. Kennedy, Ronald Reagan voulait entrer dans l\u2019Histoire avec une citation sur Berlin. Trois ans plus tard, la situation avait chang\u00e9 du tout au tout et l\u2019appel de Reagan \u00e9tait devenu une citation c\u00e9l\u00e8bre. Souvenons-nous: le 9&nbsp;novembre 1989, le Mur de Berlin s\u2019ouvre ; un an plus tard, l\u2019Allemagne est r\u00e9unifi\u00e9e et l\u2019ann\u00e9e d\u2019apr\u00e8s, l\u00b4Union sovi\u00e9tique nagu\u00e8re si puissante a disparu.<br><br>Le Mus\u00e9e des Alli\u00e9s saisit le pr\u00e9texte de ce 20<sup>e<\/sup> anniversaire pour remettre en m\u00e9moire le discours et l\u2019orateur. Quel fut le motif direct de ce discours&nbsp;? Dans quel contexte allemand et international se place l\u2019intervention du pr\u00e9sident am\u00e9ricain \u00e0 Berlin&nbsp;? Et quelle est l\u2019origine de la c\u00e9l\u00e8bre formule&nbsp;? L\u2019exposition fournit des informations susceptibles de permettre de trouver des r\u00e9ponses \u00e0 ces questions et \u00e0 d\u2019autres du m\u00eame genre.<br><br>Le pr\u00e9sident des \u00c9tats-Unis Ronald Reagan fut d\u00e8s le d\u00e9part la b\u00eate noire du mouvement pour la paix qui s\u2019\u00e9tait form\u00e9 au d\u00e9but des ann\u00e9es quatre-vingt et faisait opposition \u00e0 la mise en \u0153uvre de la \u00ab&nbsp;double d\u00e9cision&nbsp;\u00bb de l\u2019OTAN. La veille du discours, une manifestation de 20&nbsp;000 personnes eut lieu dans le centre de Berlin-Ouest. Elle d\u00e9g\u00e9n\u00e9ra malheureusement en bataille rang\u00e9e avec la police, qui n\u2019eut plus rien \u00e0 voir avec le v\u00e9ritable motif de la manifestation. A 20 ans de distance, il est possible de confronter l\u00b4optique de l\u2019\u00e9poque au savoir d\u2019aujourd\u2019hui.<br><br>L\u2019exposition pr\u00e9sente des objets, des documents et de la documentation photographique et cin\u00e9matographique. Elle a \u00e9t\u00e9 rendue possible par des pr\u00eats g\u00e9n\u00e9reux. On citera en premier lieu la Ronald Reagan Presidential Library \u00e0 Simi Valley (Californie) qui a eu l\u2019amabilit\u00e9 d\u2019ouvrir ses archives et de mettre \u00e0 notre disposition des objets importants. Nous devons le grand nombre de pr\u00eats \u00e0 des mus\u00e9es am\u00e9ricains et allemands, \u00e0 une s\u00e9rie de collections et d\u00b4archives priv\u00e9es et publiques ainsi qu\u00b4\u00e0 de nombreux t\u00e9moins de l\u2019\u00e9poque de Washington, Los Angeles, Berlin, Bonn, etc.Cette exposition sera sans doute compl\u00e9t\u00e9e par une publication qui rassemblera les contributions de t\u00e9moins de l\u00b4\u00e9poque et d\u2019experts.                             Comme toujours au Mus\u00e9e des Alli\u00e9s, ces contributions pourront \u00eatre lues en allemand, en anglais et en fran\u00e7ais. Ce n\u2019est pas sans fiert\u00e9 que nous pouvons annoncer que l\u2019ancien pr\u00e9sident f\u00e9d\u00e9ral Richard von Weizs\u00e4cker et le chancelier f\u00e9d\u00e9ral de l\u00b4\u00e9poque Helmut Kohl ont adress\u00e9 des messages \u00e0 l\u2019exposition. Ils confirment ainsi l\u00b4importance historique du discours du pr\u00e9sident am\u00e9ricain devant la Porte de Brandebourg.<\/p>\n","protected":false},"excerpt":{"rendered":"<p>Le 12\u00a0juin de cette ann\u00e9e marquera le vingti\u00e8me anniversaire du discours prononc\u00e9 par le pr\u00e9sident des \u00c9tats-Unis Ronald Reagan devant la Porte de Brandebourg dans lequel il appelle le secr\u00e9taire g\u00e9n\u00e9ral sovi\u00e9tique Mikha\u00efl Gorbatchev \u00e0 abattre le Mur de Berlin.<br \/>\nLe Mus\u00e9e des Alli\u00e9s saisit le pr\u00e9texte de ce 20e anniversaire pour remettre en m\u00e9moire le discours et l\u2019orateur. Quel fut le motif direct de ce discours&nbsp;? Dans quel contexte allemand et international se place l\u2019intervention du pr\u00e9sident am\u00e9ricain \u00e0 Berlin&nbsp;? Et quelle est l\u2019origine de la c\u00e9l\u00e8bre formule&nbsp;? L\u2019exposition fournit des informations susceptibles de permettre de trouver des r\u00e9ponses \u00e0 ces questions et \u00e0 d\u2019autres du m\u00eame genre.<\/p>\n","protected":false},"featured_media":768,"template":"","meta":{"_subtitle":"","_tagline":"\u00ab&nbsp;Tear Down This Wall&nbsp;\u00bb","_locale":"fr_FR","_original_post":"https:\/\/www.alliiertenmuseum.de\/?post_type=exhibition&p=710","_exhibition_start":"2007-06-12T00:00:00","_exhibition_end":"2007-12-31T23:59:59","_exhibition_type":"special","_featured_caption":"","_featured_caption_checkbox":false,"_featured_alt":"<p class=\"MsoNormal\"><span lang=\"FR\" style=\"mso-ansi-language:FR\">Le pr\u00e9sident am\u00e9ricain Ronald Reagan se tient devant la porte de Brandebourg et prononce un discours \u00e0 un pupitre devant un public.<\/span><\/p>","_pinkie_id":768,"_pinkie_caption":false,"_pinkie_alt":"<p class=\"MsoNormal\"><span lang=\"FR\" style=\"mso-ansi-language:FR\">Le pr\u00e9sident am\u00e9ricain Ronald Reagan se tient devant la porte de Brandebourg et prononce un discours \u00e0 un pupitre devant un public.<\/span><\/p>","footnotes":"","_post-color":[]},"location":[],"exhibition-category":[],"class_list":["post-2200","exhibition","type-exhibition","status-publish","has-post-thumbnail","hentry","fr-FR"],"yoast_head":"<!-- This site is optimized with the Yoast SEO plugin v26.2 - https:\/\/yoast.com\/wordpress\/plugins\/seo\/ -->\n<title>\u00ab&nbsp;Tear Down This Wall&nbsp;\u00bb - Ronald Reagan \u00e0 la Porte de Brandebourg - AlliiertenMuseum<\/title>\n<meta name=\"robots\" content=\"index, follow, max-snippet:-1, max-image-preview:large, max-video-preview:-1\" \/>\n<link rel=\"canonical\" href=\"https:\/\/www.alliiertenmuseum.de\/fr\/ausstellung\/tear-down-this-wall-ronald-reagan-a-la-porte-de-brandebourg\/\" \/>\n<meta property=\"og:locale\" content=\"fr_FR\" \/>\n<meta property=\"og:type\" content=\"article\" \/>\n<meta property=\"og:title\" content=\"\u00ab&nbsp;Tear Down This Wall&nbsp;\u00bb - Ronald Reagan \u00e0 la Porte de Brandebourg - AlliiertenMuseum\" \/>\n<meta property=\"og:description\" content=\"Le 12\u00a0juin de cette ann\u00e9e marquera le vingti\u00e8me anniversaire du discours prononc\u00e9 par le pr\u00e9sident des \u00c9tats-Unis Ronald Reagan devant la Porte de Brandebourg dans lequel il appelle le secr\u00e9taire g\u00e9n\u00e9ral sovi\u00e9tique Mikha\u00efl Gorbatchev \u00e0 abattre le Mur de Berlin. Le Mus\u00e9e des Alli\u00e9s saisit le pr\u00e9texte de ce 20e anniversaire pour remettre en m\u00e9moire le discours et l\u2019orateur. Quel fut le motif direct de ce discours&nbsp;? Dans quel contexte allemand et international se place l\u2019intervention du pr\u00e9sident am\u00e9ricain \u00e0 Berlin&nbsp;? Et quelle est l\u2019origine de la c\u00e9l\u00e8bre formule&nbsp;? L\u2019exposition fournit des informations susceptibles de permettre de trouver des r\u00e9ponses \u00e0 ces questions et \u00e0 d\u2019autres du m\u00eame genre.\" \/>\n<meta property=\"og:url\" content=\"https:\/\/www.alliiertenmuseum.de\/fr\/ausstellung\/tear-down-this-wall-ronald-reagan-a-la-porte-de-brandebourg\/\" \/>\n<meta property=\"og:site_name\" content=\"AlliiertenMuseum\" \/>\n<meta property=\"article:modified_time\" content=\"2024-10-14T08:53:05+00:00\" \/>\n<meta property=\"og:image\" content=\"https:\/\/www.alliiertenmuseum.de\/wp-content\/uploads\/2021\/06\/2.0-alliierten-museum-sonderausstellung-ronald-reagan.jpg\" \/>\n\t<meta property=\"og:image:width\" content=\"2000\" \/>\n\t<meta property=\"og:image:height\" content=\"1355\" \/>\n\t<meta property=\"og:image:type\" content=\"image\/jpeg\" \/>\n<meta name=\"twitter:card\" content=\"summary_large_image\" \/>\n<meta name=\"twitter:label1\" content=\"Dur\u00e9e de lecture estim\u00e9e\" \/>\n\t<meta name=\"twitter:data1\" content=\"3 minutes\" \/>\n<script type=\"application\/ld+json\" class=\"yoast-schema-graph\">{\"@context\":\"https:\/\/schema.org\",\"@graph\":[{\"@type\":\"WebPage\",\"@id\":\"https:\/\/www.alliiertenmuseum.de\/fr\/ausstellung\/tear-down-this-wall-ronald-reagan-a-la-porte-de-brandebourg\/\",\"url\":\"https:\/\/www.alliiertenmuseum.de\/fr\/ausstellung\/tear-down-this-wall-ronald-reagan-a-la-porte-de-brandebourg\/\",\"name\":\"\u00ab&nbsp;Tear Down This Wall&nbsp;\u00bb - Ronald Reagan \u00e0 la Porte de Brandebourg - AlliiertenMuseum\",\"isPartOf\":{\"@id\":\"https:\/\/www.alliiertenmuseum.de\/#website\"},\"primaryImageOfPage\":{\"@id\":\"https:\/\/www.alliiertenmuseum.de\/fr\/ausstellung\/tear-down-this-wall-ronald-reagan-a-la-porte-de-brandebourg\/#primaryimage\"},\"image\":{\"@id\":\"https:\/\/www.alliiertenmuseum.de\/fr\/ausstellung\/tear-down-this-wall-ronald-reagan-a-la-porte-de-brandebourg\/#primaryimage\"},\"thumbnailUrl\":\"https:\/\/www.alliiertenmuseum.de\/wp-content\/uploads\/2021\/06\/2.0-alliierten-museum-sonderausstellung-ronald-reagan.jpg\",\"datePublished\":\"2021-08-18T14:58:27+00:00\",\"dateModified\":\"2024-10-14T08:53:05+00:00\",\"breadcrumb\":{\"@id\":\"https:\/\/www.alliiertenmuseum.de\/fr\/ausstellung\/tear-down-this-wall-ronald-reagan-a-la-porte-de-brandebourg\/#breadcrumb\"},\"inLanguage\":\"fr-FR\",\"potentialAction\":[{\"@type\":\"ReadAction\",\"target\":[\"https:\/\/www.alliiertenmuseum.de\/fr\/ausstellung\/tear-down-this-wall-ronald-reagan-a-la-porte-de-brandebourg\/\"]}]},{\"@type\":\"ImageObject\",\"inLanguage\":\"fr-FR\",\"@id\":\"https:\/\/www.alliiertenmuseum.de\/fr\/ausstellung\/tear-down-this-wall-ronald-reagan-a-la-porte-de-brandebourg\/#primaryimage\",\"url\":\"https:\/\/www.alliiertenmuseum.de\/wp-content\/uploads\/2021\/06\/2.0-alliierten-museum-sonderausstellung-ronald-reagan.jpg\",\"contentUrl\":\"https:\/\/www.alliiertenmuseum.de\/wp-content\/uploads\/2021\/06\/2.0-alliierten-museum-sonderausstellung-ronald-reagan.jpg\",\"width\":2000,\"height\":1355,\"caption\":\"Besuch von US-Pr\u00e4sident Ronald Reagan in West-Berlin: Reagan h\u00e4lt eine Rede vor dem Brandenburger Tor, auf dem Podium von links: Richard R. Burt, US-Botschafter in Deutschland, Peter Rebsch, Pr\u00e4sident des Berliner Abgeordnetenhauses, Ina Jenninger, Philipp Jenninger, Pr\u00e4sident des Deutschen Bundestages, Bundeskanzler Helmut Kohl und Eberhard Diepgen, Regierender B\u00fcrgermeister von Berlin. Links hinter Diepgen (2. Reihe): US-Stadtkommandant Major General John H. Mitchell\"},{\"@type\":\"BreadcrumbList\",\"@id\":\"https:\/\/www.alliiertenmuseum.de\/fr\/ausstellung\/tear-down-this-wall-ronald-reagan-a-la-porte-de-brandebourg\/#breadcrumb\",\"itemListElement\":[{\"@type\":\"ListItem\",\"position\":1,\"name\":\"Startseite\",\"item\":\"https:\/\/www.alliiertenmuseum.de\/fr\/\"},{\"@type\":\"ListItem\",\"position\":2,\"name\":\"Ausstellungen\",\"item\":\"https:\/\/www.alliiertenmuseum.de\/ausstellung\/\"},{\"@type\":\"ListItem\",\"position\":3,\"name\":\"\u00ab&nbsp;Tear Down This Wall&nbsp;\u00bb &#8211; Ronald Reagan \u00e0 la Porte de Brandebourg\"}]},{\"@type\":\"WebSite\",\"@id\":\"https:\/\/www.alliiertenmuseum.de\/#website\",\"url\":\"https:\/\/www.alliiertenmuseum.de\/\",\"name\":\"AlliiertenMuseum\",\"description\":\"\",\"publisher\":{\"@id\":\"https:\/\/www.alliiertenmuseum.de\/#organization\"},\"potentialAction\":[{\"@type\":\"SearchAction\",\"target\":{\"@type\":\"EntryPoint\",\"urlTemplate\":\"https:\/\/www.alliiertenmuseum.de\/?s={search_term_string}\"},\"query-input\":{\"@type\":\"PropertyValueSpecification\",\"valueRequired\":true,\"valueName\":\"search_term_string\"}}],\"inLanguage\":\"fr-FR\"},{\"@type\":\"Organization\",\"@id\":\"https:\/\/www.alliiertenmuseum.de\/#organization\",\"name\":\"AlliiertenMuseum\",\"url\":\"https:\/\/www.alliiertenmuseum.de\/\",\"logo\":{\"@type\":\"ImageObject\",\"inLanguage\":\"fr-FR\",\"@id\":\"https:\/\/www.alliiertenmuseum.de\/#\/schema\/logo\/image\/\",\"url\":\"https:\/\/www.alliiertenmuseum.de\/wp-content\/uploads\/2021\/05\/logo.svg\",\"contentUrl\":\"https:\/\/www.alliiertenmuseum.de\/wp-content\/uploads\/2021\/05\/logo.svg\",\"caption\":\"AlliiertenMuseum\"},\"image\":{\"@id\":\"https:\/\/www.alliiertenmuseum.de\/#\/schema\/logo\/image\/\"}}]}<\/script>\n<!-- \/ Yoast SEO plugin. -->","yoast_head_json":{"title":"\u00ab&nbsp;Tear Down This Wall&nbsp;\u00bb - Ronald Reagan \u00e0 la Porte de Brandebourg - AlliiertenMuseum","robots":{"index":"index","follow":"follow","max-snippet":"max-snippet:-1","max-image-preview":"max-image-preview:large","max-video-preview":"max-video-preview:-1"},"canonical":"https:\/\/www.alliiertenmuseum.de\/fr\/ausstellung\/tear-down-this-wall-ronald-reagan-a-la-porte-de-brandebourg\/","og_locale":"fr_FR","og_type":"article","og_title":"\u00ab&nbsp;Tear Down This Wall&nbsp;\u00bb - Ronald Reagan \u00e0 la Porte de Brandebourg - AlliiertenMuseum","og_description":"Le 12\u00a0juin de cette ann\u00e9e marquera le vingti\u00e8me anniversaire du discours prononc\u00e9 par le pr\u00e9sident des \u00c9tats-Unis Ronald Reagan devant la Porte de Brandebourg dans lequel il appelle le secr\u00e9taire g\u00e9n\u00e9ral sovi\u00e9tique Mikha\u00efl Gorbatchev \u00e0 abattre le Mur de Berlin. Le Mus\u00e9e des Alli\u00e9s saisit le pr\u00e9texte de ce 20e anniversaire pour remettre en m\u00e9moire le discours et l\u2019orateur. Quel fut le motif direct de ce discours&nbsp;? Dans quel contexte allemand et international se place l\u2019intervention du pr\u00e9sident am\u00e9ricain \u00e0 Berlin&nbsp;? Et quelle est l\u2019origine de la c\u00e9l\u00e8bre formule&nbsp;? L\u2019exposition fournit des informations susceptibles de permettre de trouver des r\u00e9ponses \u00e0 ces questions et \u00e0 d\u2019autres du m\u00eame genre.","og_url":"https:\/\/www.alliiertenmuseum.de\/fr\/ausstellung\/tear-down-this-wall-ronald-reagan-a-la-porte-de-brandebourg\/","og_site_name":"AlliiertenMuseum","article_modified_time":"2024-10-14T08:53:05+00:00","og_image":[{"width":2000,"height":1355,"url":"https:\/\/www.alliiertenmuseum.de\/wp-content\/uploads\/2021\/06\/2.0-alliierten-museum-sonderausstellung-ronald-reagan.jpg","type":"image\/jpeg"}],"twitter_card":"summary_large_image","twitter_misc":{"Dur\u00e9e de lecture estim\u00e9e":"3 minutes"},"schema":{"@context":"https:\/\/schema.org","@graph":[{"@type":"WebPage","@id":"https:\/\/www.alliiertenmuseum.de\/fr\/ausstellung\/tear-down-this-wall-ronald-reagan-a-la-porte-de-brandebourg\/","url":"https:\/\/www.alliiertenmuseum.de\/fr\/ausstellung\/tear-down-this-wall-ronald-reagan-a-la-porte-de-brandebourg\/","name":"\u00ab&nbsp;Tear Down This Wall&nbsp;\u00bb - Ronald Reagan \u00e0 la Porte de Brandebourg - AlliiertenMuseum","isPartOf":{"@id":"https:\/\/www.alliiertenmuseum.de\/#website"},"primaryImageOfPage":{"@id":"https:\/\/www.alliiertenmuseum.de\/fr\/ausstellung\/tear-down-this-wall-ronald-reagan-a-la-porte-de-brandebourg\/#primaryimage"},"image":{"@id":"https:\/\/www.alliiertenmuseum.de\/fr\/ausstellung\/tear-down-this-wall-ronald-reagan-a-la-porte-de-brandebourg\/#primaryimage"},"thumbnailUrl":"https:\/\/www.alliiertenmuseum.de\/wp-content\/uploads\/2021\/06\/2.0-alliierten-museum-sonderausstellung-ronald-reagan.jpg","datePublished":"2021-08-18T14:58:27+00:00","dateModified":"2024-10-14T08:53:05+00:00","breadcrumb":{"@id":"https:\/\/www.alliiertenmuseum.de\/fr\/ausstellung\/tear-down-this-wall-ronald-reagan-a-la-porte-de-brandebourg\/#breadcrumb"},"inLanguage":"fr-FR","potentialAction":[{"@type":"ReadAction","target":["https:\/\/www.alliiertenmuseum.de\/fr\/ausstellung\/tear-down-this-wall-ronald-reagan-a-la-porte-de-brandebourg\/"]}]},{"@type":"ImageObject","inLanguage":"fr-FR","@id":"https:\/\/www.alliiertenmuseum.de\/fr\/ausstellung\/tear-down-this-wall-ronald-reagan-a-la-porte-de-brandebourg\/#primaryimage","url":"https:\/\/www.alliiertenmuseum.de\/wp-content\/uploads\/2021\/06\/2.0-alliierten-museum-sonderausstellung-ronald-reagan.jpg","contentUrl":"https:\/\/www.alliiertenmuseum.de\/wp-content\/uploads\/2021\/06\/2.0-alliierten-museum-sonderausstellung-ronald-reagan.jpg","width":2000,"height":1355,"caption":"Besuch von US-Pr\u00e4sident Ronald Reagan in West-Berlin: Reagan h\u00e4lt eine Rede vor dem Brandenburger Tor, auf dem Podium von links: Richard R. Burt, US-Botschafter in Deutschland, Peter Rebsch, Pr\u00e4sident des Berliner Abgeordnetenhauses, Ina Jenninger, Philipp Jenninger, Pr\u00e4sident des Deutschen Bundestages, Bundeskanzler Helmut Kohl und Eberhard Diepgen, Regierender B\u00fcrgermeister von Berlin. Links hinter Diepgen (2. Reihe): US-Stadtkommandant Major General John H. Mitchell"},{"@type":"BreadcrumbList","@id":"https:\/\/www.alliiertenmuseum.de\/fr\/ausstellung\/tear-down-this-wall-ronald-reagan-a-la-porte-de-brandebourg\/#breadcrumb","itemListElement":[{"@type":"ListItem","position":1,"name":"Startseite","item":"https:\/\/www.alliiertenmuseum.de\/fr\/"},{"@type":"ListItem","position":2,"name":"Ausstellungen","item":"https:\/\/www.alliiertenmuseum.de\/ausstellung\/"},{"@type":"ListItem","position":3,"name":"\u00ab&nbsp;Tear Down This Wall&nbsp;\u00bb &#8211; Ronald Reagan \u00e0 la Porte de Brandebourg"}]},{"@type":"WebSite","@id":"https:\/\/www.alliiertenmuseum.de\/#website","url":"https:\/\/www.alliiertenmuseum.de\/","name":"AlliiertenMuseum","description":"","publisher":{"@id":"https:\/\/www.alliiertenmuseum.de\/#organization"},"potentialAction":[{"@type":"SearchAction","target":{"@type":"EntryPoint","urlTemplate":"https:\/\/www.alliiertenmuseum.de\/?s={search_term_string}"},"query-input":{"@type":"PropertyValueSpecification","valueRequired":true,"valueName":"search_term_string"}}],"inLanguage":"fr-FR"},{"@type":"Organization","@id":"https:\/\/www.alliiertenmuseum.de\/#organization","name":"AlliiertenMuseum","url":"https:\/\/www.alliiertenmuseum.de\/","logo":{"@type":"ImageObject","inLanguage":"fr-FR","@id":"https:\/\/www.alliiertenmuseum.de\/#\/schema\/logo\/image\/","url":"https:\/\/www.alliiertenmuseum.de\/wp-content\/uploads\/2021\/05\/logo.svg","contentUrl":"https:\/\/www.alliiertenmuseum.de\/wp-content\/uploads\/2021\/05\/logo.svg","caption":"AlliiertenMuseum"},"image":{"@id":"https:\/\/www.alliiertenmuseum.de\/#\/schema\/logo\/image\/"}}]}},"_links":{"self":[{"href":"https:\/\/www.alliiertenmuseum.de\/wp-json\/wp\/v2\/exhibition\/2200","targetHints":{"allow":["GET"]}}],"collection":[{"href":"https:\/\/www.alliiertenmuseum.de\/wp-json\/wp\/v2\/exhibition"}],"about":[{"href":"https:\/\/www.alliiertenmuseum.de\/wp-json\/wp\/v2\/types\/exhibition"}],"version-history":[{"count":4,"href":"https:\/\/www.alliiertenmuseum.de\/wp-json\/wp\/v2\/exhibition\/2200\/revisions"}],"predecessor-version":[{"id":33888,"href":"https:\/\/www.alliiertenmuseum.de\/wp-json\/wp\/v2\/exhibition\/2200\/revisions\/33888"}],"wp:featuredmedia":[{"embeddable":true,"href":"https:\/\/www.alliiertenmuseum.de\/wp-json\/wp\/v2\/media\/768"}],"wp:attachment":[{"href":"https:\/\/www.alliiertenmuseum.de\/wp-json\/wp\/v2\/media?parent=2200"}],"wp:term":[{"taxonomy":"location","embeddable":true,"href":"https:\/\/www.alliiertenmuseum.de\/wp-json\/wp\/v2\/location?post=2200"},{"taxonomy":"exhibition-category","embeddable":true,"href":"https:\/\/www.alliiertenmuseum.de\/wp-json\/wp\/v2\/exhibition-category?post=2200"}],"curies":[{"name":"wp","href":"https:\/\/api.w.org\/{rel}","templated":true}]}}