{"id":2203,"date":"2021-08-24T09:29:15","date_gmt":"2021-08-24T07:29:15","guid":{"rendered":"http:\/\/stage.alm.smithberlin.com\/?post_type=exhibition&#038;p=2203"},"modified":"2024-10-14T10:48:19","modified_gmt":"2024-10-14T08:48:19","slug":"exposition-speciale-sur-lhistoire-de-la-berlin-american-high-school-1946-1994","status":"publish","type":"exhibition","link":"https:\/\/www.alliiertenmuseum.de\/fr\/ausstellung\/exposition-speciale-sur-lhistoire-de-la-berlin-american-high-school-1946-1994\/","title":{"rendered":"Exposition sp\u00e9ciale sur l\u2019histoire de la Berlin American High School 1946-1994"},"content":{"rendered":"\n<p>Le 28&nbsp;juillet, il y aura de l\u2019ambiance au Mus\u00e9e des Alli\u00e9s. D\u2019anciens \u00e9l\u00e8ves de la \u00ab&nbsp;Berlin American High School&nbsp;\u00bb reviendront sur le lieu de leur scolarit\u00e9.<br><br>Cette \u00e9cole fut ferm\u00e9e lors du retrait des troupes alli\u00e9es \u00e0 la fin de l\u2019\u00e9t\u00e9 1994. Comme souvent aux \u00c9tats-Unis, les jeunes Am\u00e9ricains et Am\u00e9ricaines de l\u2019\u00e9poque ont fond\u00e9 un \u00ab&nbsp;club des anciens \u00e9l\u00e8ves&nbsp;\u00bb qui porte le nom ironique et fier de \u00ab&nbsp;Berlin Brats&nbsp;\u00bb (Les morveux de Berlin). La rencontre annuelle traditionnelle aura lieu pour la premi\u00e8re fois \u00e0 Berlin. Quelques centaines d\u2019anciens et anciennes sont attendus. Le lieu de rendez-vous est le Mus\u00e9e des Alli\u00e9s qui a profit\u00e9 de la visite des \u00ab&nbsp;Berlin Brats&nbsp;\u00bb pour compulser l\u2019histoire de cette \u00e9cole en collaboration avec d\u2019anciens \u00e9l\u00e8ves et professeurs. Plusieurs milliers d\u2019\u00e9l\u00e8ves am\u00e9ricains ont obtenu leur dipl\u00f4me de la High School \u00e0 Berlin. Que sont-ils devenus&nbsp;? Quelles impressions leur a laiss\u00e9 leur scolarit\u00e9 \u00e0 cet \u00ab&nbsp;avant-poste&nbsp;\u00bb de la libert\u00e9, comme les Am\u00e9ricains d\u00e9nommaient Berlin \u00e0 l\u2019\u00e9poque de la guerre froide&nbsp;?<br><br>La garnison am\u00e9ricaine de Berlin offrait aux enfants des familles de militaires une formation scolaire compl\u00e8te conforme au syst\u00e8me am\u00e9ricain. Comme dans d\u2019autres grandes bases des forces arm\u00e9es US \u00e0 l\u2019\u00e9tranger, le Pentagone faisait office d\u2019administration scolaire. Un an apr\u00e8s la fin de la Seconde Guerre mondiale, l\u2019enseignement d\u00e9marrait d\u00e9j\u00e0 dans un b\u00e2timent scolaire allemand r\u00e9quisitionn\u00e9 dans le quartier de Dahlem. En 1953, la \u00ab&nbsp;Thomas A. Roberts School&nbsp;\u00bb d\u00e9m\u00e9nagea dans de nouveaux locaux situ\u00e9s H\u00fcttenweg. Elle se fixa ensuite d\u00e9finitivement \u00e0 l\u2019adresse Am Hegewinkel en 1965 sous le nom de \u00ab&nbsp;Berlin American High School&nbsp;\u00bb. Lorsque les troupes am\u00e9ricaines quitt\u00e8rent Berlin, la Wilma-Rudolph-Oberschule s\u2019installa dans les b\u00e2timents.<br><br>Cette prochaine exposition aura pour objectif de documenter l\u2019histoire de l\u2019American High School, de se souvenir des professeurs et des \u00e9l\u00e8ves et de rappeler la vie scolaire, ses sp\u00e9cificit\u00e9s et ses \u00e9v\u00e8nements m\u00e9morables. Son emplacement dans la ville des quatre secteurs et \u00e0 un \u00ab&nbsp;point chaud&nbsp;\u00bb de la guerre froide donna \u00e0 la Berlin American High School son caract\u00e8re unique. Et pourtant, la garnison am\u00e9ricaine constituait un monde assez ferm\u00e9 sur l\u2019ext\u00e9rieur qui, pour des raisons de s\u00e9curit\u00e9, mais aussi du fait de la barri\u00e8re linguistique, encourageait peu les contacts germano-am\u00e9ricains. Gr\u00e2ce aux anciens \u00e9tudiants de la High-School, il sera possible de se faire une meilleure id\u00e9e de cette \u00ab&nbsp;Little America&nbsp;\u00bb. Les objets expos\u00e9s proviennent des anciennes et des anciens \u00e9l\u00e8ves ainsi que du cercle des anciens enseignants.<\/p>\n","protected":false},"excerpt":{"rendered":"<p>Cette exposition aura pour objectif de documenter l\u2019histoire de l\u2019American High School, de se souvenir des professeurs et des \u00e9l\u00e8ves et de rappeler la vie scolaire, ses sp\u00e9cificit\u00e9s et ses \u00e9v\u00e8nements m\u00e9morables. Son emplacement dans la ville des quatre secteurs et \u00e0 un \u00ab&nbsp;point chaud&nbsp;\u00bb de la guerre froide donna \u00e0 la Berlin American High School son caract\u00e8re unique.<\/p>\n","protected":false},"featured_media":754,"template":"","meta":{"_subtitle":"","_tagline":"Berlin American High School","_locale":"fr_FR","_original_post":"https:\/\/www.alliiertenmuseum.de\/?post_type=exhibition&p=713","_exhibition_start":"2006-07-29T00:00:00","_exhibition_end":"2006-10-24T23:59:59","_exhibition_type":"special","_featured_caption":"","_featured_caption_checkbox":false,"_featured_alt":"<p class=\"MsoNormal\"><span lang=\"FR\" style=\"mso-ansi-language:FR\">Des jeunes filles montent dans un bus scolaire am\u00e9ricain.<\/span><\/p>","_pinkie_id":754,"_pinkie_caption":false,"_pinkie_alt":"<p class=\"MsoNormal\"><span lang=\"FR\" style=\"mso-ansi-language:FR\">Des jeunes filles montent dans un bus scolaire am\u00e9ricain.<\/span><\/p>","footnotes":"","_post-color":[]},"location":[],"exhibition-category":[],"class_list":["post-2203","exhibition","type-exhibition","status-publish","has-post-thumbnail","hentry","fr-FR"],"yoast_head":"<!-- This site is optimized with the Yoast SEO plugin v26.2 - https:\/\/yoast.com\/wordpress\/plugins\/seo\/ -->\n<title>Exposition sp\u00e9ciale sur l\u2019histoire de la Berlin American High School 1946-1994 - AlliiertenMuseum<\/title>\n<meta name=\"robots\" content=\"index, follow, max-snippet:-1, max-image-preview:large, max-video-preview:-1\" \/>\n<link rel=\"canonical\" href=\"https:\/\/www.alliiertenmuseum.de\/fr\/ausstellung\/exposition-speciale-sur-lhistoire-de-la-berlin-american-high-school-1946-1994\/\" \/>\n<meta property=\"og:locale\" content=\"fr_FR\" \/>\n<meta property=\"og:type\" content=\"article\" \/>\n<meta property=\"og:title\" content=\"Exposition sp\u00e9ciale sur l\u2019histoire de la Berlin American High School 1946-1994 - AlliiertenMuseum\" \/>\n<meta property=\"og:description\" content=\"Cette exposition aura pour objectif de documenter l\u2019histoire de l\u2019American High School, de se souvenir des professeurs et des \u00e9l\u00e8ves et de rappeler la vie scolaire, ses sp\u00e9cificit\u00e9s et ses \u00e9v\u00e8nements m\u00e9morables. Son emplacement dans la ville des quatre secteurs et \u00e0 un \u00ab&nbsp;point chaud&nbsp;\u00bb de la guerre froide donna \u00e0 la Berlin American High School son caract\u00e8re unique.\" \/>\n<meta property=\"og:url\" content=\"https:\/\/www.alliiertenmuseum.de\/fr\/ausstellung\/exposition-speciale-sur-lhistoire-de-la-berlin-american-high-school-1946-1994\/\" \/>\n<meta property=\"og:site_name\" content=\"AlliiertenMuseum\" \/>\n<meta property=\"article:modified_time\" content=\"2024-10-14T08:48:19+00:00\" \/>\n<meta property=\"og:image\" content=\"https:\/\/www.alliiertenmuseum.de\/wp-content\/uploads\/2021\/06\/2.0-alliierten-museum-sonderausstellung-berlin-american-high-school.jpg\" \/>\n\t<meta property=\"og:image:width\" content=\"2000\" \/>\n\t<meta property=\"og:image:height\" content=\"1389\" \/>\n\t<meta property=\"og:image:type\" content=\"image\/jpeg\" \/>\n<meta name=\"twitter:card\" content=\"summary_large_image\" \/>\n<meta name=\"twitter:label1\" content=\"Dur\u00e9e de lecture estim\u00e9e\" \/>\n\t<meta name=\"twitter:data1\" content=\"3 minutes\" \/>\n<script type=\"application\/ld+json\" class=\"yoast-schema-graph\">{\"@context\":\"https:\/\/schema.org\",\"@graph\":[{\"@type\":\"WebPage\",\"@id\":\"https:\/\/www.alliiertenmuseum.de\/fr\/ausstellung\/exposition-speciale-sur-lhistoire-de-la-berlin-american-high-school-1946-1994\/\",\"url\":\"https:\/\/www.alliiertenmuseum.de\/fr\/ausstellung\/exposition-speciale-sur-lhistoire-de-la-berlin-american-high-school-1946-1994\/\",\"name\":\"Exposition sp\u00e9ciale sur l\u2019histoire de la Berlin American High School 1946-1994 - AlliiertenMuseum\",\"isPartOf\":{\"@id\":\"https:\/\/www.alliiertenmuseum.de\/#website\"},\"primaryImageOfPage\":{\"@id\":\"https:\/\/www.alliiertenmuseum.de\/fr\/ausstellung\/exposition-speciale-sur-lhistoire-de-la-berlin-american-high-school-1946-1994\/#primaryimage\"},\"image\":{\"@id\":\"https:\/\/www.alliiertenmuseum.de\/fr\/ausstellung\/exposition-speciale-sur-lhistoire-de-la-berlin-american-high-school-1946-1994\/#primaryimage\"},\"thumbnailUrl\":\"https:\/\/www.alliiertenmuseum.de\/wp-content\/uploads\/2021\/06\/2.0-alliierten-museum-sonderausstellung-berlin-american-high-school.jpg\",\"datePublished\":\"2021-08-24T07:29:15+00:00\",\"dateModified\":\"2024-10-14T08:48:19+00:00\",\"breadcrumb\":{\"@id\":\"https:\/\/www.alliiertenmuseum.de\/fr\/ausstellung\/exposition-speciale-sur-lhistoire-de-la-berlin-american-high-school-1946-1994\/#breadcrumb\"},\"inLanguage\":\"fr-FR\",\"potentialAction\":[{\"@type\":\"ReadAction\",\"target\":[\"https:\/\/www.alliiertenmuseum.de\/fr\/ausstellung\/exposition-speciale-sur-lhistoire-de-la-berlin-american-high-school-1946-1994\/\"]}]},{\"@type\":\"ImageObject\",\"inLanguage\":\"fr-FR\",\"@id\":\"https:\/\/www.alliiertenmuseum.de\/fr\/ausstellung\/exposition-speciale-sur-lhistoire-de-la-berlin-american-high-school-1946-1994\/#primaryimage\",\"url\":\"https:\/\/www.alliiertenmuseum.de\/wp-content\/uploads\/2021\/06\/2.0-alliierten-museum-sonderausstellung-berlin-american-high-school.jpg\",\"contentUrl\":\"https:\/\/www.alliiertenmuseum.de\/wp-content\/uploads\/2021\/06\/2.0-alliierten-museum-sonderausstellung-berlin-american-high-school.jpg\",\"width\":2000,\"height\":1389},{\"@type\":\"BreadcrumbList\",\"@id\":\"https:\/\/www.alliiertenmuseum.de\/fr\/ausstellung\/exposition-speciale-sur-lhistoire-de-la-berlin-american-high-school-1946-1994\/#breadcrumb\",\"itemListElement\":[{\"@type\":\"ListItem\",\"position\":1,\"name\":\"Startseite\",\"item\":\"https:\/\/www.alliiertenmuseum.de\/fr\/\"},{\"@type\":\"ListItem\",\"position\":2,\"name\":\"Ausstellungen\",\"item\":\"https:\/\/www.alliiertenmuseum.de\/ausstellung\/\"},{\"@type\":\"ListItem\",\"position\":3,\"name\":\"Exposition sp\u00e9ciale sur l\u2019histoire de la Berlin American High School 1946-1994\"}]},{\"@type\":\"WebSite\",\"@id\":\"https:\/\/www.alliiertenmuseum.de\/#website\",\"url\":\"https:\/\/www.alliiertenmuseum.de\/\",\"name\":\"AlliiertenMuseum\",\"description\":\"\",\"publisher\":{\"@id\":\"https:\/\/www.alliiertenmuseum.de\/#organization\"},\"potentialAction\":[{\"@type\":\"SearchAction\",\"target\":{\"@type\":\"EntryPoint\",\"urlTemplate\":\"https:\/\/www.alliiertenmuseum.de\/?s={search_term_string}\"},\"query-input\":{\"@type\":\"PropertyValueSpecification\",\"valueRequired\":true,\"valueName\":\"search_term_string\"}}],\"inLanguage\":\"fr-FR\"},{\"@type\":\"Organization\",\"@id\":\"https:\/\/www.alliiertenmuseum.de\/#organization\",\"name\":\"AlliiertenMuseum\",\"url\":\"https:\/\/www.alliiertenmuseum.de\/\",\"logo\":{\"@type\":\"ImageObject\",\"inLanguage\":\"fr-FR\",\"@id\":\"https:\/\/www.alliiertenmuseum.de\/#\/schema\/logo\/image\/\",\"url\":\"https:\/\/www.alliiertenmuseum.de\/wp-content\/uploads\/2021\/05\/logo.svg\",\"contentUrl\":\"https:\/\/www.alliiertenmuseum.de\/wp-content\/uploads\/2021\/05\/logo.svg\",\"caption\":\"AlliiertenMuseum\"},\"image\":{\"@id\":\"https:\/\/www.alliiertenmuseum.de\/#\/schema\/logo\/image\/\"}}]}<\/script>\n<!-- \/ Yoast SEO plugin. -->","yoast_head_json":{"title":"Exposition sp\u00e9ciale sur l\u2019histoire de la Berlin American High School 1946-1994 - AlliiertenMuseum","robots":{"index":"index","follow":"follow","max-snippet":"max-snippet:-1","max-image-preview":"max-image-preview:large","max-video-preview":"max-video-preview:-1"},"canonical":"https:\/\/www.alliiertenmuseum.de\/fr\/ausstellung\/exposition-speciale-sur-lhistoire-de-la-berlin-american-high-school-1946-1994\/","og_locale":"fr_FR","og_type":"article","og_title":"Exposition sp\u00e9ciale sur l\u2019histoire de la Berlin American High School 1946-1994 - AlliiertenMuseum","og_description":"Cette exposition aura pour objectif de documenter l\u2019histoire de l\u2019American High School, de se souvenir des professeurs et des \u00e9l\u00e8ves et de rappeler la vie scolaire, ses sp\u00e9cificit\u00e9s et ses \u00e9v\u00e8nements m\u00e9morables. Son emplacement dans la ville des quatre secteurs et \u00e0 un \u00ab&nbsp;point chaud&nbsp;\u00bb de la guerre froide donna \u00e0 la Berlin American High School son caract\u00e8re unique.","og_url":"https:\/\/www.alliiertenmuseum.de\/fr\/ausstellung\/exposition-speciale-sur-lhistoire-de-la-berlin-american-high-school-1946-1994\/","og_site_name":"AlliiertenMuseum","article_modified_time":"2024-10-14T08:48:19+00:00","og_image":[{"width":2000,"height":1389,"url":"https:\/\/www.alliiertenmuseum.de\/wp-content\/uploads\/2021\/06\/2.0-alliierten-museum-sonderausstellung-berlin-american-high-school.jpg","type":"image\/jpeg"}],"twitter_card":"summary_large_image","twitter_misc":{"Dur\u00e9e de lecture estim\u00e9e":"3 minutes"},"schema":{"@context":"https:\/\/schema.org","@graph":[{"@type":"WebPage","@id":"https:\/\/www.alliiertenmuseum.de\/fr\/ausstellung\/exposition-speciale-sur-lhistoire-de-la-berlin-american-high-school-1946-1994\/","url":"https:\/\/www.alliiertenmuseum.de\/fr\/ausstellung\/exposition-speciale-sur-lhistoire-de-la-berlin-american-high-school-1946-1994\/","name":"Exposition sp\u00e9ciale sur l\u2019histoire de la Berlin American High School 1946-1994 - AlliiertenMuseum","isPartOf":{"@id":"https:\/\/www.alliiertenmuseum.de\/#website"},"primaryImageOfPage":{"@id":"https:\/\/www.alliiertenmuseum.de\/fr\/ausstellung\/exposition-speciale-sur-lhistoire-de-la-berlin-american-high-school-1946-1994\/#primaryimage"},"image":{"@id":"https:\/\/www.alliiertenmuseum.de\/fr\/ausstellung\/exposition-speciale-sur-lhistoire-de-la-berlin-american-high-school-1946-1994\/#primaryimage"},"thumbnailUrl":"https:\/\/www.alliiertenmuseum.de\/wp-content\/uploads\/2021\/06\/2.0-alliierten-museum-sonderausstellung-berlin-american-high-school.jpg","datePublished":"2021-08-24T07:29:15+00:00","dateModified":"2024-10-14T08:48:19+00:00","breadcrumb":{"@id":"https:\/\/www.alliiertenmuseum.de\/fr\/ausstellung\/exposition-speciale-sur-lhistoire-de-la-berlin-american-high-school-1946-1994\/#breadcrumb"},"inLanguage":"fr-FR","potentialAction":[{"@type":"ReadAction","target":["https:\/\/www.alliiertenmuseum.de\/fr\/ausstellung\/exposition-speciale-sur-lhistoire-de-la-berlin-american-high-school-1946-1994\/"]}]},{"@type":"ImageObject","inLanguage":"fr-FR","@id":"https:\/\/www.alliiertenmuseum.de\/fr\/ausstellung\/exposition-speciale-sur-lhistoire-de-la-berlin-american-high-school-1946-1994\/#primaryimage","url":"https:\/\/www.alliiertenmuseum.de\/wp-content\/uploads\/2021\/06\/2.0-alliierten-museum-sonderausstellung-berlin-american-high-school.jpg","contentUrl":"https:\/\/www.alliiertenmuseum.de\/wp-content\/uploads\/2021\/06\/2.0-alliierten-museum-sonderausstellung-berlin-american-high-school.jpg","width":2000,"height":1389},{"@type":"BreadcrumbList","@id":"https:\/\/www.alliiertenmuseum.de\/fr\/ausstellung\/exposition-speciale-sur-lhistoire-de-la-berlin-american-high-school-1946-1994\/#breadcrumb","itemListElement":[{"@type":"ListItem","position":1,"name":"Startseite","item":"https:\/\/www.alliiertenmuseum.de\/fr\/"},{"@type":"ListItem","position":2,"name":"Ausstellungen","item":"https:\/\/www.alliiertenmuseum.de\/ausstellung\/"},{"@type":"ListItem","position":3,"name":"Exposition sp\u00e9ciale sur l\u2019histoire de la Berlin American High School 1946-1994"}]},{"@type":"WebSite","@id":"https:\/\/www.alliiertenmuseum.de\/#website","url":"https:\/\/www.alliiertenmuseum.de\/","name":"AlliiertenMuseum","description":"","publisher":{"@id":"https:\/\/www.alliiertenmuseum.de\/#organization"},"potentialAction":[{"@type":"SearchAction","target":{"@type":"EntryPoint","urlTemplate":"https:\/\/www.alliiertenmuseum.de\/?s={search_term_string}"},"query-input":{"@type":"PropertyValueSpecification","valueRequired":true,"valueName":"search_term_string"}}],"inLanguage":"fr-FR"},{"@type":"Organization","@id":"https:\/\/www.alliiertenmuseum.de\/#organization","name":"AlliiertenMuseum","url":"https:\/\/www.alliiertenmuseum.de\/","logo":{"@type":"ImageObject","inLanguage":"fr-FR","@id":"https:\/\/www.alliiertenmuseum.de\/#\/schema\/logo\/image\/","url":"https:\/\/www.alliiertenmuseum.de\/wp-content\/uploads\/2021\/05\/logo.svg","contentUrl":"https:\/\/www.alliiertenmuseum.de\/wp-content\/uploads\/2021\/05\/logo.svg","caption":"AlliiertenMuseum"},"image":{"@id":"https:\/\/www.alliiertenmuseum.de\/#\/schema\/logo\/image\/"}}]}},"_links":{"self":[{"href":"https:\/\/www.alliiertenmuseum.de\/wp-json\/wp\/v2\/exhibition\/2203","targetHints":{"allow":["GET"]}}],"collection":[{"href":"https:\/\/www.alliiertenmuseum.de\/wp-json\/wp\/v2\/exhibition"}],"about":[{"href":"https:\/\/www.alliiertenmuseum.de\/wp-json\/wp\/v2\/types\/exhibition"}],"version-history":[{"count":4,"href":"https:\/\/www.alliiertenmuseum.de\/wp-json\/wp\/v2\/exhibition\/2203\/revisions"}],"predecessor-version":[{"id":33886,"href":"https:\/\/www.alliiertenmuseum.de\/wp-json\/wp\/v2\/exhibition\/2203\/revisions\/33886"}],"wp:featuredmedia":[{"embeddable":true,"href":"https:\/\/www.alliiertenmuseum.de\/wp-json\/wp\/v2\/media\/754"}],"wp:attachment":[{"href":"https:\/\/www.alliiertenmuseum.de\/wp-json\/wp\/v2\/media?parent=2203"}],"wp:term":[{"taxonomy":"location","embeddable":true,"href":"https:\/\/www.alliiertenmuseum.de\/wp-json\/wp\/v2\/location?post=2203"},{"taxonomy":"exhibition-category","embeddable":true,"href":"https:\/\/www.alliiertenmuseum.de\/wp-json\/wp\/v2\/exhibition-category?post=2203"}],"curies":[{"name":"wp","href":"https:\/\/api.w.org\/{rel}","templated":true}]}}