{"id":2222,"date":"2021-08-18T22:29:41","date_gmt":"2021-08-18T20:29:41","guid":{"rendered":"http:\/\/stage.alm.smithberlin.com\/?post_type=exhibition&#038;p=2222"},"modified":"2024-10-14T10:57:42","modified_gmt":"2024-10-14T08:57:42","slug":"revisited-les-sites-allies-a-berlin","status":"publish","type":"exhibition","link":"https:\/\/www.alliiertenmuseum.de\/fr\/ausstellung\/revisited-les-sites-allies-a-berlin\/","title":{"rendered":"REVISITED \u2013 Les sites alli\u00e9s \u00e0 Berlin"},"content":{"rendered":"\n<p>Le 24&nbsp;septembre 2010, le Mus\u00e9e des Alli\u00e9s inaugurera sa nouvelle exposition temporaire \u00ab&nbsp;REVISITED \u2013 Standorte der Alliierten in Berlin&nbsp;\u00bb (Sites alli\u00e9s \u00e0 Berlin) et vous invitera \u00e0 une promenade virtuelle de la ville d\u2019un type bien particulier.<br><br>Il s\u2019agit de red\u00e9couvrir quinze anciens hauts-lieux des Puissances occidentales diss\u00e9min\u00e9s dans le paysage urbain de Berlin. Au centre de cette pr\u00e9sentation se trouvent de grandes photos des b\u00e2timents dans leur \u00e9tat actuel.<br><br>Seize ans apr\u00e8s le retrait des Puissances occidentales de Berlin, l\u2019exposition remet en m\u00e9moire les traces toujours vivantes des Alli\u00e9s. Certains de ces sites ont \u00ab&nbsp;disparu&nbsp;\u00bb, d\u2019autres ont \u00e0 peine chang\u00e9. La plupart ont aujourd\u2019hui une fonction analogue \u00e0 celle qu\u2019ils remplissaient \u00e0 l\u2019\u00e9poque. Des signes et des symboles de leurs ant\u00e9c\u00e9dents sont encore lisibles. Des ant\u00e9c\u00e9dents qui, par ailleurs, remontent \u00e0 une date bien ant\u00e9rieure \u00e0 l\u2019entr\u00e9e des troupes d\u2019occupation en 1945.<br><br>Mila Hacke, photographe berlinoise sp\u00e9cialis\u00e9e dans l\u2019architecture, a visit\u00e9 et photographi\u00e9 ces lieux pour le Mus\u00e9e des Alli\u00e9s. Photos historiques, plans, textes et objets originaux tir\u00e9s de la collection du Mus\u00e9e illustrent et commentent l\u2019emploi de ces sites par les Alli\u00e9s et ce qu\u2019il en est aujourd\u2019hui.                                                                                                                                  Ils englobent, entre autres, la prison pour criminels de guerre de Spandau, le Quartier Napol\u00e9on, le quartier-g\u00e9n\u00e9ral britannique de l\u2019Olympiastadion, le terrain d\u2019entra\u00eenement britannique Ruhleben Fighting City, le Clay Headquarter ainsi que la station d\u2019\u00e9coute du Teufelsberg.<br><\/p>\n","protected":false},"excerpt":{"rendered":"<p>Seize ans apr\u00e8s le retrait des Puissances occidentales de Berlin, l\u2019exposition \u00ab&nbsp; REVISITED \u2013 Les sites alli\u00e9s \u00e0 Berlin&nbsp;\u00bb remet en m\u00e9moire les traces toujours vivantes des Alli\u00e9s. Certains de ces sites ont \u00ab\u00a0disparu\u00a0\u00bb, d\u2019autres ont \u00e0 peine chang\u00e9. La plupart ont aujourd\u2019hui une fonction analogue \u00e0 celle qu\u2019ils remplissaient \u00e0 l\u2019\u00e9poque. Des signes et des symboles de leurs ant\u00e9c\u00e9dents sont encore lisibles. Des ant\u00e9c\u00e9dents qui, par ailleurs, remontent \u00e0 une date bien ant\u00e9rieure \u00e0 l\u2019entr\u00e9e des troupes d\u2019occupation en 1945.<\/p>\n","protected":false},"featured_media":777,"template":"","meta":{"_subtitle":"","_tagline":"REVISITED","_locale":"fr_FR","_original_post":"https:\/\/www.alliiertenmuseum.de\/?post_type=exhibition&p=700","_exhibition_start":"2010-10-24T00:00:00","_exhibition_end":"2011-01-05T23:59:59","_exhibition_type":"special","_featured_caption":"","_featured_caption_checkbox":false,"_featured_alt":"<p class=\"MsoNormal\"><span lang=\"FR\" style=\"mso-ansi-language:FR\">Nombreuses personnes sur le tarmac de l'a\u00e9roport de Tempelhof.<\/span><\/p>","_pinkie_id":777,"_pinkie_caption":false,"_pinkie_alt":"<p class=\"MsoNormal\"><span lang=\"FR\" style=\"mso-ansi-language:FR\">Nombreuses personnes sur le tarmac de l'a\u00e9roport de Tempelhof.<\/span><\/p>","footnotes":"","_post-color":[]},"location":[],"exhibition-category":[],"class_list":["post-2222","exhibition","type-exhibition","status-publish","has-post-thumbnail","hentry","fr-FR"],"yoast_head":"<!-- This site is optimized with the Yoast SEO plugin v26.2 - https:\/\/yoast.com\/wordpress\/plugins\/seo\/ -->\n<title>REVISITED \u2013 Les sites alli\u00e9s \u00e0 Berlin - AlliiertenMuseum<\/title>\n<meta name=\"robots\" content=\"index, follow, max-snippet:-1, max-image-preview:large, max-video-preview:-1\" \/>\n<link rel=\"canonical\" href=\"https:\/\/www.alliiertenmuseum.de\/fr\/ausstellung\/revisited-les-sites-allies-a-berlin\/\" \/>\n<meta property=\"og:locale\" content=\"fr_FR\" \/>\n<meta property=\"og:type\" content=\"article\" \/>\n<meta property=\"og:title\" content=\"REVISITED \u2013 Les sites alli\u00e9s \u00e0 Berlin - AlliiertenMuseum\" \/>\n<meta property=\"og:description\" content=\"Seize ans apr\u00e8s le retrait des Puissances occidentales de Berlin, l\u2019exposition \u00ab&nbsp; REVISITED \u2013 Les sites alli\u00e9s \u00e0 Berlin&nbsp;\u00bb remet en m\u00e9moire les traces toujours vivantes des Alli\u00e9s. Certains de ces sites ont \u00ab\u00a0disparu\u00a0\u00bb, d\u2019autres ont \u00e0 peine chang\u00e9. La plupart ont aujourd\u2019hui une fonction analogue \u00e0 celle qu\u2019ils remplissaient \u00e0 l\u2019\u00e9poque. Des signes et des symboles de leurs ant\u00e9c\u00e9dents sont encore lisibles. Des ant\u00e9c\u00e9dents qui, par ailleurs, remontent \u00e0 une date bien ant\u00e9rieure \u00e0 l\u2019entr\u00e9e des troupes d\u2019occupation en 1945.\" \/>\n<meta property=\"og:url\" content=\"https:\/\/www.alliiertenmuseum.de\/fr\/ausstellung\/revisited-les-sites-allies-a-berlin\/\" \/>\n<meta property=\"og:site_name\" content=\"AlliiertenMuseum\" \/>\n<meta property=\"article:modified_time\" content=\"2024-10-14T08:57:42+00:00\" \/>\n<meta property=\"og:image\" content=\"https:\/\/www.alliiertenmuseum.de\/wp-content\/uploads\/2021\/06\/2.0-alliierten-museum-sonderausstellung-alliierte-liegenschaft.jpg\" \/>\n\t<meta property=\"og:image:width\" content=\"2000\" \/>\n\t<meta property=\"og:image:height\" content=\"2476\" \/>\n\t<meta property=\"og:image:type\" content=\"image\/jpeg\" \/>\n<meta name=\"twitter:card\" content=\"summary_large_image\" \/>\n<meta name=\"twitter:label1\" content=\"Dur\u00e9e de lecture estim\u00e9e\" \/>\n\t<meta name=\"twitter:data1\" content=\"2 minutes\" \/>\n<script type=\"application\/ld+json\" class=\"yoast-schema-graph\">{\"@context\":\"https:\/\/schema.org\",\"@graph\":[{\"@type\":\"WebPage\",\"@id\":\"https:\/\/www.alliiertenmuseum.de\/fr\/ausstellung\/revisited-les-sites-allies-a-berlin\/\",\"url\":\"https:\/\/www.alliiertenmuseum.de\/fr\/ausstellung\/revisited-les-sites-allies-a-berlin\/\",\"name\":\"REVISITED \u2013 Les sites alli\u00e9s \u00e0 Berlin - AlliiertenMuseum\",\"isPartOf\":{\"@id\":\"https:\/\/www.alliiertenmuseum.de\/#website\"},\"primaryImageOfPage\":{\"@id\":\"https:\/\/www.alliiertenmuseum.de\/fr\/ausstellung\/revisited-les-sites-allies-a-berlin\/#primaryimage\"},\"image\":{\"@id\":\"https:\/\/www.alliiertenmuseum.de\/fr\/ausstellung\/revisited-les-sites-allies-a-berlin\/#primaryimage\"},\"thumbnailUrl\":\"https:\/\/www.alliiertenmuseum.de\/wp-content\/uploads\/2021\/06\/2.0-alliierten-museum-sonderausstellung-alliierte-liegenschaft.jpg\",\"datePublished\":\"2021-08-18T20:29:41+00:00\",\"dateModified\":\"2024-10-14T08:57:42+00:00\",\"breadcrumb\":{\"@id\":\"https:\/\/www.alliiertenmuseum.de\/fr\/ausstellung\/revisited-les-sites-allies-a-berlin\/#breadcrumb\"},\"inLanguage\":\"fr-FR\",\"potentialAction\":[{\"@type\":\"ReadAction\",\"target\":[\"https:\/\/www.alliiertenmuseum.de\/fr\/ausstellung\/revisited-les-sites-allies-a-berlin\/\"]}]},{\"@type\":\"ImageObject\",\"inLanguage\":\"fr-FR\",\"@id\":\"https:\/\/www.alliiertenmuseum.de\/fr\/ausstellung\/revisited-les-sites-allies-a-berlin\/#primaryimage\",\"url\":\"https:\/\/www.alliiertenmuseum.de\/wp-content\/uploads\/2021\/06\/2.0-alliierten-museum-sonderausstellung-alliierte-liegenschaft.jpg\",\"contentUrl\":\"https:\/\/www.alliiertenmuseum.de\/wp-content\/uploads\/2021\/06\/2.0-alliierten-museum-sonderausstellung-alliierte-liegenschaft.jpg\",\"width\":2000,\"height\":2476},{\"@type\":\"BreadcrumbList\",\"@id\":\"https:\/\/www.alliiertenmuseum.de\/fr\/ausstellung\/revisited-les-sites-allies-a-berlin\/#breadcrumb\",\"itemListElement\":[{\"@type\":\"ListItem\",\"position\":1,\"name\":\"Startseite\",\"item\":\"https:\/\/www.alliiertenmuseum.de\/fr\/\"},{\"@type\":\"ListItem\",\"position\":2,\"name\":\"Ausstellungen\",\"item\":\"https:\/\/www.alliiertenmuseum.de\/ausstellung\/\"},{\"@type\":\"ListItem\",\"position\":3,\"name\":\"REVISITED \u2013 Les sites alli\u00e9s \u00e0 Berlin\"}]},{\"@type\":\"WebSite\",\"@id\":\"https:\/\/www.alliiertenmuseum.de\/#website\",\"url\":\"https:\/\/www.alliiertenmuseum.de\/\",\"name\":\"AlliiertenMuseum\",\"description\":\"\",\"publisher\":{\"@id\":\"https:\/\/www.alliiertenmuseum.de\/#organization\"},\"potentialAction\":[{\"@type\":\"SearchAction\",\"target\":{\"@type\":\"EntryPoint\",\"urlTemplate\":\"https:\/\/www.alliiertenmuseum.de\/?s={search_term_string}\"},\"query-input\":{\"@type\":\"PropertyValueSpecification\",\"valueRequired\":true,\"valueName\":\"search_term_string\"}}],\"inLanguage\":\"fr-FR\"},{\"@type\":\"Organization\",\"@id\":\"https:\/\/www.alliiertenmuseum.de\/#organization\",\"name\":\"AlliiertenMuseum\",\"url\":\"https:\/\/www.alliiertenmuseum.de\/\",\"logo\":{\"@type\":\"ImageObject\",\"inLanguage\":\"fr-FR\",\"@id\":\"https:\/\/www.alliiertenmuseum.de\/#\/schema\/logo\/image\/\",\"url\":\"https:\/\/www.alliiertenmuseum.de\/wp-content\/uploads\/2021\/05\/logo.svg\",\"contentUrl\":\"https:\/\/www.alliiertenmuseum.de\/wp-content\/uploads\/2021\/05\/logo.svg\",\"caption\":\"AlliiertenMuseum\"},\"image\":{\"@id\":\"https:\/\/www.alliiertenmuseum.de\/#\/schema\/logo\/image\/\"}}]}<\/script>\n<!-- \/ Yoast SEO plugin. -->","yoast_head_json":{"title":"REVISITED \u2013 Les sites alli\u00e9s \u00e0 Berlin - AlliiertenMuseum","robots":{"index":"index","follow":"follow","max-snippet":"max-snippet:-1","max-image-preview":"max-image-preview:large","max-video-preview":"max-video-preview:-1"},"canonical":"https:\/\/www.alliiertenmuseum.de\/fr\/ausstellung\/revisited-les-sites-allies-a-berlin\/","og_locale":"fr_FR","og_type":"article","og_title":"REVISITED \u2013 Les sites alli\u00e9s \u00e0 Berlin - AlliiertenMuseum","og_description":"Seize ans apr\u00e8s le retrait des Puissances occidentales de Berlin, l\u2019exposition \u00ab&nbsp; REVISITED \u2013 Les sites alli\u00e9s \u00e0 Berlin&nbsp;\u00bb remet en m\u00e9moire les traces toujours vivantes des Alli\u00e9s. Certains de ces sites ont \u00ab\u00a0disparu\u00a0\u00bb, d\u2019autres ont \u00e0 peine chang\u00e9. La plupart ont aujourd\u2019hui une fonction analogue \u00e0 celle qu\u2019ils remplissaient \u00e0 l\u2019\u00e9poque. Des signes et des symboles de leurs ant\u00e9c\u00e9dents sont encore lisibles. Des ant\u00e9c\u00e9dents qui, par ailleurs, remontent \u00e0 une date bien ant\u00e9rieure \u00e0 l\u2019entr\u00e9e des troupes d\u2019occupation en 1945.","og_url":"https:\/\/www.alliiertenmuseum.de\/fr\/ausstellung\/revisited-les-sites-allies-a-berlin\/","og_site_name":"AlliiertenMuseum","article_modified_time":"2024-10-14T08:57:42+00:00","og_image":[{"width":2000,"height":2476,"url":"https:\/\/www.alliiertenmuseum.de\/wp-content\/uploads\/2021\/06\/2.0-alliierten-museum-sonderausstellung-alliierte-liegenschaft.jpg","type":"image\/jpeg"}],"twitter_card":"summary_large_image","twitter_misc":{"Dur\u00e9e de lecture estim\u00e9e":"2 minutes"},"schema":{"@context":"https:\/\/schema.org","@graph":[{"@type":"WebPage","@id":"https:\/\/www.alliiertenmuseum.de\/fr\/ausstellung\/revisited-les-sites-allies-a-berlin\/","url":"https:\/\/www.alliiertenmuseum.de\/fr\/ausstellung\/revisited-les-sites-allies-a-berlin\/","name":"REVISITED \u2013 Les sites alli\u00e9s \u00e0 Berlin - AlliiertenMuseum","isPartOf":{"@id":"https:\/\/www.alliiertenmuseum.de\/#website"},"primaryImageOfPage":{"@id":"https:\/\/www.alliiertenmuseum.de\/fr\/ausstellung\/revisited-les-sites-allies-a-berlin\/#primaryimage"},"image":{"@id":"https:\/\/www.alliiertenmuseum.de\/fr\/ausstellung\/revisited-les-sites-allies-a-berlin\/#primaryimage"},"thumbnailUrl":"https:\/\/www.alliiertenmuseum.de\/wp-content\/uploads\/2021\/06\/2.0-alliierten-museum-sonderausstellung-alliierte-liegenschaft.jpg","datePublished":"2021-08-18T20:29:41+00:00","dateModified":"2024-10-14T08:57:42+00:00","breadcrumb":{"@id":"https:\/\/www.alliiertenmuseum.de\/fr\/ausstellung\/revisited-les-sites-allies-a-berlin\/#breadcrumb"},"inLanguage":"fr-FR","potentialAction":[{"@type":"ReadAction","target":["https:\/\/www.alliiertenmuseum.de\/fr\/ausstellung\/revisited-les-sites-allies-a-berlin\/"]}]},{"@type":"ImageObject","inLanguage":"fr-FR","@id":"https:\/\/www.alliiertenmuseum.de\/fr\/ausstellung\/revisited-les-sites-allies-a-berlin\/#primaryimage","url":"https:\/\/www.alliiertenmuseum.de\/wp-content\/uploads\/2021\/06\/2.0-alliierten-museum-sonderausstellung-alliierte-liegenschaft.jpg","contentUrl":"https:\/\/www.alliiertenmuseum.de\/wp-content\/uploads\/2021\/06\/2.0-alliierten-museum-sonderausstellung-alliierte-liegenschaft.jpg","width":2000,"height":2476},{"@type":"BreadcrumbList","@id":"https:\/\/www.alliiertenmuseum.de\/fr\/ausstellung\/revisited-les-sites-allies-a-berlin\/#breadcrumb","itemListElement":[{"@type":"ListItem","position":1,"name":"Startseite","item":"https:\/\/www.alliiertenmuseum.de\/fr\/"},{"@type":"ListItem","position":2,"name":"Ausstellungen","item":"https:\/\/www.alliiertenmuseum.de\/ausstellung\/"},{"@type":"ListItem","position":3,"name":"REVISITED \u2013 Les sites alli\u00e9s \u00e0 Berlin"}]},{"@type":"WebSite","@id":"https:\/\/www.alliiertenmuseum.de\/#website","url":"https:\/\/www.alliiertenmuseum.de\/","name":"AlliiertenMuseum","description":"","publisher":{"@id":"https:\/\/www.alliiertenmuseum.de\/#organization"},"potentialAction":[{"@type":"SearchAction","target":{"@type":"EntryPoint","urlTemplate":"https:\/\/www.alliiertenmuseum.de\/?s={search_term_string}"},"query-input":{"@type":"PropertyValueSpecification","valueRequired":true,"valueName":"search_term_string"}}],"inLanguage":"fr-FR"},{"@type":"Organization","@id":"https:\/\/www.alliiertenmuseum.de\/#organization","name":"AlliiertenMuseum","url":"https:\/\/www.alliiertenmuseum.de\/","logo":{"@type":"ImageObject","inLanguage":"fr-FR","@id":"https:\/\/www.alliiertenmuseum.de\/#\/schema\/logo\/image\/","url":"https:\/\/www.alliiertenmuseum.de\/wp-content\/uploads\/2021\/05\/logo.svg","contentUrl":"https:\/\/www.alliiertenmuseum.de\/wp-content\/uploads\/2021\/05\/logo.svg","caption":"AlliiertenMuseum"},"image":{"@id":"https:\/\/www.alliiertenmuseum.de\/#\/schema\/logo\/image\/"}}]}},"_links":{"self":[{"href":"https:\/\/www.alliiertenmuseum.de\/wp-json\/wp\/v2\/exhibition\/2222","targetHints":{"allow":["GET"]}}],"collection":[{"href":"https:\/\/www.alliiertenmuseum.de\/wp-json\/wp\/v2\/exhibition"}],"about":[{"href":"https:\/\/www.alliiertenmuseum.de\/wp-json\/wp\/v2\/types\/exhibition"}],"version-history":[{"count":4,"href":"https:\/\/www.alliiertenmuseum.de\/wp-json\/wp\/v2\/exhibition\/2222\/revisions"}],"predecessor-version":[{"id":33892,"href":"https:\/\/www.alliiertenmuseum.de\/wp-json\/wp\/v2\/exhibition\/2222\/revisions\/33892"}],"wp:featuredmedia":[{"embeddable":true,"href":"https:\/\/www.alliiertenmuseum.de\/wp-json\/wp\/v2\/media\/777"}],"wp:attachment":[{"href":"https:\/\/www.alliiertenmuseum.de\/wp-json\/wp\/v2\/media?parent=2222"}],"wp:term":[{"taxonomy":"location","embeddable":true,"href":"https:\/\/www.alliiertenmuseum.de\/wp-json\/wp\/v2\/location?post=2222"},{"taxonomy":"exhibition-category","embeddable":true,"href":"https:\/\/www.alliiertenmuseum.de\/wp-json\/wp\/v2\/exhibition-category?post=2222"}],"curies":[{"name":"wp","href":"https:\/\/api.w.org\/{rel}","templated":true}]}}