{"id":2224,"date":"2021-08-18T22:40:16","date_gmt":"2021-08-18T20:40:16","guid":{"rendered":"http:\/\/stage.alm.smithberlin.com\/?post_type=exhibition&#038;p=2224"},"modified":"2024-10-14T11:17:15","modified_gmt":"2024-10-14T09:17:15","slug":"100-objets-berlin-dans-la-guerre-froide","status":"publish","type":"exhibition","link":"https:\/\/www.alliiertenmuseum.de\/fr\/ausstellung\/100-objets-berlin-dans-la-guerre-froide\/","title":{"rendered":"100 OBJETS. Berlin dans la Guerre froide"},"content":{"rendered":"\n<p>Au sortir de la Seconde Guerre mondiale, Berlin, ancienne capitale du Reich, est en ruines. L\u2019Allemagne en tant qu\u2019\u00c9tat n\u2019existe plus, les puissances d\u2019occupation prennent le pouvoir. Berlin devient une ville quadripartite. Tr\u00e8s rapidement d\u00e9bute la Guerre froide, la confrontation entre les deux blocs \u2013 puissances occidentales sous la f\u00e9rule des \u00c9tats-Unis d\u2019un c\u00f4t\u00e9 et \u00c9tats de l\u2019Est emmen\u00e9s par l\u2019Union sovi\u00e9tique de l\u2019autre. Les dimensions locales, nationales, globales de conflit mondial s\u2019entrechoquent \u00e0 Berlin, qui en constitue donc fr\u00e9quemment l\u2019\u00e9picentre.<br><br>L\u2019exposition temporaire \u00ab&nbsp;100 OBJETS. Berlin dans la Guerre froide&nbsp;\u00bb puise dans les riches collections du Mus\u00e9e des Alli\u00e9s. Les objets permettent de jeter des perspectives diverses sur les \u00e9v\u00e9nements qui se sont produits \u00e0 Berlin&nbsp;; des perspectives britanniques, am\u00e9ricaines ou fran\u00e7aises, mais aussi allemandes \u2013 de l\u2019Est comme de l\u2019Ouest. L\u2019\u00e9quipe de l\u2019exposition a s\u00e9lectionn\u00e9 cent objets, embl\u00e9matiques d\u2019un r\u00e9cit de la Guerre froide \u00e0 Berlin et plus largement d\u2019une narration nationale ou mondiale. T\u00e9moignages du quotidien, souvent banals de prime abord, ils forment un tableau extr\u00eamement vari\u00e9 de cette p\u00e9riode. Ainsi, l\u2019exposition illustre le r\u00f4le maintes fois crucial de Berlin dans la Guerre froide.<br><br>\u00ab&nbsp;100 OBJETS. Berlin dans la Guerre froide&nbsp;\u00bb s\u2019\u00e9tend au-del\u00e0 de l\u2019espace du Mus\u00e9e des Alli\u00e9s r\u00e9serv\u00e9 aux expositions temporaires. Environ un quart des objets se trouve dans l\u2019exposition permanente ou sur le site en plein air du mus\u00e9e. Ils sont sp\u00e9cialement signalis\u00e9s comme \u00e9l\u00e9ment de l\u2019exposition temporaire. Les histoires renferm\u00e9es dans les objets sont pr\u00e9sent\u00e9es dans une brochure sp\u00e9cifiquement con\u00e7ue pour l\u2019exposition. Pendant toute la dur\u00e9e de l\u2019exposition temporaire de surcro\u00eet, le programme des visites du Mus\u00e9e des Alli\u00e9s est \u00e9largi \u00e0 des visites dialectiques taill\u00e9es sur mesure pour les diff\u00e9rents publics. L\u2019exposition souhaite sensibiliser sur l\u2019importance du mus\u00e9e et de ses collections pour l\u2019histoire de Berlin durant la Guerre froide.<\/p>\n\n\n\n<p><\/p>\n","protected":false},"excerpt":{"rendered":"<p>Nach dem Zweiten Weltkrieg wird Berlin zur Vier-Sektoren-Stadt und schon bald zu einem Brennpunkt des Kalten Krieges. Die Auswirkungen dieses weltumspannenden Konfliktes pr\u00e4gen die Stadt bis heute. Die Ausstellung beleuchtet die Schl\u00fcsselrolle Berlins im Kalten Krieg anhand von 100 ausgew\u00e4hlten Objekten, die jedes f\u00fcr sich eine ganz eigene Geschichte dieser Epoche erz\u00e4hlen und die Bedeutung der Stadt als Symbol, Front, B\u00fchne, Schaufenster und Erinnerungsort des Kalten Krieges deutlich machen.<\/p>\n","protected":false},"featured_media":762,"template":"","meta":{"_subtitle":"","_tagline":"100 OBJETS","_locale":"fr_FR","_original_post":"https:\/\/www.alliiertenmuseum.de\/?post_type=exhibition&p=374","_exhibition_start":"2016-07-15T00:00:00","_exhibition_end":"2018-01-28T23:59:59","_exhibition_type":"special","_featured_caption":"","_featured_caption_checkbox":false,"_featured_alt":"<p class=\"MsoNormal\"><span lang=\"FR\" style=\"mso-ansi-language:FR\">Dessin de la zone urbaine de Berlin avec des ondes sonores.<\/span><\/p>","_pinkie_id":762,"_pinkie_caption":false,"_pinkie_alt":"<p class=\"MsoNormal\"><span lang=\"FR\" style=\"mso-ansi-language:FR\">Dessin de la zone urbaine de Berlin avec des ondes sonores.<\/span><\/p>","footnotes":"","_post-color":[]},"location":[],"exhibition-category":[],"class_list":["post-2224","exhibition","type-exhibition","status-publish","has-post-thumbnail","hentry","fr-FR"],"yoast_head":"<!-- This site is optimized with the Yoast SEO plugin v26.2 - https:\/\/yoast.com\/wordpress\/plugins\/seo\/ -->\n<title>100 OBJETS. Berlin dans la Guerre froide - AlliiertenMuseum<\/title>\n<meta name=\"robots\" content=\"index, follow, max-snippet:-1, max-image-preview:large, max-video-preview:-1\" \/>\n<link rel=\"canonical\" href=\"https:\/\/www.alliiertenmuseum.de\/fr\/ausstellung\/100-objets-berlin-dans-la-guerre-froide\/\" \/>\n<meta property=\"og:locale\" content=\"fr_FR\" \/>\n<meta property=\"og:type\" content=\"article\" \/>\n<meta property=\"og:title\" content=\"100 OBJETS. Berlin dans la Guerre froide - AlliiertenMuseum\" \/>\n<meta property=\"og:description\" content=\"Nach dem Zweiten Weltkrieg wird Berlin zur Vier-Sektoren-Stadt und schon bald zu einem Brennpunkt des Kalten Krieges. Die Auswirkungen dieses weltumspannenden Konfliktes pr\u00e4gen die Stadt bis heute. Die Ausstellung beleuchtet die Schl\u00fcsselrolle Berlins im Kalten Krieg anhand von 100 ausgew\u00e4hlten Objekten, die jedes f\u00fcr sich eine ganz eigene Geschichte dieser Epoche erz\u00e4hlen und die Bedeutung der Stadt als Symbol, Front, B\u00fchne, Schaufenster und Erinnerungsort des Kalten Krieges deutlich machen.\" \/>\n<meta property=\"og:url\" content=\"https:\/\/www.alliiertenmuseum.de\/fr\/ausstellung\/100-objets-berlin-dans-la-guerre-froide\/\" \/>\n<meta property=\"og:site_name\" content=\"AlliiertenMuseum\" \/>\n<meta property=\"article:modified_time\" content=\"2024-10-14T09:17:15+00:00\" \/>\n<meta property=\"og:image\" content=\"https:\/\/www.alliiertenmuseum.de\/wp-content\/uploads\/2021\/06\/2.0-alliierten-museum-sonderausstellung-kalter-krieg-scaled-e1622816928628.jpg\" \/>\n\t<meta property=\"og:image:width\" content=\"1816\" \/>\n\t<meta property=\"og:image:height\" content=\"1734\" \/>\n\t<meta property=\"og:image:type\" content=\"image\/jpeg\" \/>\n<meta name=\"twitter:card\" content=\"summary_large_image\" \/>\n<meta name=\"twitter:label1\" content=\"Dur\u00e9e de lecture estim\u00e9e\" \/>\n\t<meta name=\"twitter:data1\" content=\"2 minutes\" \/>\n<script type=\"application\/ld+json\" class=\"yoast-schema-graph\">{\"@context\":\"https:\/\/schema.org\",\"@graph\":[{\"@type\":\"WebPage\",\"@id\":\"https:\/\/www.alliiertenmuseum.de\/fr\/ausstellung\/100-objets-berlin-dans-la-guerre-froide\/\",\"url\":\"https:\/\/www.alliiertenmuseum.de\/fr\/ausstellung\/100-objets-berlin-dans-la-guerre-froide\/\",\"name\":\"100 OBJETS. Berlin dans la Guerre froide - AlliiertenMuseum\",\"isPartOf\":{\"@id\":\"https:\/\/www.alliiertenmuseum.de\/#website\"},\"primaryImageOfPage\":{\"@id\":\"https:\/\/www.alliiertenmuseum.de\/fr\/ausstellung\/100-objets-berlin-dans-la-guerre-froide\/#primaryimage\"},\"image\":{\"@id\":\"https:\/\/www.alliiertenmuseum.de\/fr\/ausstellung\/100-objets-berlin-dans-la-guerre-froide\/#primaryimage\"},\"thumbnailUrl\":\"https:\/\/www.alliiertenmuseum.de\/wp-content\/uploads\/2021\/06\/2.0-alliierten-museum-sonderausstellung-kalter-krieg-scaled-e1622816928628.jpg\",\"datePublished\":\"2021-08-18T20:40:16+00:00\",\"dateModified\":\"2024-10-14T09:17:15+00:00\",\"breadcrumb\":{\"@id\":\"https:\/\/www.alliiertenmuseum.de\/fr\/ausstellung\/100-objets-berlin-dans-la-guerre-froide\/#breadcrumb\"},\"inLanguage\":\"fr-FR\",\"potentialAction\":[{\"@type\":\"ReadAction\",\"target\":[\"https:\/\/www.alliiertenmuseum.de\/fr\/ausstellung\/100-objets-berlin-dans-la-guerre-froide\/\"]}]},{\"@type\":\"ImageObject\",\"inLanguage\":\"fr-FR\",\"@id\":\"https:\/\/www.alliiertenmuseum.de\/fr\/ausstellung\/100-objets-berlin-dans-la-guerre-froide\/#primaryimage\",\"url\":\"https:\/\/www.alliiertenmuseum.de\/wp-content\/uploads\/2021\/06\/2.0-alliierten-museum-sonderausstellung-kalter-krieg-scaled-e1622816928628.jpg\",\"contentUrl\":\"https:\/\/www.alliiertenmuseum.de\/wp-content\/uploads\/2021\/06\/2.0-alliierten-museum-sonderausstellung-kalter-krieg-scaled-e1622816928628.jpg\",\"width\":1816,\"height\":1734},{\"@type\":\"BreadcrumbList\",\"@id\":\"https:\/\/www.alliiertenmuseum.de\/fr\/ausstellung\/100-objets-berlin-dans-la-guerre-froide\/#breadcrumb\",\"itemListElement\":[{\"@type\":\"ListItem\",\"position\":1,\"name\":\"Startseite\",\"item\":\"https:\/\/www.alliiertenmuseum.de\/fr\/\"},{\"@type\":\"ListItem\",\"position\":2,\"name\":\"Ausstellungen\",\"item\":\"https:\/\/www.alliiertenmuseum.de\/ausstellung\/\"},{\"@type\":\"ListItem\",\"position\":3,\"name\":\"100 OBJETS. Berlin dans la Guerre froide\"}]},{\"@type\":\"WebSite\",\"@id\":\"https:\/\/www.alliiertenmuseum.de\/#website\",\"url\":\"https:\/\/www.alliiertenmuseum.de\/\",\"name\":\"AlliiertenMuseum\",\"description\":\"\",\"publisher\":{\"@id\":\"https:\/\/www.alliiertenmuseum.de\/#organization\"},\"potentialAction\":[{\"@type\":\"SearchAction\",\"target\":{\"@type\":\"EntryPoint\",\"urlTemplate\":\"https:\/\/www.alliiertenmuseum.de\/?s={search_term_string}\"},\"query-input\":{\"@type\":\"PropertyValueSpecification\",\"valueRequired\":true,\"valueName\":\"search_term_string\"}}],\"inLanguage\":\"fr-FR\"},{\"@type\":\"Organization\",\"@id\":\"https:\/\/www.alliiertenmuseum.de\/#organization\",\"name\":\"AlliiertenMuseum\",\"url\":\"https:\/\/www.alliiertenmuseum.de\/\",\"logo\":{\"@type\":\"ImageObject\",\"inLanguage\":\"fr-FR\",\"@id\":\"https:\/\/www.alliiertenmuseum.de\/#\/schema\/logo\/image\/\",\"url\":\"https:\/\/www.alliiertenmuseum.de\/wp-content\/uploads\/2021\/05\/logo.svg\",\"contentUrl\":\"https:\/\/www.alliiertenmuseum.de\/wp-content\/uploads\/2021\/05\/logo.svg\",\"caption\":\"AlliiertenMuseum\"},\"image\":{\"@id\":\"https:\/\/www.alliiertenmuseum.de\/#\/schema\/logo\/image\/\"}}]}<\/script>\n<!-- \/ Yoast SEO plugin. -->","yoast_head_json":{"title":"100 OBJETS. Berlin dans la Guerre froide - AlliiertenMuseum","robots":{"index":"index","follow":"follow","max-snippet":"max-snippet:-1","max-image-preview":"max-image-preview:large","max-video-preview":"max-video-preview:-1"},"canonical":"https:\/\/www.alliiertenmuseum.de\/fr\/ausstellung\/100-objets-berlin-dans-la-guerre-froide\/","og_locale":"fr_FR","og_type":"article","og_title":"100 OBJETS. Berlin dans la Guerre froide - AlliiertenMuseum","og_description":"Nach dem Zweiten Weltkrieg wird Berlin zur Vier-Sektoren-Stadt und schon bald zu einem Brennpunkt des Kalten Krieges. Die Auswirkungen dieses weltumspannenden Konfliktes pr\u00e4gen die Stadt bis heute. Die Ausstellung beleuchtet die Schl\u00fcsselrolle Berlins im Kalten Krieg anhand von 100 ausgew\u00e4hlten Objekten, die jedes f\u00fcr sich eine ganz eigene Geschichte dieser Epoche erz\u00e4hlen und die Bedeutung der Stadt als Symbol, Front, B\u00fchne, Schaufenster und Erinnerungsort des Kalten Krieges deutlich machen.","og_url":"https:\/\/www.alliiertenmuseum.de\/fr\/ausstellung\/100-objets-berlin-dans-la-guerre-froide\/","og_site_name":"AlliiertenMuseum","article_modified_time":"2024-10-14T09:17:15+00:00","og_image":[{"width":1816,"height":1734,"url":"https:\/\/www.alliiertenmuseum.de\/wp-content\/uploads\/2021\/06\/2.0-alliierten-museum-sonderausstellung-kalter-krieg-scaled-e1622816928628.jpg","type":"image\/jpeg"}],"twitter_card":"summary_large_image","twitter_misc":{"Dur\u00e9e de lecture estim\u00e9e":"2 minutes"},"schema":{"@context":"https:\/\/schema.org","@graph":[{"@type":"WebPage","@id":"https:\/\/www.alliiertenmuseum.de\/fr\/ausstellung\/100-objets-berlin-dans-la-guerre-froide\/","url":"https:\/\/www.alliiertenmuseum.de\/fr\/ausstellung\/100-objets-berlin-dans-la-guerre-froide\/","name":"100 OBJETS. Berlin dans la Guerre froide - AlliiertenMuseum","isPartOf":{"@id":"https:\/\/www.alliiertenmuseum.de\/#website"},"primaryImageOfPage":{"@id":"https:\/\/www.alliiertenmuseum.de\/fr\/ausstellung\/100-objets-berlin-dans-la-guerre-froide\/#primaryimage"},"image":{"@id":"https:\/\/www.alliiertenmuseum.de\/fr\/ausstellung\/100-objets-berlin-dans-la-guerre-froide\/#primaryimage"},"thumbnailUrl":"https:\/\/www.alliiertenmuseum.de\/wp-content\/uploads\/2021\/06\/2.0-alliierten-museum-sonderausstellung-kalter-krieg-scaled-e1622816928628.jpg","datePublished":"2021-08-18T20:40:16+00:00","dateModified":"2024-10-14T09:17:15+00:00","breadcrumb":{"@id":"https:\/\/www.alliiertenmuseum.de\/fr\/ausstellung\/100-objets-berlin-dans-la-guerre-froide\/#breadcrumb"},"inLanguage":"fr-FR","potentialAction":[{"@type":"ReadAction","target":["https:\/\/www.alliiertenmuseum.de\/fr\/ausstellung\/100-objets-berlin-dans-la-guerre-froide\/"]}]},{"@type":"ImageObject","inLanguage":"fr-FR","@id":"https:\/\/www.alliiertenmuseum.de\/fr\/ausstellung\/100-objets-berlin-dans-la-guerre-froide\/#primaryimage","url":"https:\/\/www.alliiertenmuseum.de\/wp-content\/uploads\/2021\/06\/2.0-alliierten-museum-sonderausstellung-kalter-krieg-scaled-e1622816928628.jpg","contentUrl":"https:\/\/www.alliiertenmuseum.de\/wp-content\/uploads\/2021\/06\/2.0-alliierten-museum-sonderausstellung-kalter-krieg-scaled-e1622816928628.jpg","width":1816,"height":1734},{"@type":"BreadcrumbList","@id":"https:\/\/www.alliiertenmuseum.de\/fr\/ausstellung\/100-objets-berlin-dans-la-guerre-froide\/#breadcrumb","itemListElement":[{"@type":"ListItem","position":1,"name":"Startseite","item":"https:\/\/www.alliiertenmuseum.de\/fr\/"},{"@type":"ListItem","position":2,"name":"Ausstellungen","item":"https:\/\/www.alliiertenmuseum.de\/ausstellung\/"},{"@type":"ListItem","position":3,"name":"100 OBJETS. Berlin dans la Guerre froide"}]},{"@type":"WebSite","@id":"https:\/\/www.alliiertenmuseum.de\/#website","url":"https:\/\/www.alliiertenmuseum.de\/","name":"AlliiertenMuseum","description":"","publisher":{"@id":"https:\/\/www.alliiertenmuseum.de\/#organization"},"potentialAction":[{"@type":"SearchAction","target":{"@type":"EntryPoint","urlTemplate":"https:\/\/www.alliiertenmuseum.de\/?s={search_term_string}"},"query-input":{"@type":"PropertyValueSpecification","valueRequired":true,"valueName":"search_term_string"}}],"inLanguage":"fr-FR"},{"@type":"Organization","@id":"https:\/\/www.alliiertenmuseum.de\/#organization","name":"AlliiertenMuseum","url":"https:\/\/www.alliiertenmuseum.de\/","logo":{"@type":"ImageObject","inLanguage":"fr-FR","@id":"https:\/\/www.alliiertenmuseum.de\/#\/schema\/logo\/image\/","url":"https:\/\/www.alliiertenmuseum.de\/wp-content\/uploads\/2021\/05\/logo.svg","contentUrl":"https:\/\/www.alliiertenmuseum.de\/wp-content\/uploads\/2021\/05\/logo.svg","caption":"AlliiertenMuseum"},"image":{"@id":"https:\/\/www.alliiertenmuseum.de\/#\/schema\/logo\/image\/"}}]}},"_links":{"self":[{"href":"https:\/\/www.alliiertenmuseum.de\/wp-json\/wp\/v2\/exhibition\/2224","targetHints":{"allow":["GET"]}}],"collection":[{"href":"https:\/\/www.alliiertenmuseum.de\/wp-json\/wp\/v2\/exhibition"}],"about":[{"href":"https:\/\/www.alliiertenmuseum.de\/wp-json\/wp\/v2\/types\/exhibition"}],"version-history":[{"count":3,"href":"https:\/\/www.alliiertenmuseum.de\/wp-json\/wp\/v2\/exhibition\/2224\/revisions"}],"predecessor-version":[{"id":33900,"href":"https:\/\/www.alliiertenmuseum.de\/wp-json\/wp\/v2\/exhibition\/2224\/revisions\/33900"}],"wp:featuredmedia":[{"embeddable":true,"href":"https:\/\/www.alliiertenmuseum.de\/wp-json\/wp\/v2\/media\/762"}],"wp:attachment":[{"href":"https:\/\/www.alliiertenmuseum.de\/wp-json\/wp\/v2\/media?parent=2224"}],"wp:term":[{"taxonomy":"location","embeddable":true,"href":"https:\/\/www.alliiertenmuseum.de\/wp-json\/wp\/v2\/location?post=2224"},{"taxonomy":"exhibition-category","embeddable":true,"href":"https:\/\/www.alliiertenmuseum.de\/wp-json\/wp\/v2\/exhibition-category?post=2224"}],"curies":[{"name":"wp","href":"https:\/\/api.w.org\/{rel}","templated":true}]}}