{"id":2235,"date":"2021-08-18T23:17:48","date_gmt":"2021-08-18T21:17:48","guid":{"rendered":"http:\/\/stage.alm.smithberlin.com\/?post_type=exhibition&#038;p=2235"},"modified":"2024-10-14T11:10:51","modified_gmt":"2024-10-14T09:10:51","slug":"exposition-itinerante-routes-of-liberation-european-legacies-of-the-second-world-war","status":"publish","type":"exhibition","link":"https:\/\/www.alliiertenmuseum.de\/fr\/ausstellung\/exposition-itinerante-routes-of-liberation-european-legacies-of-the-second-world-war\/","title":{"rendered":"Routes of Liberation&nbsp;: European Legacies of the Second World War"},"content":{"rendered":"\n<p>Pour comm\u00e9morer la fin de la Seconde Guerre mondiale et l\u2019entr\u00e9e des troupes am\u00e9ricaines, britanniques et fran\u00e7aises dans Berlin d\u00e9but juillet 1945, le Mus\u00e9e des Alli\u00e9s pr\u00e9sente l\u2019exposition itin\u00e9rante europ\u00e9enne \u00ab\u00a0Routes of Liberation\u00a0: European Legacies of the Second World War\u00a0\u00bb. Cette exposition multim\u00e9dia aborde la fin de la guerre en 1945 et ses r\u00e9percussions \u00e0 partir de diff\u00e9rentes perspectives nationales, afin de mettre en \u00e9vidence l\u2019importance du plus grand conflit arm\u00e9 de l\u2019histoire de l\u2019humanit\u00e9 pour le continent europ\u00e9en.<br>L\u2019exposition place sa focale sur la route emprunt\u00e9e par les Alli\u00e9s pour lib\u00e9rer l\u2019Europe du joug nazi en 1944 et 1945. La perception des deux derni\u00e8res ann\u00e9es de guerre diverge fortement en fonction des perspectives nationales : alors que les \u00c9tats d\u2019Europe de l\u2019Ouest sont progressivement lib\u00e9r\u00e9s apr\u00e8s le d\u00e9barquement en Normandie des troupes am\u00e9ricaines, britanniques et du Commonwealth, la guerre arrive en Allemagne. En Europe de l\u2019Est, l\u2019Arm\u00e9e rouge progresse, avec dans son sillage, l\u2019instauration de dictatures communistes. Une s\u00e9lection de seize bibliographies de civils et militaires de divers pays illustrent ces diff\u00e9rents angles.<br><br>L\u2019exposition place sa focale sur la route emprunt\u00e9e par les Alli\u00e9s pour lib\u00e9rer l\u2019Europe du joug nazi en 1944 et 1945. La perception des deux derni\u00e8res ann\u00e9es de guerre diverge fortement en fonction des perspectives nationales : alors que les \u00c9tats d\u2019Europe de l\u2019Ouest sont progressivement lib\u00e9r\u00e9s apr\u00e8s le d\u00e9barquement en Normandie des troupes am\u00e9ricaines, britanniques et du Commonwealth, la guerre arrive en Allemagne. En Europe de l\u2019Est, l\u2019Arm\u00e9e rouge progresse, avec dans son sillage, l\u2019instauration de dictatures communistes. Une s\u00e9lection de seize bibliographies de civils et militaires de divers pays illustrent ces diff\u00e9rents angles.<br><br>Des institutions des Pays-Bas, de France, de Grande-Bretagne, de Pologne et d\u2019Allemagne se sont impliqu\u00e9es dans la pr\u00e9sentation. Le Mus\u00e9e des Alli\u00e9s de Berlin est le seul mus\u00e9e d\u2019Allemagne \u00e0 \u00eatre partenaire officiel de l\u2019exposition \u00ab\u00a0Routes of Liberation\u00a0\u00bb, plac\u00e9e sous le haut patronage de Martin Schulz, pr\u00e9sident du Parlement europ\u00e9en.<br><br>L\u2019exposition est g\u00e9r\u00e9e par la Fondation \u00ab\u00a0Liberation Route Europe\u00a0\u00bb (LREF) dont le si\u00e8ge se trouve \u00e0 Elst, en Hollande. Ses plus de soixante partenaires internationaux \u0153uvrent \u00e0 instaurer la route historique suivie par les Alli\u00e9s en 1944-1945 comme un sentier historique europ\u00e9en transfrontalier.<br><br>Les contenus historiques et les activit\u00e9s touristiques jalonnant la route peuvent \u00eatre consult\u00e9s sur le site Internet:<br><a href=\"http:\/\/www.liberationroute.com\" target=\"_blank\" rel=\"noreferrer noopener\">www.liberationroute.com<\/a><\/p>\n","protected":false},"excerpt":{"rendered":"<p>Pour comm\u00e9morer la fin de la Seconde Guerre mondiale et l\u2019entr\u00e9e des troupes am\u00e9ricaines, britanniques et fran\u00e7aises dans Berlin d\u00e9but juillet 1945, le Mus\u00e9e des Alli\u00e9s pr\u00e9sente l\u2019exposition itin\u00e9rante europ\u00e9enne \u00ab&nbsp;Routes of Liberation&nbsp;: European Legacies of the Second World War&nbsp;\u00bb. Cette exposition multim\u00e9dia aborde la fin de la guerre en 1945 et ses r\u00e9percussions \u00e0 partir de diff\u00e9rentes perspectives nationales, afin de mettre en \u00e9vidence l\u2019importance du plus grand conflit arm\u00e9 de l\u2019histoire de l\u2019humanit\u00e9 pour le continent europ\u00e9en.<\/p>\n","protected":false},"featured_media":765,"template":"","meta":{"_subtitle":"","_tagline":"Routes of Liberation","_locale":"fr_FR","_original_post":"https:\/\/www.alliiertenmuseum.de\/?post_type=exhibition&p=675","_exhibition_start":"2015-07-01T00:00:00","_exhibition_end":"2015-08-30T23:59:59","_exhibition_type":"special","_featured_caption":"","_featured_caption_checkbox":false,"_featured_alt":"<p class=\"MsoNormal\"><span lang=\"FR\" style=\"mso-ansi-language:FR\">Martin Schulz et Mark Rutte devant un panneau de texte en train de visiter l'exposition.<\/span><\/p>","_pinkie_id":765,"_pinkie_caption":false,"_pinkie_alt":"<p class=\"MsoNormal\"><span lang=\"FR\" style=\"mso-ansi-language:FR\">Martin Schulz et Mark Rutte devant un panneau de texte en train de visiter l'exposition.<\/span><\/p>","footnotes":"","_post-color":[]},"location":[],"exhibition-category":[],"class_list":["post-2235","exhibition","type-exhibition","status-publish","has-post-thumbnail","hentry","fr-FR"],"yoast_head":"<!-- This site is optimized with the Yoast SEO plugin v26.2 - https:\/\/yoast.com\/wordpress\/plugins\/seo\/ -->\n<title>Routes of Liberation&nbsp;: European Legacies of the Second World War - AlliiertenMuseum<\/title>\n<meta name=\"robots\" content=\"index, follow, max-snippet:-1, max-image-preview:large, max-video-preview:-1\" \/>\n<link rel=\"canonical\" href=\"https:\/\/www.alliiertenmuseum.de\/fr\/ausstellung\/exposition-itinerante-routes-of-liberation-european-legacies-of-the-second-world-war\/\" \/>\n<meta property=\"og:locale\" content=\"fr_FR\" \/>\n<meta property=\"og:type\" content=\"article\" \/>\n<meta property=\"og:title\" content=\"Routes of Liberation&nbsp;: European Legacies of the Second World War - AlliiertenMuseum\" \/>\n<meta property=\"og:description\" content=\"Pour comm\u00e9morer la fin de la Seconde Guerre mondiale et l\u2019entr\u00e9e des troupes am\u00e9ricaines, britanniques et fran\u00e7aises dans Berlin d\u00e9but juillet 1945, le Mus\u00e9e des Alli\u00e9s pr\u00e9sente l\u2019exposition itin\u00e9rante europ\u00e9enne \u00ab&nbsp;Routes of Liberation&nbsp;: European Legacies of the Second World War&nbsp;\u00bb. Cette exposition multim\u00e9dia aborde la fin de la guerre en 1945 et ses r\u00e9percussions \u00e0 partir de diff\u00e9rentes perspectives nationales, afin de mettre en \u00e9vidence l\u2019importance du plus grand conflit arm\u00e9 de l\u2019histoire de l\u2019humanit\u00e9 pour le continent europ\u00e9en.\" \/>\n<meta property=\"og:url\" content=\"https:\/\/www.alliiertenmuseum.de\/fr\/ausstellung\/exposition-itinerante-routes-of-liberation-european-legacies-of-the-second-world-war\/\" \/>\n<meta property=\"og:site_name\" content=\"AlliiertenMuseum\" \/>\n<meta property=\"article:modified_time\" content=\"2024-10-14T09:10:51+00:00\" \/>\n<meta property=\"og:image\" content=\"https:\/\/www.alliiertenmuseum.de\/wp-content\/uploads\/2021\/06\/2.0-alliierten-museum-sonderausstellung-liberation-route.jpg\" \/>\n\t<meta property=\"og:image:width\" content=\"2000\" \/>\n\t<meta property=\"og:image:height\" content=\"1379\" \/>\n\t<meta property=\"og:image:type\" content=\"image\/jpeg\" \/>\n<meta name=\"twitter:card\" content=\"summary_large_image\" \/>\n<meta name=\"twitter:label1\" content=\"Dur\u00e9e de lecture estim\u00e9e\" \/>\n\t<meta name=\"twitter:data1\" content=\"3 minutes\" \/>\n<script type=\"application\/ld+json\" class=\"yoast-schema-graph\">{\"@context\":\"https:\/\/schema.org\",\"@graph\":[{\"@type\":\"WebPage\",\"@id\":\"https:\/\/www.alliiertenmuseum.de\/fr\/ausstellung\/exposition-itinerante-routes-of-liberation-european-legacies-of-the-second-world-war\/\",\"url\":\"https:\/\/www.alliiertenmuseum.de\/fr\/ausstellung\/exposition-itinerante-routes-of-liberation-european-legacies-of-the-second-world-war\/\",\"name\":\"Routes of Liberation&nbsp;: European Legacies of the Second World War - AlliiertenMuseum\",\"isPartOf\":{\"@id\":\"https:\/\/www.alliiertenmuseum.de\/#website\"},\"primaryImageOfPage\":{\"@id\":\"https:\/\/www.alliiertenmuseum.de\/fr\/ausstellung\/exposition-itinerante-routes-of-liberation-european-legacies-of-the-second-world-war\/#primaryimage\"},\"image\":{\"@id\":\"https:\/\/www.alliiertenmuseum.de\/fr\/ausstellung\/exposition-itinerante-routes-of-liberation-european-legacies-of-the-second-world-war\/#primaryimage\"},\"thumbnailUrl\":\"https:\/\/www.alliiertenmuseum.de\/wp-content\/uploads\/2021\/06\/2.0-alliierten-museum-sonderausstellung-liberation-route.jpg\",\"datePublished\":\"2021-08-18T21:17:48+00:00\",\"dateModified\":\"2024-10-14T09:10:51+00:00\",\"breadcrumb\":{\"@id\":\"https:\/\/www.alliiertenmuseum.de\/fr\/ausstellung\/exposition-itinerante-routes-of-liberation-european-legacies-of-the-second-world-war\/#breadcrumb\"},\"inLanguage\":\"fr-FR\",\"potentialAction\":[{\"@type\":\"ReadAction\",\"target\":[\"https:\/\/www.alliiertenmuseum.de\/fr\/ausstellung\/exposition-itinerante-routes-of-liberation-european-legacies-of-the-second-world-war\/\"]}]},{\"@type\":\"ImageObject\",\"inLanguage\":\"fr-FR\",\"@id\":\"https:\/\/www.alliiertenmuseum.de\/fr\/ausstellung\/exposition-itinerante-routes-of-liberation-european-legacies-of-the-second-world-war\/#primaryimage\",\"url\":\"https:\/\/www.alliiertenmuseum.de\/wp-content\/uploads\/2021\/06\/2.0-alliierten-museum-sonderausstellung-liberation-route.jpg\",\"contentUrl\":\"https:\/\/www.alliiertenmuseum.de\/wp-content\/uploads\/2021\/06\/2.0-alliierten-museum-sonderausstellung-liberation-route.jpg\",\"width\":2000,\"height\":1379,\"caption\":\"Opening of the Routes of Liberation Exhibition at the EP in Brussels\"},{\"@type\":\"BreadcrumbList\",\"@id\":\"https:\/\/www.alliiertenmuseum.de\/fr\/ausstellung\/exposition-itinerante-routes-of-liberation-european-legacies-of-the-second-world-war\/#breadcrumb\",\"itemListElement\":[{\"@type\":\"ListItem\",\"position\":1,\"name\":\"Startseite\",\"item\":\"https:\/\/www.alliiertenmuseum.de\/fr\/\"},{\"@type\":\"ListItem\",\"position\":2,\"name\":\"Ausstellungen\",\"item\":\"https:\/\/www.alliiertenmuseum.de\/ausstellung\/\"},{\"@type\":\"ListItem\",\"position\":3,\"name\":\"Routes of Liberation&nbsp;: European Legacies of the Second World War\"}]},{\"@type\":\"WebSite\",\"@id\":\"https:\/\/www.alliiertenmuseum.de\/#website\",\"url\":\"https:\/\/www.alliiertenmuseum.de\/\",\"name\":\"AlliiertenMuseum\",\"description\":\"\",\"publisher\":{\"@id\":\"https:\/\/www.alliiertenmuseum.de\/#organization\"},\"potentialAction\":[{\"@type\":\"SearchAction\",\"target\":{\"@type\":\"EntryPoint\",\"urlTemplate\":\"https:\/\/www.alliiertenmuseum.de\/?s={search_term_string}\"},\"query-input\":{\"@type\":\"PropertyValueSpecification\",\"valueRequired\":true,\"valueName\":\"search_term_string\"}}],\"inLanguage\":\"fr-FR\"},{\"@type\":\"Organization\",\"@id\":\"https:\/\/www.alliiertenmuseum.de\/#organization\",\"name\":\"AlliiertenMuseum\",\"url\":\"https:\/\/www.alliiertenmuseum.de\/\",\"logo\":{\"@type\":\"ImageObject\",\"inLanguage\":\"fr-FR\",\"@id\":\"https:\/\/www.alliiertenmuseum.de\/#\/schema\/logo\/image\/\",\"url\":\"https:\/\/www.alliiertenmuseum.de\/wp-content\/uploads\/2021\/05\/logo.svg\",\"contentUrl\":\"https:\/\/www.alliiertenmuseum.de\/wp-content\/uploads\/2021\/05\/logo.svg\",\"caption\":\"AlliiertenMuseum\"},\"image\":{\"@id\":\"https:\/\/www.alliiertenmuseum.de\/#\/schema\/logo\/image\/\"}}]}<\/script>\n<!-- \/ Yoast SEO plugin. -->","yoast_head_json":{"title":"Routes of Liberation&nbsp;: European Legacies of the Second World War - AlliiertenMuseum","robots":{"index":"index","follow":"follow","max-snippet":"max-snippet:-1","max-image-preview":"max-image-preview:large","max-video-preview":"max-video-preview:-1"},"canonical":"https:\/\/www.alliiertenmuseum.de\/fr\/ausstellung\/exposition-itinerante-routes-of-liberation-european-legacies-of-the-second-world-war\/","og_locale":"fr_FR","og_type":"article","og_title":"Routes of Liberation&nbsp;: European Legacies of the Second World War - AlliiertenMuseum","og_description":"Pour comm\u00e9morer la fin de la Seconde Guerre mondiale et l\u2019entr\u00e9e des troupes am\u00e9ricaines, britanniques et fran\u00e7aises dans Berlin d\u00e9but juillet 1945, le Mus\u00e9e des Alli\u00e9s pr\u00e9sente l\u2019exposition itin\u00e9rante europ\u00e9enne \u00ab&nbsp;Routes of Liberation&nbsp;: European Legacies of the Second World War&nbsp;\u00bb. Cette exposition multim\u00e9dia aborde la fin de la guerre en 1945 et ses r\u00e9percussions \u00e0 partir de diff\u00e9rentes perspectives nationales, afin de mettre en \u00e9vidence l\u2019importance du plus grand conflit arm\u00e9 de l\u2019histoire de l\u2019humanit\u00e9 pour le continent europ\u00e9en.","og_url":"https:\/\/www.alliiertenmuseum.de\/fr\/ausstellung\/exposition-itinerante-routes-of-liberation-european-legacies-of-the-second-world-war\/","og_site_name":"AlliiertenMuseum","article_modified_time":"2024-10-14T09:10:51+00:00","og_image":[{"width":2000,"height":1379,"url":"https:\/\/www.alliiertenmuseum.de\/wp-content\/uploads\/2021\/06\/2.0-alliierten-museum-sonderausstellung-liberation-route.jpg","type":"image\/jpeg"}],"twitter_card":"summary_large_image","twitter_misc":{"Dur\u00e9e de lecture estim\u00e9e":"3 minutes"},"schema":{"@context":"https:\/\/schema.org","@graph":[{"@type":"WebPage","@id":"https:\/\/www.alliiertenmuseum.de\/fr\/ausstellung\/exposition-itinerante-routes-of-liberation-european-legacies-of-the-second-world-war\/","url":"https:\/\/www.alliiertenmuseum.de\/fr\/ausstellung\/exposition-itinerante-routes-of-liberation-european-legacies-of-the-second-world-war\/","name":"Routes of Liberation&nbsp;: European Legacies of the Second World War - AlliiertenMuseum","isPartOf":{"@id":"https:\/\/www.alliiertenmuseum.de\/#website"},"primaryImageOfPage":{"@id":"https:\/\/www.alliiertenmuseum.de\/fr\/ausstellung\/exposition-itinerante-routes-of-liberation-european-legacies-of-the-second-world-war\/#primaryimage"},"image":{"@id":"https:\/\/www.alliiertenmuseum.de\/fr\/ausstellung\/exposition-itinerante-routes-of-liberation-european-legacies-of-the-second-world-war\/#primaryimage"},"thumbnailUrl":"https:\/\/www.alliiertenmuseum.de\/wp-content\/uploads\/2021\/06\/2.0-alliierten-museum-sonderausstellung-liberation-route.jpg","datePublished":"2021-08-18T21:17:48+00:00","dateModified":"2024-10-14T09:10:51+00:00","breadcrumb":{"@id":"https:\/\/www.alliiertenmuseum.de\/fr\/ausstellung\/exposition-itinerante-routes-of-liberation-european-legacies-of-the-second-world-war\/#breadcrumb"},"inLanguage":"fr-FR","potentialAction":[{"@type":"ReadAction","target":["https:\/\/www.alliiertenmuseum.de\/fr\/ausstellung\/exposition-itinerante-routes-of-liberation-european-legacies-of-the-second-world-war\/"]}]},{"@type":"ImageObject","inLanguage":"fr-FR","@id":"https:\/\/www.alliiertenmuseum.de\/fr\/ausstellung\/exposition-itinerante-routes-of-liberation-european-legacies-of-the-second-world-war\/#primaryimage","url":"https:\/\/www.alliiertenmuseum.de\/wp-content\/uploads\/2021\/06\/2.0-alliierten-museum-sonderausstellung-liberation-route.jpg","contentUrl":"https:\/\/www.alliiertenmuseum.de\/wp-content\/uploads\/2021\/06\/2.0-alliierten-museum-sonderausstellung-liberation-route.jpg","width":2000,"height":1379,"caption":"Opening of the Routes of Liberation Exhibition at the EP in Brussels"},{"@type":"BreadcrumbList","@id":"https:\/\/www.alliiertenmuseum.de\/fr\/ausstellung\/exposition-itinerante-routes-of-liberation-european-legacies-of-the-second-world-war\/#breadcrumb","itemListElement":[{"@type":"ListItem","position":1,"name":"Startseite","item":"https:\/\/www.alliiertenmuseum.de\/fr\/"},{"@type":"ListItem","position":2,"name":"Ausstellungen","item":"https:\/\/www.alliiertenmuseum.de\/ausstellung\/"},{"@type":"ListItem","position":3,"name":"Routes of Liberation&nbsp;: European Legacies of the Second World War"}]},{"@type":"WebSite","@id":"https:\/\/www.alliiertenmuseum.de\/#website","url":"https:\/\/www.alliiertenmuseum.de\/","name":"AlliiertenMuseum","description":"","publisher":{"@id":"https:\/\/www.alliiertenmuseum.de\/#organization"},"potentialAction":[{"@type":"SearchAction","target":{"@type":"EntryPoint","urlTemplate":"https:\/\/www.alliiertenmuseum.de\/?s={search_term_string}"},"query-input":{"@type":"PropertyValueSpecification","valueRequired":true,"valueName":"search_term_string"}}],"inLanguage":"fr-FR"},{"@type":"Organization","@id":"https:\/\/www.alliiertenmuseum.de\/#organization","name":"AlliiertenMuseum","url":"https:\/\/www.alliiertenmuseum.de\/","logo":{"@type":"ImageObject","inLanguage":"fr-FR","@id":"https:\/\/www.alliiertenmuseum.de\/#\/schema\/logo\/image\/","url":"https:\/\/www.alliiertenmuseum.de\/wp-content\/uploads\/2021\/05\/logo.svg","contentUrl":"https:\/\/www.alliiertenmuseum.de\/wp-content\/uploads\/2021\/05\/logo.svg","caption":"AlliiertenMuseum"},"image":{"@id":"https:\/\/www.alliiertenmuseum.de\/#\/schema\/logo\/image\/"}}]}},"_links":{"self":[{"href":"https:\/\/www.alliiertenmuseum.de\/wp-json\/wp\/v2\/exhibition\/2235","targetHints":{"allow":["GET"]}}],"collection":[{"href":"https:\/\/www.alliiertenmuseum.de\/wp-json\/wp\/v2\/exhibition"}],"about":[{"href":"https:\/\/www.alliiertenmuseum.de\/wp-json\/wp\/v2\/types\/exhibition"}],"version-history":[{"count":8,"href":"https:\/\/www.alliiertenmuseum.de\/wp-json\/wp\/v2\/exhibition\/2235\/revisions"}],"predecessor-version":[{"id":33898,"href":"https:\/\/www.alliiertenmuseum.de\/wp-json\/wp\/v2\/exhibition\/2235\/revisions\/33898"}],"wp:featuredmedia":[{"embeddable":true,"href":"https:\/\/www.alliiertenmuseum.de\/wp-json\/wp\/v2\/media\/765"}],"wp:attachment":[{"href":"https:\/\/www.alliiertenmuseum.de\/wp-json\/wp\/v2\/media?parent=2235"}],"wp:term":[{"taxonomy":"location","embeddable":true,"href":"https:\/\/www.alliiertenmuseum.de\/wp-json\/wp\/v2\/location?post=2235"},{"taxonomy":"exhibition-category","embeddable":true,"href":"https:\/\/www.alliiertenmuseum.de\/wp-json\/wp\/v2\/exhibition-category?post=2235"}],"curies":[{"name":"wp","href":"https:\/\/api.w.org\/{rel}","templated":true}]}}