{"id":3074,"date":"2021-08-25T22:37:07","date_gmt":"2021-08-25T20:37:07","guid":{"rendered":"http:\/\/stage.alm.smithberlin.com\/?post_type=object&#038;p=3074"},"modified":"2024-10-14T12:57:58","modified_gmt":"2024-10-14T10:57:58","slug":"le-tunnel-despionnage-berlinois","status":"publish","type":"object","link":"https:\/\/www.alliiertenmuseum.de\/fr\/objekt\/le-tunnel-despionnage-berlinois\/","title":{"rendered":"Le tun&shy;nel d\u2019es&shy;pion&shy;nage ber&shy;li&shy;nois"},"content":{"rendered":"\n<div class=\"wp-block-columns is-layout-flex wp-container-core-columns-is-layout-9d6595d7 wp-block-columns-is-layout-flex\">\n<div class=\"wp-block-column is-layout-flow wp-block-column-is-layout-flow\">\n<p>Le tunnel d\u2019espionnage Berlinois est l\u2019embl\u00e8me de l\u2019une des op\u00e9rations les plus palpitantes des services sp\u00e9ciaux au cours des premi\u00e8res ann\u00e9es de la Guerre froide. De 1953 \u00e0 1955, les services de renseignement am\u00e9ricain, la CIA, et le SIS britannique ont planifi\u00e9 et construit un tunnel secret pour \u00e9couter les t\u00e9l\u00e9communications des forces arm\u00e9es sovi\u00e9tiques. Il s\u2019\u00e9tendait sur environ 430&nbsp;m\u00e8tres, du quartier de Rudow dans le secteur am\u00e9ricain de Berlin jusqu\u2019\u00e0 celui d\u2019Altglienicke dans le secteur sovi\u00e9tique. La mise sur \u00e9coute des lignes a permis aux Am\u00e9ricains et Britanniques d\u2019intercepter plus de 400&nbsp;000 conversations t\u00e9l\u00e9phoniques de l\u2019arm\u00e9e sovi\u00e9tique ainsi que d\u2019innombrables t\u00e9lex entre mai 1955 et avril 1956.<\/p>\n<\/div>\n\n\n\n<div class=\"wp-block-column is-layout-flow wp-block-column-is-layout-flow\">\n<figure class=\"wp-block-image size-large\"><img loading=\"lazy\" decoding=\"async\" width=\"1024\" height=\"683\" src=\"https:\/\/www.alliiertenmuseum.de\/wp-content\/uploads\/2021\/06\/5.0-01-alliierten-museum-dauerausstellung-berlin-spionagetunnel-1024x683.jpg\" alt=\"Vue sur l\u2019int\u00e9rieur du tunnel d\u2019espionnage compos\u00e9 d\u2019un tuyau en m\u00e9tal avec, sur les deux c\u00f4t\u00e9s, des sacs de sable, des c\u00e2bles et, au centre, une rang\u00e9e d\u2019ampoules et un passage\" class=\"wp-image-813\" srcset=\"https:\/\/www.alliiertenmuseum.de\/wp-content\/uploads\/2021\/06\/5.0-01-alliierten-museum-dauerausstellung-berlin-spionagetunnel-1024x683.jpg 1024w, https:\/\/www.alliiertenmuseum.de\/wp-content\/uploads\/2021\/06\/5.0-01-alliierten-museum-dauerausstellung-berlin-spionagetunnel-300x200.jpg 300w, https:\/\/www.alliiertenmuseum.de\/wp-content\/uploads\/2021\/06\/5.0-01-alliierten-museum-dauerausstellung-berlin-spionagetunnel-768x512.jpg 768w, https:\/\/www.alliiertenmuseum.de\/wp-content\/uploads\/2021\/06\/5.0-01-alliierten-museum-dauerausstellung-berlin-spionagetunnel-1536x1025.jpg 1536w, https:\/\/www.alliiertenmuseum.de\/wp-content\/uploads\/2021\/06\/5.0-01-alliierten-museum-dauerausstellung-berlin-spionagetunnel-50x33.jpg 50w, https:\/\/www.alliiertenmuseum.de\/wp-content\/uploads\/2021\/06\/5.0-01-alliierten-museum-dauerausstellung-berlin-spionagetunnel.jpg 2000w\" sizes=\"auto, (max-width: 1024px) 100vw, 1024px\" \/><figcaption class=\"wp-element-caption\">Tron\u00e7on restaur\u00e9 du tunnel d\u2019espionnage dans l\u2019exposition permanente du Mus\u00e9e des Alli\u00e9s, 2019 (AlliiertenMuseum\/Eberle et Eisfeld)<\/figcaption><\/figure>\n<\/div>\n<\/div>\n\n\n\n<div class=\"wp-block-group\"><div class=\"wp-block-group__inner-container is-layout-flow wp-block-group-is-layout-flow\">\n<div class=\"wp-block-group\"><div class=\"wp-block-group__inner-container is-layout-flow wp-block-group-is-layout-flow\">\n<h3 class=\"wp-block-heading\">UNE TROU&shy;V\u00c9E SEN&shy;SA&shy;TION&shy;NELLE \u00c0 PA&shy;SE&shy;WALK<\/h3>\n<\/div><\/div>\n\n\n\n<div class=\"wp-block-columns is-layout-flex wp-container-core-columns-is-layout-9d6595d7 wp-block-columns-is-layout-flex\">\n<div class=\"wp-block-column is-layout-flow wp-block-column-is-layout-flow\">\n<div class=\"wp-block-group\"><div class=\"wp-block-group__inner-container is-layout-flow wp-block-group-is-layout-flow\">\n<p>Apr\u00e8s sa d\u00e9couverte par une compagnie de transmissions des forces arm\u00e9es sovi\u00e9tiques en avril 1956, le tunnel d\u2019espionnage Berlinois fit sensation dans le monde entier. La section d\u2019environ 300 m\u00e8tres situ\u00e9e sur le territoire est-berlinois fut d\u00e9mont\u00e9e \u00e0 l\u2019automne 1956. Les segments situ\u00e9s dans Berlin-Ouest tomb\u00e8rent dans l\u2019oubli. Cela ne changea qu\u2019en 1997. Le Mus\u00e9e des Alli\u00e9s fit mettre au jour et transporter un tron\u00e7on de la galerie souterraine d\u2019environ sept m\u00e8tres de long, pour le restaurer et l\u2019exposer. Rien ne permettait de penser qu\u2019il restait une quelconque trace de la section situ\u00e9e en RDA \u2013 jusqu\u2019en 2012.<\/p>\n<\/div><\/div>\n<\/div>\n\n\n\n<div class=\"wp-block-column is-layout-flow wp-block-column-is-layout-flow\">\n<p>\u00ab&nbsp;Je crois qu\u2019il y a des bouts du tunnel d\u2019espionnage berlinois dans la for\u00eat de Pasewalk&nbsp;\u00bb d\u00e9clara d\u00e9but ao\u00fbt 2012 Werner Sobolewski \u00e0 Bernd von Kostka, l\u2019expert du tunnel du Mus\u00e9e des Alli\u00e9s, au t\u00e9l\u00e9phone. Apr\u00e8s le premier d\u00e9gagement en 1997 dans la partie occidentale de Berlin puis un second en 2005, Bernd von Kostka n\u2019osait plus esp\u00e9rer pareille piste. L\u2019historien se rendit d\u00e8s le jour suivant en Mecklembourg-Pom\u00e9ranie occidentale et constata sur place que la d\u00e9couverte correspondait bien \u00e0 des pans du tunnel l\u00e9gendaire.<\/p>\n<\/div>\n<\/div>\n<\/div><\/div>\n\n\n\n<div class=\"wp-block-group\"><div class=\"wp-block-group__inner-container is-layout-flow wp-block-group-is-layout-flow\">\n<div class=\"slider\" data-display=\"peek\" data-pager=\"false\" class=\"wp-block-acv-slider\"><figure class=\"wp-block-image size-large\"><img loading=\"lazy\" decoding=\"async\" data-id=\"814\" class=\"wp-image-814\" src=\"https:\/\/www.alliiertenmuseum.de\/wp-content\/uploads\/2021\/06\/5.0-02-spionagetunnel-kalter-krieg-pasewalk-1024x681.jpg\" alt=\"\" title=\"\" width=\"1024\" height=\"681\" srcset=\"https:\/\/www.alliiertenmuseum.de\/wp-content\/uploads\/2021\/06\/5.0-02-spionagetunnel-kalter-krieg-pasewalk-1024x681.jpg 1024w, https:\/\/www.alliiertenmuseum.de\/wp-content\/uploads\/2021\/06\/5.0-02-spionagetunnel-kalter-krieg-pasewalk-300x200.jpg 300w, https:\/\/www.alliiertenmuseum.de\/wp-content\/uploads\/2021\/06\/5.0-02-spionagetunnel-kalter-krieg-pasewalk-768x511.jpg 768w, https:\/\/www.alliiertenmuseum.de\/wp-content\/uploads\/2021\/06\/5.0-02-spionagetunnel-kalter-krieg-pasewalk-1536x1022.jpg 1536w, https:\/\/www.alliiertenmuseum.de\/wp-content\/uploads\/2021\/06\/5.0-02-spionagetunnel-kalter-krieg-pasewalk-50x33.jpg 50w, https:\/\/www.alliiertenmuseum.de\/wp-content\/uploads\/2021\/06\/5.0-02-spionagetunnel-kalter-krieg-pasewalk.jpg 2000w\" sizes=\"auto, (max-width: 1024px) 100vw, 1024px\" \/><figcaption class=\"slide-caption\">Tron\u00e7on du tunnel d\u2019espionnage dans la for\u00eat pr\u00e8s de Pasewalk, 2012 (AlliiertenMuseum\/Chodan)<\/figcaption><\/figure><figure class=\"wp-block-image size-large\"><img loading=\"lazy\" decoding=\"async\" data-id=\"815\" class=\"wp-image-815\" src=\"https:\/\/www.alliiertenmuseum.de\/wp-content\/uploads\/2021\/06\/5.0-03-spionagetunnel-nva-pasewalk-1024x681.jpg\" alt=\"\" title=\"\" width=\"1024\" height=\"681\" srcset=\"https:\/\/www.alliiertenmuseum.de\/wp-content\/uploads\/2021\/06\/5.0-03-spionagetunnel-nva-pasewalk-1024x681.jpg 1024w, https:\/\/www.alliiertenmuseum.de\/wp-content\/uploads\/2021\/06\/5.0-03-spionagetunnel-nva-pasewalk-300x200.jpg 300w, https:\/\/www.alliiertenmuseum.de\/wp-content\/uploads\/2021\/06\/5.0-03-spionagetunnel-nva-pasewalk-768x511.jpg 768w, https:\/\/www.alliiertenmuseum.de\/wp-content\/uploads\/2021\/06\/5.0-03-spionagetunnel-nva-pasewalk-1536x1022.jpg 1536w, https:\/\/www.alliiertenmuseum.de\/wp-content\/uploads\/2021\/06\/5.0-03-spionagetunnel-nva-pasewalk-50x33.jpg 50w, https:\/\/www.alliiertenmuseum.de\/wp-content\/uploads\/2021\/06\/5.0-03-spionagetunnel-nva-pasewalk.jpg 2000w\" sizes=\"auto, (max-width: 1024px) 100vw, 1024px\" \/><figcaption class=\"slide-caption\">Tron\u00e7on du tunnel d\u2019espionnage rempli de terre dans la for\u00eat pr\u00e8s de Pasewalk, 2012 (AlliiertenMuseum\/Chodan)<\/figcaption><\/figure><figure class=\"wp-block-image size-large\"><img loading=\"lazy\" decoding=\"async\" data-id=\"816\" class=\"wp-image-816\" src=\"https:\/\/www.alliiertenmuseum.de\/wp-content\/uploads\/2021\/06\/5.0-04-spionage-tunnel-pasewalk-berlin-1024x681.jpg\" alt=\"\" title=\"\" width=\"1024\" height=\"681\" srcset=\"https:\/\/www.alliiertenmuseum.de\/wp-content\/uploads\/2021\/06\/5.0-04-spionage-tunnel-pasewalk-berlin-1024x681.jpg 1024w, https:\/\/www.alliiertenmuseum.de\/wp-content\/uploads\/2021\/06\/5.0-04-spionage-tunnel-pasewalk-berlin-300x200.jpg 300w, https:\/\/www.alliiertenmuseum.de\/wp-content\/uploads\/2021\/06\/5.0-04-spionage-tunnel-pasewalk-berlin-768x511.jpg 768w, https:\/\/www.alliiertenmuseum.de\/wp-content\/uploads\/2021\/06\/5.0-04-spionage-tunnel-pasewalk-berlin-1536x1022.jpg 1536w, https:\/\/www.alliiertenmuseum.de\/wp-content\/uploads\/2021\/06\/5.0-04-spionage-tunnel-pasewalk-berlin-50x33.jpg 50w, https:\/\/www.alliiertenmuseum.de\/wp-content\/uploads\/2021\/06\/5.0-04-spionage-tunnel-pasewalk-berlin.jpg 2000w\" sizes=\"auto, (max-width: 1024px) 100vw, 1024px\" \/><figcaption class=\"slide-caption\">Arriv\u00e9e \u00e0 Berlin du convoi venant de Pasewalk avec des morceaux du tunnel d\u2019espionnage, 2013 (AlliiertenMuseum\/Chodan)<\/figcaption><\/figure><figure class=\"wp-block-image size-large\"><img loading=\"lazy\" decoding=\"async\" data-id=\"817\" class=\"wp-image-817\" src=\"https:\/\/www.alliiertenmuseum.de\/wp-content\/uploads\/2021\/06\/5.0-05-spionage-tunnel-alliierten-museum-1024x681.jpg\" alt=\"\" title=\"\" width=\"1024\" height=\"681\" srcset=\"https:\/\/www.alliiertenmuseum.de\/wp-content\/uploads\/2021\/06\/5.0-05-spionage-tunnel-alliierten-museum-1024x681.jpg 1024w, https:\/\/www.alliiertenmuseum.de\/wp-content\/uploads\/2021\/06\/5.0-05-spionage-tunnel-alliierten-museum-300x200.jpg 300w, https:\/\/www.alliiertenmuseum.de\/wp-content\/uploads\/2021\/06\/5.0-05-spionage-tunnel-alliierten-museum-768x511.jpg 768w, https:\/\/www.alliiertenmuseum.de\/wp-content\/uploads\/2021\/06\/5.0-05-spionage-tunnel-alliierten-museum-1536x1022.jpg 1536w, https:\/\/www.alliiertenmuseum.de\/wp-content\/uploads\/2021\/06\/5.0-05-spionage-tunnel-alliierten-museum-50x33.jpg 50w, https:\/\/www.alliiertenmuseum.de\/wp-content\/uploads\/2021\/06\/5.0-05-spionage-tunnel-alliierten-museum.jpg 2000w\" sizes=\"auto, (max-width: 1024px) 100vw, 1024px\" \/><figcaption class=\"slide-caption\">Entreposage de morceaux du tunnel d\u2019espionnage de Pasewalk dans un d\u00e9p\u00f4t du Mus\u00e9e des Alli\u00e9s, 2013 (AlliiertenMuseum\/Chodan)<\/figcaption><\/figure><\/div>\n\n\n\n<div style=\"height:67px\" aria-hidden=\"true\" class=\"wp-block-spacer\"><\/div>\n\n\n\n<div class=\"wp-block-columns is-layout-flex wp-container-core-columns-is-layout-9d6595d7 wp-block-columns-is-layout-flex\">\n<div class=\"wp-block-column is-layout-flow wp-block-column-is-layout-flow\">\n<p>D\u2019apr\u00e8s les recherches effectu\u00e9es, ce sont des unit\u00e9s du g\u00e9nie de l\u2019Arm\u00e9e nationale populaire de RDA qui ont \u00e9t\u00e9 charg\u00e9es en 1956 de d\u00e9manteler les segments du tunnel dans le secteur sovi\u00e9tique de Berlin. Les soldats r\u00e9alis\u00e8rent leur utilit\u00e9 pour leur propre travail militaire. Et c\u2019est pour cette raison qu\u2019une s\u00e9rie de segments a \u00e9t\u00e9 utilis\u00e9e comme abris et postes centraux de commandement pour les man\u0153uvres. Apr\u00e8s la r\u00e9unification allemande en 1990, une partie d\u2019entre eux est rest\u00e9e enterr\u00e9e \u2013 comme \u00e0 Pasewalk. En concertation avec le service de la protection du patrimoine et les responsables de la for\u00eat de Pasewalk, le Mus\u00e9e des Alli\u00e9s fit d\u00e9gager ces pans de tunnel en d\u00e9cembre 2012. Ils se trouvent actuellement dans les entrep\u00f4ts du mus\u00e9e.<\/p>\n<\/div>\n\n\n\n<div class=\"wp-block-column is-layout-flow wp-block-column-is-layout-flow\">\n<p>Avec la trouvaille de Pasewalk, l\u2019histoire fantastique du tunnel d\u2019espionnage berlinois s\u2019enrichit, 56 ans apr\u00e8s sa d\u00e9couverte, de l\u2019\u00e9pisode passionnant de la \u00ab&nbsp;reconversion&nbsp;\u00bb en RDA et peut d\u00e9sormais \u00eatre racont\u00e9 comme un chapitre complet de la Guerre froide. Le Mus\u00e9e des Alli\u00e9s est la seule institution au monde \u00e0 poss\u00e9der des tron\u00e7ons originaux du tunnel, dont l\u2019un est d\u00e9j\u00e0 visible dans l\u2019exposition permanente. Les visiteurs l\u2019ont \u00e9lu comme l\u2019un des objets phares du mus\u00e9e.<\/p>\n<\/div>\n<\/div>\n<\/div><\/div>\n","protected":false},"excerpt":{"rendered":"<p>La Guerre froide souterraine&nbsp;: l\u2019histoire du tunnel d\u2019espionnage berlinois et d\u2019une d\u00e9couverte sensationnelle au fin fond du Mecklembourg.<\/p>\n","protected":false},"featured_media":0,"template":"","meta":{"_locale":"fr_FR","_original_post":"https:\/\/www.alliiertenmuseum.de\/?post_type=object&#038;p=283","_featured_caption":"","_featured_caption_checkbox":false,"_featured_alt":"","_pinkie_id":812,"_pinkie_caption":false,"_pinkie_alt":"<p class=\"MsoNormal\"><span lang=\"FR\" style=\"mso-ansi-language:FR\">Vue \u00e0 l\u2019int\u00e9rieur du tunnel d'espionnage dans l'exposition.<\/span><\/p>","footnotes":"","_post-color":[]},"collection":[],"class_list":["post-3074","object","type-object","status-publish","has-post-thumbnail","hentry","fr-FR"],"yoast_head":"<!-- This site is optimized with the Yoast SEO plugin v26.2 - https:\/\/yoast.com\/wordpress\/plugins\/seo\/ -->\n<title>Le tunnel d\u2019espionnage berlinois - AlliiertenMuseum<\/title>\n<meta name=\"description\" content=\"Nous vous pr\u00e9sentons l\u2019histoire du tunnel d\u2019espionnage de Berlin, un objet phare de notre collection sur la guerre froide.\" \/>\n<meta name=\"robots\" content=\"index, follow, max-snippet:-1, max-image-preview:large, max-video-preview:-1\" \/>\n<link rel=\"canonical\" href=\"https:\/\/www.alliiertenmuseum.de\/fr\/objekt\/le-tunnel-despionnage-berlinois\/\" \/>\n<meta property=\"og:locale\" content=\"fr_FR\" \/>\n<meta property=\"og:type\" content=\"article\" \/>\n<meta property=\"og:title\" content=\"Le tun[-]nel d\u2019es[-]pion[-]nage ber[-]li[-]nois - AlliiertenMuseum\" \/>\n<meta property=\"og:description\" content=\"Nous vous pr\u00e9sentons l\u2019histoire du tunnel d\u2019espionnage de Berlin, un objet phare de notre collection sur la guerre froide.\" \/>\n<meta property=\"og:url\" content=\"https:\/\/www.alliiertenmuseum.de\/fr\/objekt\/le-tunnel-despionnage-berlinois\/\" \/>\n<meta property=\"og:site_name\" content=\"AlliiertenMuseum\" \/>\n<meta property=\"article:modified_time\" content=\"2024-10-14T10:57:58+00:00\" \/>\n<meta property=\"og:image\" content=\"https:\/\/www.alliiertenmuseum.de\/wp-content\/uploads\/2021\/06\/5.0-01-alliierten-museum-dauerausstellung-berlin-spionagetunnel-1024x683.jpg\" \/>\n<meta name=\"twitter:card\" content=\"summary_large_image\" \/>\n<meta name=\"twitter:label1\" content=\"Dur\u00e9e de lecture estim\u00e9e\" \/>\n\t<meta name=\"twitter:data1\" content=\"5 minutes\" \/>\n<script type=\"application\/ld+json\" class=\"yoast-schema-graph\">{\"@context\":\"https:\/\/schema.org\",\"@graph\":[{\"@type\":\"WebPage\",\"@id\":\"https:\/\/www.alliiertenmuseum.de\/fr\/objekt\/le-tunnel-despionnage-berlinois\/\",\"url\":\"https:\/\/www.alliiertenmuseum.de\/fr\/objekt\/le-tunnel-despionnage-berlinois\/\",\"name\":\"Le tun[-]nel d\u2019es[-]pion[-]nage ber[-]li[-]nois - AlliiertenMuseum\",\"isPartOf\":{\"@id\":\"https:\/\/www.alliiertenmuseum.de\/#website\"},\"primaryImageOfPage\":{\"@id\":\"https:\/\/www.alliiertenmuseum.de\/fr\/objekt\/le-tunnel-despionnage-berlinois\/#primaryimage\"},\"image\":{\"@id\":\"https:\/\/www.alliiertenmuseum.de\/fr\/objekt\/le-tunnel-despionnage-berlinois\/#primaryimage\"},\"thumbnailUrl\":\"https:\/\/www.alliiertenmuseum.de\/wp-content\/uploads\/2021\/06\/5.0-01-alliierten-museum-dauerausstellung-berlin-spionagetunnel-1024x683.jpg\",\"datePublished\":\"2021-08-25T20:37:07+00:00\",\"dateModified\":\"2024-10-14T10:57:58+00:00\",\"description\":\"Nous vous pr\u00e9sentons l\u2019histoire du tunnel d\u2019espionnage de Berlin, un objet phare de notre collection sur la guerre froide.\",\"breadcrumb\":{\"@id\":\"https:\/\/www.alliiertenmuseum.de\/fr\/objekt\/le-tunnel-despionnage-berlinois\/#breadcrumb\"},\"inLanguage\":\"fr-FR\",\"potentialAction\":[{\"@type\":\"ReadAction\",\"target\":[\"https:\/\/www.alliiertenmuseum.de\/fr\/objekt\/le-tunnel-despionnage-berlinois\/\"]}]},{\"@type\":\"ImageObject\",\"inLanguage\":\"fr-FR\",\"@id\":\"https:\/\/www.alliiertenmuseum.de\/fr\/objekt\/le-tunnel-despionnage-berlinois\/#primaryimage\",\"url\":\"https:\/\/www.alliiertenmuseum.de\/wp-content\/uploads\/2021\/06\/5.0-01-alliierten-museum-dauerausstellung-berlin-spionagetunnel.jpg\",\"contentUrl\":\"https:\/\/www.alliiertenmuseum.de\/wp-content\/uploads\/2021\/06\/5.0-01-alliierten-museum-dauerausstellung-berlin-spionagetunnel.jpg\",\"width\":2000,\"height\":1334},{\"@type\":\"BreadcrumbList\",\"@id\":\"https:\/\/www.alliiertenmuseum.de\/fr\/objekt\/le-tunnel-despionnage-berlinois\/#breadcrumb\",\"itemListElement\":[{\"@type\":\"ListItem\",\"position\":1,\"name\":\"Startseite\",\"item\":\"https:\/\/www.alliiertenmuseum.de\/fr\/\"},{\"@type\":\"ListItem\",\"position\":2,\"name\":\"Le tunnel d\u2019espionnage berlinois\"}]},{\"@type\":\"WebSite\",\"@id\":\"https:\/\/www.alliiertenmuseum.de\/#website\",\"url\":\"https:\/\/www.alliiertenmuseum.de\/\",\"name\":\"AlliiertenMuseum\",\"description\":\"\",\"publisher\":{\"@id\":\"https:\/\/www.alliiertenmuseum.de\/#organization\"},\"potentialAction\":[{\"@type\":\"SearchAction\",\"target\":{\"@type\":\"EntryPoint\",\"urlTemplate\":\"https:\/\/www.alliiertenmuseum.de\/?s={search_term_string}\"},\"query-input\":{\"@type\":\"PropertyValueSpecification\",\"valueRequired\":true,\"valueName\":\"search_term_string\"}}],\"inLanguage\":\"fr-FR\"},{\"@type\":\"Organization\",\"@id\":\"https:\/\/www.alliiertenmuseum.de\/#organization\",\"name\":\"AlliiertenMuseum\",\"url\":\"https:\/\/www.alliiertenmuseum.de\/\",\"logo\":{\"@type\":\"ImageObject\",\"inLanguage\":\"fr-FR\",\"@id\":\"https:\/\/www.alliiertenmuseum.de\/#\/schema\/logo\/image\/\",\"url\":\"https:\/\/www.alliiertenmuseum.de\/wp-content\/uploads\/2021\/05\/logo.svg\",\"contentUrl\":\"https:\/\/www.alliiertenmuseum.de\/wp-content\/uploads\/2021\/05\/logo.svg\",\"caption\":\"AlliiertenMuseum\"},\"image\":{\"@id\":\"https:\/\/www.alliiertenmuseum.de\/#\/schema\/logo\/image\/\"}}]}<\/script>\n<!-- \/ Yoast SEO plugin. -->","yoast_head_json":{"title":"Le tunnel d\u2019espionnage berlinois - AlliiertenMuseum","description":"Nous vous pr\u00e9sentons l\u2019histoire du tunnel d\u2019espionnage de Berlin, un objet phare de notre collection sur la guerre froide.","robots":{"index":"index","follow":"follow","max-snippet":"max-snippet:-1","max-image-preview":"max-image-preview:large","max-video-preview":"max-video-preview:-1"},"canonical":"https:\/\/www.alliiertenmuseum.de\/fr\/objekt\/le-tunnel-despionnage-berlinois\/","og_locale":"fr_FR","og_type":"article","og_title":"Le tun[-]nel d\u2019es[-]pion[-]nage ber[-]li[-]nois - AlliiertenMuseum","og_description":"Nous vous pr\u00e9sentons l\u2019histoire du tunnel d\u2019espionnage de Berlin, un objet phare de notre collection sur la guerre froide.","og_url":"https:\/\/www.alliiertenmuseum.de\/fr\/objekt\/le-tunnel-despionnage-berlinois\/","og_site_name":"AlliiertenMuseum","article_modified_time":"2024-10-14T10:57:58+00:00","og_image":[{"url":"https:\/\/www.alliiertenmuseum.de\/wp-content\/uploads\/2021\/06\/5.0-01-alliierten-museum-dauerausstellung-berlin-spionagetunnel-1024x683.jpg","type":"","width":"","height":""}],"twitter_card":"summary_large_image","twitter_misc":{"Dur\u00e9e de lecture estim\u00e9e":"5 minutes"},"schema":{"@context":"https:\/\/schema.org","@graph":[{"@type":"WebPage","@id":"https:\/\/www.alliiertenmuseum.de\/fr\/objekt\/le-tunnel-despionnage-berlinois\/","url":"https:\/\/www.alliiertenmuseum.de\/fr\/objekt\/le-tunnel-despionnage-berlinois\/","name":"Le tun[-]nel d\u2019es[-]pion[-]nage ber[-]li[-]nois - AlliiertenMuseum","isPartOf":{"@id":"https:\/\/www.alliiertenmuseum.de\/#website"},"primaryImageOfPage":{"@id":"https:\/\/www.alliiertenmuseum.de\/fr\/objekt\/le-tunnel-despionnage-berlinois\/#primaryimage"},"image":{"@id":"https:\/\/www.alliiertenmuseum.de\/fr\/objekt\/le-tunnel-despionnage-berlinois\/#primaryimage"},"thumbnailUrl":"https:\/\/www.alliiertenmuseum.de\/wp-content\/uploads\/2021\/06\/5.0-01-alliierten-museum-dauerausstellung-berlin-spionagetunnel-1024x683.jpg","datePublished":"2021-08-25T20:37:07+00:00","dateModified":"2024-10-14T10:57:58+00:00","description":"Nous vous pr\u00e9sentons l\u2019histoire du tunnel d\u2019espionnage de Berlin, un objet phare de notre collection sur la guerre froide.","breadcrumb":{"@id":"https:\/\/www.alliiertenmuseum.de\/fr\/objekt\/le-tunnel-despionnage-berlinois\/#breadcrumb"},"inLanguage":"fr-FR","potentialAction":[{"@type":"ReadAction","target":["https:\/\/www.alliiertenmuseum.de\/fr\/objekt\/le-tunnel-despionnage-berlinois\/"]}]},{"@type":"ImageObject","inLanguage":"fr-FR","@id":"https:\/\/www.alliiertenmuseum.de\/fr\/objekt\/le-tunnel-despionnage-berlinois\/#primaryimage","url":"https:\/\/www.alliiertenmuseum.de\/wp-content\/uploads\/2021\/06\/5.0-01-alliierten-museum-dauerausstellung-berlin-spionagetunnel.jpg","contentUrl":"https:\/\/www.alliiertenmuseum.de\/wp-content\/uploads\/2021\/06\/5.0-01-alliierten-museum-dauerausstellung-berlin-spionagetunnel.jpg","width":2000,"height":1334},{"@type":"BreadcrumbList","@id":"https:\/\/www.alliiertenmuseum.de\/fr\/objekt\/le-tunnel-despionnage-berlinois\/#breadcrumb","itemListElement":[{"@type":"ListItem","position":1,"name":"Startseite","item":"https:\/\/www.alliiertenmuseum.de\/fr\/"},{"@type":"ListItem","position":2,"name":"Le tunnel d\u2019espionnage berlinois"}]},{"@type":"WebSite","@id":"https:\/\/www.alliiertenmuseum.de\/#website","url":"https:\/\/www.alliiertenmuseum.de\/","name":"AlliiertenMuseum","description":"","publisher":{"@id":"https:\/\/www.alliiertenmuseum.de\/#organization"},"potentialAction":[{"@type":"SearchAction","target":{"@type":"EntryPoint","urlTemplate":"https:\/\/www.alliiertenmuseum.de\/?s={search_term_string}"},"query-input":{"@type":"PropertyValueSpecification","valueRequired":true,"valueName":"search_term_string"}}],"inLanguage":"fr-FR"},{"@type":"Organization","@id":"https:\/\/www.alliiertenmuseum.de\/#organization","name":"AlliiertenMuseum","url":"https:\/\/www.alliiertenmuseum.de\/","logo":{"@type":"ImageObject","inLanguage":"fr-FR","@id":"https:\/\/www.alliiertenmuseum.de\/#\/schema\/logo\/image\/","url":"https:\/\/www.alliiertenmuseum.de\/wp-content\/uploads\/2021\/05\/logo.svg","contentUrl":"https:\/\/www.alliiertenmuseum.de\/wp-content\/uploads\/2021\/05\/logo.svg","caption":"AlliiertenMuseum"},"image":{"@id":"https:\/\/www.alliiertenmuseum.de\/#\/schema\/logo\/image\/"}}]}},"_links":{"self":[{"href":"https:\/\/www.alliiertenmuseum.de\/wp-json\/wp\/v2\/object\/3074","targetHints":{"allow":["GET"]}}],"collection":[{"href":"https:\/\/www.alliiertenmuseum.de\/wp-json\/wp\/v2\/object"}],"about":[{"href":"https:\/\/www.alliiertenmuseum.de\/wp-json\/wp\/v2\/types\/object"}],"version-history":[{"count":9,"href":"https:\/\/www.alliiertenmuseum.de\/wp-json\/wp\/v2\/object\/3074\/revisions"}],"predecessor-version":[{"id":33943,"href":"https:\/\/www.alliiertenmuseum.de\/wp-json\/wp\/v2\/object\/3074\/revisions\/33943"}],"wp:attachment":[{"href":"https:\/\/www.alliiertenmuseum.de\/wp-json\/wp\/v2\/media?parent=3074"}],"wp:term":[{"taxonomy":"collection","embeddable":true,"href":"https:\/\/www.alliiertenmuseum.de\/wp-json\/wp\/v2\/collection?post=3074"}],"curies":[{"name":"wp","href":"https:\/\/api.w.org\/{rel}","templated":true}]}}