{"id":3088,"date":"2021-08-25T22:59:02","date_gmt":"2021-08-25T20:59:02","guid":{"rendered":"http:\/\/stage.alm.smithberlin.com\/?post_type=object&#038;p=3088"},"modified":"2024-10-14T12:56:51","modified_gmt":"2024-10-14T10:56:51","slug":"le-collier-de-la-chancellerie-du-reich","status":"publish","type":"object","link":"https:\/\/www.alliiertenmuseum.de\/fr\/objekt\/le-collier-de-la-chancellerie-du-reich\/","title":{"rendered":"Le collier de la chan&shy;cel&shy;lerie du Reich"},"content":{"rendered":"\n<div class=\"wp-block-columns alignwide is-layout-flex wp-container-core-columns-is-layout-9d6595d7 wp-block-columns-is-layout-flex\">\n<div class=\"wp-block-column is-layout-flow wp-block-column-is-layout-flow\">\n<p>Apr\u00e8s la seconde guerre mondiale, Jeanne Pimrose Warburton, une jeune femme originaire du nord de l\u2019Angleterre, posa sa candidature pour un poste de secr\u00e9tariat au sein de du gouvernement militaire britannique en Allemagne. Elle fut recrut\u00e9e et affect\u00e9e \u00e0 Berlin en 1946, d\u00e9truite par la guerre. Pendant son temps libre, elle se rendait souvent au centre \u00e9questre Eichkamp ainsi que dans les c\u00e9l\u00e8bres lieux touristiques de la ville, qu\u2019elle photographiait et o\u00f9 elle se d\u00e9tendait avec ses amies. Une de ses excursions la conduisit en octobre 1946 dans les ruines de la chancellerie du Reich. Le si\u00e8ge gouvernemental d\u2019Adolf Hitler avait \u00e9t\u00e9 lourdement bombard\u00e9 dans les derniers mois de la guerre avant d\u2019\u00eatre conquis par l\u2019Arm\u00e9e rouge.<\/p>\n\n\n\n<p>Des gardes sovi\u00e9tiques surveillaient depuis le b\u00e2timent, mais en permettaient l\u2019acc\u00e8s aux membres des forces d\u2019occupation. En se promenant dans le \u00ab&nbsp;palais du chancelier du Reich&nbsp;\u00bb, qui avait abrit\u00e9 les salles de r\u00e9ception et \u00ab&nbsp;l\u2019appartement du F\u00fchrer&nbsp;\u00bb, Jeanne Warburton rep\u00e9ra des petites perles de verre poli dans les ruines. Elles provenaient d\u2019un lustre tomb\u00e9. Elle ramassa 78 de ces perles \u00e9tincelantes. Lorsque Jeanne Warburton rentra en Angleterre fin 1947, elle avait les perles dans ses bagages et d\u00e9cida de s\u2019en faire faire un collier \u2013 en souvenir de Berlin.<\/p>\n\n\n\n<p>64 ans plus tard, en 2011, Phil Ratcliffe \u2013 le fils de Jeanne \u2013, chercha un plan britannique de Berlin datant de 1946. Il prit contact avec le conservateur des collections britanniques du Mus\u00e9e des Alli\u00e9s, Bernd von Kostka, qui lui remit une copie du plan \u00e0 l\u2019occasion d\u2019une visite du mus\u00e9e. Ils rest\u00e8rent en contact par mail, ce qui d\u00e9boucha sur une proposition des plus int\u00e9ressantes.<\/p>\n\n\n\n<p>Le fils de Jeanne songeait en effet depuis quelque temps d\u00e9j\u00e0 \u00e0 confier le collier de sa m\u00e8re aux soins d\u2019experts. Il se d\u00e9cida alors \u00e0 restituer le collier \u00e0 la ville dont il provenait. Lors de sa seconde visite \u00e0 Berlin d\u00e9but 2012, Phil Radcliffe fit don au Mus\u00e9e des Alli\u00e9s de ce bijou \u00e0 l\u2019histoire forte. Ce t\u00e9moignage aux multiples facettes y est expos\u00e9 lorsque l\u2019occasion se pr\u00e9sente, o\u00f9 il offre alors un petit aper\u00e7u de la grande histoire des puissances occidentales \u00e0 Berlin.<\/p>\n<\/div>\n<\/div>\n\n\n\n<div class=\"slider\" data-display=\"peek\" data-pager=\"false\" class=\"wp-block-acv-slider\"><figure class=\"wp-block-image size-large\"><img loading=\"lazy\" decoding=\"async\" data-id=\"1650\" class=\"wp-image-1650\" src=\"https:\/\/www.alliiertenmuseum.de\/wp-content\/uploads\/2021\/06\/5.0-warburton-reichskanzlei-fuehrerbunker-1024x667.jpg\" alt=\"Vier Frauen stehen vor einem Geb\u00e4ude im Hinterhof der Reichskanzlei.\" title=\"\" width=\"1024\" height=\"667\" srcset=\"https:\/\/www.alliiertenmuseum.de\/wp-content\/uploads\/2021\/06\/5.0-warburton-reichskanzlei-fuehrerbunker-1024x667.jpg 1024w, https:\/\/www.alliiertenmuseum.de\/wp-content\/uploads\/2021\/06\/5.0-warburton-reichskanzlei-fuehrerbunker-300x195.jpg 300w, https:\/\/www.alliiertenmuseum.de\/wp-content\/uploads\/2021\/06\/5.0-warburton-reichskanzlei-fuehrerbunker-768x500.jpg 768w, https:\/\/www.alliiertenmuseum.de\/wp-content\/uploads\/2021\/06\/5.0-warburton-reichskanzlei-fuehrerbunker-1536x1001.jpg 1536w, https:\/\/www.alliiertenmuseum.de\/wp-content\/uploads\/2021\/06\/5.0-warburton-reichskanzlei-fuehrerbunker-50x33.jpg 50w, https:\/\/www.alliiertenmuseum.de\/wp-content\/uploads\/2021\/06\/5.0-warburton-reichskanzlei-fuehrerbunker.jpg 2000w\" sizes=\"auto, (max-width: 1024px) 100vw, 1024px\" \/><figcaption class=\"slide-caption\">Des amies de Jeanne Pimrose Warburton devant une entr\u00e9e du bunker du F\u00fchrer dans l\u2019arri\u00e8re-cour de la Chancellerie du Reich, 1946 (AlliiertenMuseum\/Jeanne Pimrose Warburton)<\/figcaption><\/figure><figure class=\"wp-block-image size-large\"><img loading=\"lazy\" decoding=\"async\" data-id=\"802\" class=\"wp-image-802\" src=\"https:\/\/www.alliiertenmuseum.de\/wp-content\/uploads\/2021\/06\/5.0-warburton-militaerregierung-berlin-632x1024.jpg\" alt=\"\" title=\"\" width=\"632\" height=\"1024\" srcset=\"https:\/\/www.alliiertenmuseum.de\/wp-content\/uploads\/2021\/06\/5.0-warburton-militaerregierung-berlin-632x1024.jpg 632w, https:\/\/www.alliiertenmuseum.de\/wp-content\/uploads\/2021\/06\/5.0-warburton-militaerregierung-berlin-185x300.jpg 185w, https:\/\/www.alliiertenmuseum.de\/wp-content\/uploads\/2021\/06\/5.0-warburton-militaerregierung-berlin-768x1245.jpg 768w, https:\/\/www.alliiertenmuseum.de\/wp-content\/uploads\/2021\/06\/5.0-warburton-militaerregierung-berlin-947x1536.jpg 947w, https:\/\/www.alliiertenmuseum.de\/wp-content\/uploads\/2021\/06\/5.0-warburton-militaerregierung-berlin-1263x2048.jpg 1263w, https:\/\/www.alliiertenmuseum.de\/wp-content\/uploads\/2021\/06\/5.0-warburton-militaerregierung-berlin-31x50.jpg 31w, https:\/\/www.alliiertenmuseum.de\/wp-content\/uploads\/2021\/06\/5.0-warburton-militaerregierung-berlin-scaled.jpg 1579w\" sizes=\"auto, (max-width: 632px) 100vw, 632px\" \/><figcaption class=\"slide-caption\">Jeanne Pimrose Warburton (au centre) avec des amies \u00e0 Berlin, 1946 (AlliiertenMuseum\/Jeanne Pimrose Warburton)<\/figcaption><\/figure><figure class=\"wp-block-image size-large\"><img loading=\"lazy\" decoding=\"async\" data-id=\"805\" class=\"wp-image-805\" src=\"https:\/\/www.alliiertenmuseum.de\/wp-content\/uploads\/2021\/06\/5.0-warburton-halskette-reichskanzlei-1024x682.jpg\" alt=\"\" title=\"\" width=\"1024\" height=\"682\" srcset=\"https:\/\/www.alliiertenmuseum.de\/wp-content\/uploads\/2021\/06\/5.0-warburton-halskette-reichskanzlei-1024x682.jpg 1024w, https:\/\/www.alliiertenmuseum.de\/wp-content\/uploads\/2021\/06\/5.0-warburton-halskette-reichskanzlei-300x200.jpg 300w, https:\/\/www.alliiertenmuseum.de\/wp-content\/uploads\/2021\/06\/5.0-warburton-halskette-reichskanzlei-768x512.jpg 768w, https:\/\/www.alliiertenmuseum.de\/wp-content\/uploads\/2021\/06\/5.0-warburton-halskette-reichskanzlei-1536x1024.jpg 1536w, https:\/\/www.alliiertenmuseum.de\/wp-content\/uploads\/2021\/06\/5.0-warburton-halskette-reichskanzlei-50x33.jpg 50w, https:\/\/www.alliiertenmuseum.de\/wp-content\/uploads\/2021\/06\/5.0-warburton-halskette-reichskanzlei.jpg 2000w\" sizes=\"auto, (max-width: 1024px) 100vw, 1024px\" \/><figcaption class=\"slide-caption\">Collier en perles de verre fabriqu\u00e9 par Jeanne Pimrose Warburton \u00e0 partir d\u2019un lustre de la Chancellerie du Reich (AlliiertenMuseum\/Chodan)<\/figcaption><\/figure><\/div>\n","protected":false},"excerpt":{"rendered":"<p>Un t\u00e9moignage de l\u2019histoire contemporaine aux mille facettes&nbsp;: quand une d\u00e9couverte dans les ruines de la chancellerie du Reich se transforme en bijou tr\u00e8s sp\u00e9cial.<\/p>\n","protected":false},"featured_media":0,"template":"","meta":{"_locale":"fr_FR","_original_post":"https:\/\/www.alliiertenmuseum.de\/?post_type=object&#038;p=295","_featured_caption":"","_featured_caption_checkbox":false,"_featured_alt":"","_pinkie_id":805,"_pinkie_caption":false,"_pinkie_alt":"<p class=\"MsoNormal\">Collier de perles<\/p>","footnotes":"","_post-color":[]},"collection":[],"class_list":["post-3088","object","type-object","status-publish","has-post-thumbnail","hentry","fr-FR"],"yoast_head":"<!-- This site is optimized with the Yoast SEO plugin v26.2 - https:\/\/yoast.com\/wordpress\/plugins\/seo\/ -->\n<title>Le collier de la chancellerie du Reich - AlliiertenMuseum<\/title>\n<meta name=\"description\" content=\"Apprenez-en plus sur les perles de verre qu\u2019une secr\u00e9taire du gouvernement militaire britannique trouva en 1946 dans les ruines de la Chancellerie du Reich.\" \/>\n<meta name=\"robots\" content=\"index, follow, max-snippet:-1, max-image-preview:large, max-video-preview:-1\" \/>\n<link rel=\"canonical\" href=\"https:\/\/www.alliiertenmuseum.de\/fr\/objekt\/le-collier-de-la-chancellerie-du-reich\/\" \/>\n<meta property=\"og:locale\" content=\"fr_FR\" \/>\n<meta property=\"og:type\" content=\"article\" \/>\n<meta property=\"og:title\" content=\"Le collier de la chan[-]cel[-]lerie du Reich - AlliiertenMuseum\" \/>\n<meta property=\"og:description\" content=\"Apprenez-en plus sur les perles de verre qu\u2019une secr\u00e9taire du gouvernement militaire britannique trouva en 1946 dans les ruines de la Chancellerie du Reich.\" \/>\n<meta property=\"og:url\" content=\"https:\/\/www.alliiertenmuseum.de\/fr\/objekt\/le-collier-de-la-chancellerie-du-reich\/\" \/>\n<meta property=\"og:site_name\" content=\"AlliiertenMuseum\" \/>\n<meta property=\"article:modified_time\" content=\"2024-10-14T10:56:51+00:00\" \/>\n<meta property=\"og:image\" content=\"https:\/\/www.alliiertenmuseum.de\/wp-content\/uploads\/2021\/06\/5.0-warburton-reichskanzlei-fuehrerbunker-1024x667.jpg\" \/>\n<meta name=\"twitter:card\" content=\"summary_large_image\" \/>\n<meta name=\"twitter:label1\" content=\"Dur\u00e9e de lecture estim\u00e9e\" \/>\n\t<meta name=\"twitter:data1\" content=\"3 minutes\" \/>\n<script type=\"application\/ld+json\" class=\"yoast-schema-graph\">{\"@context\":\"https:\/\/schema.org\",\"@graph\":[{\"@type\":\"WebPage\",\"@id\":\"https:\/\/www.alliiertenmuseum.de\/fr\/objekt\/le-collier-de-la-chancellerie-du-reich\/\",\"url\":\"https:\/\/www.alliiertenmuseum.de\/fr\/objekt\/le-collier-de-la-chancellerie-du-reich\/\",\"name\":\"Le collier de la chan[-]cel[-]lerie du Reich - AlliiertenMuseum\",\"isPartOf\":{\"@id\":\"https:\/\/www.alliiertenmuseum.de\/#website\"},\"primaryImageOfPage\":{\"@id\":\"https:\/\/www.alliiertenmuseum.de\/fr\/objekt\/le-collier-de-la-chancellerie-du-reich\/#primaryimage\"},\"image\":{\"@id\":\"https:\/\/www.alliiertenmuseum.de\/fr\/objekt\/le-collier-de-la-chancellerie-du-reich\/#primaryimage\"},\"thumbnailUrl\":\"https:\/\/www.alliiertenmuseum.de\/wp-content\/uploads\/2021\/06\/5.0-warburton-reichskanzlei-fuehrerbunker-1024x667.jpg\",\"datePublished\":\"2021-08-25T20:59:02+00:00\",\"dateModified\":\"2024-10-14T10:56:51+00:00\",\"description\":\"Apprenez-en plus sur les perles de verre qu\u2019une secr\u00e9taire du gouvernement militaire britannique trouva en 1946 dans les ruines de la Chancellerie du Reich.\",\"breadcrumb\":{\"@id\":\"https:\/\/www.alliiertenmuseum.de\/fr\/objekt\/le-collier-de-la-chancellerie-du-reich\/#breadcrumb\"},\"inLanguage\":\"fr-FR\",\"potentialAction\":[{\"@type\":\"ReadAction\",\"target\":[\"https:\/\/www.alliiertenmuseum.de\/fr\/objekt\/le-collier-de-la-chancellerie-du-reich\/\"]}]},{\"@type\":\"ImageObject\",\"inLanguage\":\"fr-FR\",\"@id\":\"https:\/\/www.alliiertenmuseum.de\/fr\/objekt\/le-collier-de-la-chancellerie-du-reich\/#primaryimage\",\"url\":\"https:\/\/www.alliiertenmuseum.de\/wp-content\/uploads\/2021\/06\/5.0-warburton-reichskanzlei-fuehrerbunker.jpg\",\"contentUrl\":\"https:\/\/www.alliiertenmuseum.de\/wp-content\/uploads\/2021\/06\/5.0-warburton-reichskanzlei-fuehrerbunker.jpg\",\"width\":2000,\"height\":1303,\"caption\":\"Freundinnen von Jeanne Pimrose Warburton vor einem Eingang zum sogenannten F\u00fchrerbunker im Hinterhof der Reichskanzlei, 1946 (AlliiertenMuseum\/Jeanne Pimrose Warburton)\"},{\"@type\":\"BreadcrumbList\",\"@id\":\"https:\/\/www.alliiertenmuseum.de\/fr\/objekt\/le-collier-de-la-chancellerie-du-reich\/#breadcrumb\",\"itemListElement\":[{\"@type\":\"ListItem\",\"position\":1,\"name\":\"Startseite\",\"item\":\"https:\/\/www.alliiertenmuseum.de\/fr\/\"},{\"@type\":\"ListItem\",\"position\":2,\"name\":\"Le collier de la chancellerie du Reich\"}]},{\"@type\":\"WebSite\",\"@id\":\"https:\/\/www.alliiertenmuseum.de\/#website\",\"url\":\"https:\/\/www.alliiertenmuseum.de\/\",\"name\":\"AlliiertenMuseum\",\"description\":\"\",\"publisher\":{\"@id\":\"https:\/\/www.alliiertenmuseum.de\/#organization\"},\"potentialAction\":[{\"@type\":\"SearchAction\",\"target\":{\"@type\":\"EntryPoint\",\"urlTemplate\":\"https:\/\/www.alliiertenmuseum.de\/?s={search_term_string}\"},\"query-input\":{\"@type\":\"PropertyValueSpecification\",\"valueRequired\":true,\"valueName\":\"search_term_string\"}}],\"inLanguage\":\"fr-FR\"},{\"@type\":\"Organization\",\"@id\":\"https:\/\/www.alliiertenmuseum.de\/#organization\",\"name\":\"AlliiertenMuseum\",\"url\":\"https:\/\/www.alliiertenmuseum.de\/\",\"logo\":{\"@type\":\"ImageObject\",\"inLanguage\":\"fr-FR\",\"@id\":\"https:\/\/www.alliiertenmuseum.de\/#\/schema\/logo\/image\/\",\"url\":\"https:\/\/www.alliiertenmuseum.de\/wp-content\/uploads\/2021\/05\/logo.svg\",\"contentUrl\":\"https:\/\/www.alliiertenmuseum.de\/wp-content\/uploads\/2021\/05\/logo.svg\",\"caption\":\"AlliiertenMuseum\"},\"image\":{\"@id\":\"https:\/\/www.alliiertenmuseum.de\/#\/schema\/logo\/image\/\"}}]}<\/script>\n<!-- \/ Yoast SEO plugin. -->","yoast_head_json":{"title":"Le collier de la chancellerie du Reich - AlliiertenMuseum","description":"Apprenez-en plus sur les perles de verre qu\u2019une secr\u00e9taire du gouvernement militaire britannique trouva en 1946 dans les ruines de la Chancellerie du Reich.","robots":{"index":"index","follow":"follow","max-snippet":"max-snippet:-1","max-image-preview":"max-image-preview:large","max-video-preview":"max-video-preview:-1"},"canonical":"https:\/\/www.alliiertenmuseum.de\/fr\/objekt\/le-collier-de-la-chancellerie-du-reich\/","og_locale":"fr_FR","og_type":"article","og_title":"Le collier de la chan[-]cel[-]lerie du Reich - AlliiertenMuseum","og_description":"Apprenez-en plus sur les perles de verre qu\u2019une secr\u00e9taire du gouvernement militaire britannique trouva en 1946 dans les ruines de la Chancellerie du Reich.","og_url":"https:\/\/www.alliiertenmuseum.de\/fr\/objekt\/le-collier-de-la-chancellerie-du-reich\/","og_site_name":"AlliiertenMuseum","article_modified_time":"2024-10-14T10:56:51+00:00","og_image":[{"url":"https:\/\/www.alliiertenmuseum.de\/wp-content\/uploads\/2021\/06\/5.0-warburton-reichskanzlei-fuehrerbunker-1024x667.jpg","type":"","width":"","height":""}],"twitter_card":"summary_large_image","twitter_misc":{"Dur\u00e9e de lecture estim\u00e9e":"3 minutes"},"schema":{"@context":"https:\/\/schema.org","@graph":[{"@type":"WebPage","@id":"https:\/\/www.alliiertenmuseum.de\/fr\/objekt\/le-collier-de-la-chancellerie-du-reich\/","url":"https:\/\/www.alliiertenmuseum.de\/fr\/objekt\/le-collier-de-la-chancellerie-du-reich\/","name":"Le collier de la chan[-]cel[-]lerie du Reich - AlliiertenMuseum","isPartOf":{"@id":"https:\/\/www.alliiertenmuseum.de\/#website"},"primaryImageOfPage":{"@id":"https:\/\/www.alliiertenmuseum.de\/fr\/objekt\/le-collier-de-la-chancellerie-du-reich\/#primaryimage"},"image":{"@id":"https:\/\/www.alliiertenmuseum.de\/fr\/objekt\/le-collier-de-la-chancellerie-du-reich\/#primaryimage"},"thumbnailUrl":"https:\/\/www.alliiertenmuseum.de\/wp-content\/uploads\/2021\/06\/5.0-warburton-reichskanzlei-fuehrerbunker-1024x667.jpg","datePublished":"2021-08-25T20:59:02+00:00","dateModified":"2024-10-14T10:56:51+00:00","description":"Apprenez-en plus sur les perles de verre qu\u2019une secr\u00e9taire du gouvernement militaire britannique trouva en 1946 dans les ruines de la Chancellerie du Reich.","breadcrumb":{"@id":"https:\/\/www.alliiertenmuseum.de\/fr\/objekt\/le-collier-de-la-chancellerie-du-reich\/#breadcrumb"},"inLanguage":"fr-FR","potentialAction":[{"@type":"ReadAction","target":["https:\/\/www.alliiertenmuseum.de\/fr\/objekt\/le-collier-de-la-chancellerie-du-reich\/"]}]},{"@type":"ImageObject","inLanguage":"fr-FR","@id":"https:\/\/www.alliiertenmuseum.de\/fr\/objekt\/le-collier-de-la-chancellerie-du-reich\/#primaryimage","url":"https:\/\/www.alliiertenmuseum.de\/wp-content\/uploads\/2021\/06\/5.0-warburton-reichskanzlei-fuehrerbunker.jpg","contentUrl":"https:\/\/www.alliiertenmuseum.de\/wp-content\/uploads\/2021\/06\/5.0-warburton-reichskanzlei-fuehrerbunker.jpg","width":2000,"height":1303,"caption":"Freundinnen von Jeanne Pimrose Warburton vor einem Eingang zum sogenannten F\u00fchrerbunker im Hinterhof der Reichskanzlei, 1946 (AlliiertenMuseum\/Jeanne Pimrose Warburton)"},{"@type":"BreadcrumbList","@id":"https:\/\/www.alliiertenmuseum.de\/fr\/objekt\/le-collier-de-la-chancellerie-du-reich\/#breadcrumb","itemListElement":[{"@type":"ListItem","position":1,"name":"Startseite","item":"https:\/\/www.alliiertenmuseum.de\/fr\/"},{"@type":"ListItem","position":2,"name":"Le collier de la chancellerie du Reich"}]},{"@type":"WebSite","@id":"https:\/\/www.alliiertenmuseum.de\/#website","url":"https:\/\/www.alliiertenmuseum.de\/","name":"AlliiertenMuseum","description":"","publisher":{"@id":"https:\/\/www.alliiertenmuseum.de\/#organization"},"potentialAction":[{"@type":"SearchAction","target":{"@type":"EntryPoint","urlTemplate":"https:\/\/www.alliiertenmuseum.de\/?s={search_term_string}"},"query-input":{"@type":"PropertyValueSpecification","valueRequired":true,"valueName":"search_term_string"}}],"inLanguage":"fr-FR"},{"@type":"Organization","@id":"https:\/\/www.alliiertenmuseum.de\/#organization","name":"AlliiertenMuseum","url":"https:\/\/www.alliiertenmuseum.de\/","logo":{"@type":"ImageObject","inLanguage":"fr-FR","@id":"https:\/\/www.alliiertenmuseum.de\/#\/schema\/logo\/image\/","url":"https:\/\/www.alliiertenmuseum.de\/wp-content\/uploads\/2021\/05\/logo.svg","contentUrl":"https:\/\/www.alliiertenmuseum.de\/wp-content\/uploads\/2021\/05\/logo.svg","caption":"AlliiertenMuseum"},"image":{"@id":"https:\/\/www.alliiertenmuseum.de\/#\/schema\/logo\/image\/"}}]}},"_links":{"self":[{"href":"https:\/\/www.alliiertenmuseum.de\/wp-json\/wp\/v2\/object\/3088","targetHints":{"allow":["GET"]}}],"collection":[{"href":"https:\/\/www.alliiertenmuseum.de\/wp-json\/wp\/v2\/object"}],"about":[{"href":"https:\/\/www.alliiertenmuseum.de\/wp-json\/wp\/v2\/types\/object"}],"version-history":[{"count":12,"href":"https:\/\/www.alliiertenmuseum.de\/wp-json\/wp\/v2\/object\/3088\/revisions"}],"predecessor-version":[{"id":33941,"href":"https:\/\/www.alliiertenmuseum.de\/wp-json\/wp\/v2\/object\/3088\/revisions\/33941"}],"wp:attachment":[{"href":"https:\/\/www.alliiertenmuseum.de\/wp-json\/wp\/v2\/media?parent=3088"}],"wp:term":[{"taxonomy":"collection","embeddable":true,"href":"https:\/\/www.alliiertenmuseum.de\/wp-json\/wp\/v2\/collection?post=3088"}],"curies":[{"name":"wp","href":"https:\/\/api.w.org\/{rel}","templated":true}]}}