{"id":3248,"date":"2021-09-07T11:12:00","date_gmt":"2021-09-07T09:12:00","guid":{"rendered":"http:\/\/stage.alm.smithberlin.com\/?page_id=3248"},"modified":"2021-10-26T09:58:22","modified_gmt":"2021-10-26T07:58:22","slug":"impressum","status":"publish","type":"page","link":"https:\/\/www.alliiertenmuseum.de\/fr\/impressum\/","title":{"rendered":"Mentions l\u00e9gales"},"content":{"rendered":"\n<div class=\"wp-block-columns is-layout-flex wp-container-core-columns-is-layout-9d6595d7 wp-block-columns-is-layout-flex\">\n<div class=\"wp-block-column is-layout-flow wp-block-column-is-layout-flow\" style=\"flex-basis:4.65%\"><\/div>\n\n\n\n<div class=\"wp-block-column is-layout-flow wp-block-column-is-layout-flow\" style=\"flex-basis:62.02%\">\n<p><strong>AlliiertenMuseum e. V. (Mus\u00e9e des Alli\u00e9s, association d\u2019utilit\u00e9 publique de droit allemand)<br>Repr\u00e9sent\u00e9 par:<\/strong><br>Dr.&nbsp;J\u00fcrgen Lillteicher, directeur du Mus\u00e9e des Alli\u00e9s<br>Ulrike Kretzschmar, pr\u00e9sident de l\u2019association<br><\/p>\n\n\n\n<p><strong>Si\u00e8ge<\/strong><br>Clayallee 135<br>14195 Berlin<br><strong>T<\/strong> +49 (0)30 \/ 818 199-0<br><strong>F<\/strong> +49 (0)30 \/ 818 199-91<br><strong>E<\/strong> <a href=\"mailto:info@alliiertenmuseum.de\">info@alliiertenmuseum.de<\/a><br><br><a href=\"https:\/\/www.alliiertenmuseum.de\" target=\"_blank\" rel=\"noreferrer noopener\">www.alliiertenmuseum.de<\/a><br><br>Tribunal charg\u00e9 de la tenue du registre : Amtsgericht Berlin-Charlottenburg<br>Num\u00e9ro d\u2019inscription au registre : 17478Nz<\/p>\n\n\n\n<p><\/p>\n\n\n\n<p>Les mentions l\u00e9gales s\u2019appliquent aux publications sur les r\u00e9seaux sociaux suivants&nbsp;:<\/p>\n\n\n\n<p><a href=\"http:\/\/www.facebook.de\/AlliiertenMuseum\" target=\"_blank\" rel=\"noreferrer noopener\">http:\/\/www.facebook.de\/AlliiertenMuseum<\/a><\/p>\n\n\n\n<p><a href=\"https:\/\/www.youtube.com\/channel\/UCM2JMRCMpnBuJ3eQXx0cMLg\" target=\"_blank\" rel=\"noreferrer noopener\">https:\/\/www.youtube.com\/channel\/UCM2JMRCMpnBuJ3eQXx0cMLg<\/a><\/p>\n\n\n\n<p><a href=\"https:\/\/www.instagram.com\/alliiertenmuseumberlin\/\" target=\"_blank\" rel=\"noreferrer noopener\">https:\/\/www.instagram.com\/alliiertenmuseumberlin\/<\/a><\/p>\n\n\n\n<p><br><strong>Conception<\/strong><br>AlliiertenMuseum e. V.<br>Uta Birkemeyer, Bernd von Kostka, Florian Pauls<br><\/p>\n\n\n\n<p><strong>Lectorat<\/strong><br>Annette Vogler<br><\/p>\n\n\n\n<p><strong>Traduction<\/strong><br>Pamela Selwyn (anglais),&nbsp;Rebecca M. Stuart (anglais)<br>Valentine Meunier (fran\u00e7ais)<br><\/p>\n\n\n\n<p><strong>Photos <\/strong>(sauf si le cr\u00e9dit photo est directement attach\u00e9 \u00e0 la photo)<\/p>\n\n\n\n<p>AlliiertenMuseum\/Chodan (47)<\/p>\n\n\n\n<p>AlliiertenMuseum\/Psille (1)<\/p>\n\n\n\n<p>AlliiertenMuseum\/Querbach (1)<\/p>\n\n\n\n<p>AlliiertenMuseum\/Jeske (1)<\/p>\n\n\n\n<p>AlliiertenMuseum\/Zeitz (1)<\/p>\n\n\n\n<p>AlliiertenMuseum\/Rick Buckley (3)<\/p>\n\n\n\n<p>AlliiertenMuseum\/Foto Kessler (1)<\/p>\n\n\n\n<p>AlliiertenMuseum\/Hlopoff (1)<\/p>\n\n\n\n<p>AlliiertenMuseum\/US Air Force Photograph (4)<\/p>\n\n\n\n<p>AlliiertenMuseum\/US Army Photograph (13)<\/p>\n\n\n\n<p>AlliiertenMuseum\/Ministry of Defence UK, Crown Copyright (2)<\/p>\n\n\n\n<p>AlliiertenMuseum\/Eve (1)<\/p>\n\n\n\n<p>UPI\/Clay Papers\/Marshall Library (1)<\/p>\n\n\n\n<p>ecpa-d\/Lange (2)<\/p>\n\n\n\n<p>LBJ Library (1)<\/p>\n\n\n\n<p>NARA (3)<\/p>\n\n\n\n<p>Britische Botschaft Berlin\/Detlev Schilke (1)<\/p>\n\n\n\n<p>Scantinental (1)<\/p>\n\n\n\n<p><\/p>\n\n\n\n<p><strong>Concept, design, r\u00e9alisation technique<\/strong><br><a href=\"http:\/\/www.smithberlin.com\" target=\"_blank\" rel=\"noreferrer noopener\">smithberlin.com<\/a><\/p>\n\n\n\n<p><\/p>\n\n\n\n<p><strong>Clause de responsabilit\u00e9<\/strong><br>Les informations propos\u00e9es sur ce site ont \u00e9t\u00e9 soigneusement r\u00e9dig\u00e9es et sont r\u00e9guli\u00e8rement actualis\u00e9es. N\u00e9anmoins le Mus\u00e9e ne peut garantir leur exactitude. Si malgr\u00e9 tout le soin apport\u00e9 \u00e0 la v\u00e9rification juridique, des droits l\u00e9gitimes de tiers d\u00e9tenteurs \u00e9taient mis en cause, nous vous remercions de nous en faire part.<\/p>\n\n\n\n<p>Malgr\u00e9 le contr\u00f4le minutieux du contenu et des informations, la responsabilit\u00e9 du Mus\u00e9e ne saurait \u00eatre engag\u00e9e en ce qui concerne les contenus divulgu\u00e9s sur des sites Internet externes, reli\u00e9s par des hyperliens au site du Mus\u00e9e. Le contenu de ces sites d\u00e9pend enti\u00e8rement de la responsabilit\u00e9 de leurs auteurs.<br><\/p>\n\n\n\n<p><strong>Utilisation ou reproduction des pages du site Internet<\/strong><br>Les droits de tous les contenus et du design du site Internet du AlliiertenMuseum e.V. sont r\u00e9serv\u00e9s. Toute utilisation des pages du site ou de leur contenu est subordonn\u00e9e \u00e0 l\u2019autorisation \u00e9crite pr\u00e9alable du AlliiertenMuseum e.V., tant que leur utilisation n\u2019est pas autoris\u00e9e express\u00e9ment par la loi.<\/p>\n<\/div>\n\n\n\n<div class=\"wp-block-column is-layout-flow wp-block-column-is-layout-flow\" style=\"flex-basis:33.33%\"><\/div>\n<\/div>\n\n\n\n<p><\/p>\n","protected":false},"excerpt":{"rendered":"<p>AlliiertenMuseum e. V. (Mus\u00e9e des Alli\u00e9s, association d\u2019utilit\u00e9 publique de droit allemand)Repr\u00e9sent\u00e9 par:Dr.&nbsp;J\u00fcrgen Lillteicher, directeur du Mus\u00e9e des Alli\u00e9sUlrike Kretzschmar, pr\u00e9sident de l\u2019association Si\u00e8geClayallee 13514195 BerlinT +49 (0)30 \/ 818 199-0F +49 (0)30 \/ 818 199-91E info@alliiertenmuseum.de www.alliiertenmuseum.de Tribunal charg\u00e9 de la tenue du registre : Amtsgericht Berlin-CharlottenburgNum\u00e9ro d\u2019inscription au registre : 17478Nz Les mentions [&hellip;]<\/p>\n","protected":false},"author":1,"featured_media":0,"parent":0,"menu_order":0,"comment_status":"closed","ping_status":"closed","template":"","meta":{"_highline":"","_subtitle":"","_locale":"fr_FR","_original_post":"https:\/\/www.alliiertenmuseum.de\/?page_id=330","_featured_cover":false,"_featured_caption":"","_featured_caption_checkbox":false,"_featured_alt":"","_pinkie_id":0,"_pinkie_caption":false,"_pinkie_alt":"","footnotes":"","_post-color":[]},"class_list":["post-3248","page","type-page","status-publish","hentry","fr-FR"],"featured_image_src":null,"yoast_head":"<!-- This site is optimized with the Yoast SEO plugin v26.2 - https:\/\/yoast.com\/wordpress\/plugins\/seo\/ -->\n<title>Mentions l\u00e9gales - AlliiertenMuseum<\/title>\n<meta name=\"robots\" content=\"index, follow, max-snippet:-1, max-image-preview:large, max-video-preview:-1\" \/>\n<link rel=\"canonical\" href=\"https:\/\/www.alliiertenmuseum.de\/fr\/impressum\/\" \/>\n<meta property=\"og:locale\" content=\"fr_FR\" \/>\n<meta property=\"og:type\" content=\"article\" \/>\n<meta property=\"og:title\" content=\"Mentions l\u00e9gales - AlliiertenMuseum\" \/>\n<meta property=\"og:description\" content=\"AlliiertenMuseum e. V. (Mus\u00e9e des Alli\u00e9s, association d\u2019utilit\u00e9 publique de droit allemand)Repr\u00e9sent\u00e9 par:Dr.&nbsp;J\u00fcrgen Lillteicher, directeur du Mus\u00e9e des Alli\u00e9sUlrike Kretzschmar, pr\u00e9sident de l\u2019association Si\u00e8geClayallee 13514195 BerlinT +49 (0)30 \/ 818 199-0F +49 (0)30 \/ 818 199-91E info@alliiertenmuseum.de www.alliiertenmuseum.de Tribunal charg\u00e9 de la tenue du registre : Amtsgericht Berlin-CharlottenburgNum\u00e9ro d\u2019inscription au registre : 17478Nz Les mentions [&hellip;]\" \/>\n<meta property=\"og:url\" content=\"https:\/\/www.alliiertenmuseum.de\/fr\/impressum\/\" \/>\n<meta property=\"og:site_name\" content=\"AlliiertenMuseum\" \/>\n<meta property=\"article:modified_time\" content=\"2021-10-26T07:58:22+00:00\" \/>\n<meta name=\"twitter:card\" content=\"summary_large_image\" \/>\n<meta name=\"twitter:label1\" content=\"Dur\u00e9e de lecture estim\u00e9e\" \/>\n\t<meta name=\"twitter:data1\" content=\"2 minutes\" \/>\n<script type=\"application\/ld+json\" class=\"yoast-schema-graph\">{\"@context\":\"https:\/\/schema.org\",\"@graph\":[{\"@type\":\"WebPage\",\"@id\":\"https:\/\/www.alliiertenmuseum.de\/fr\/impressum\/\",\"url\":\"https:\/\/www.alliiertenmuseum.de\/fr\/impressum\/\",\"name\":\"Mentions l\u00e9gales - AlliiertenMuseum\",\"isPartOf\":{\"@id\":\"https:\/\/www.alliiertenmuseum.de\/#website\"},\"datePublished\":\"2021-09-07T09:12:00+00:00\",\"dateModified\":\"2021-10-26T07:58:22+00:00\",\"breadcrumb\":{\"@id\":\"https:\/\/www.alliiertenmuseum.de\/fr\/impressum\/#breadcrumb\"},\"inLanguage\":\"fr-FR\",\"potentialAction\":[{\"@type\":\"ReadAction\",\"target\":[\"https:\/\/www.alliiertenmuseum.de\/fr\/impressum\/\"]}]},{\"@type\":\"BreadcrumbList\",\"@id\":\"https:\/\/www.alliiertenmuseum.de\/fr\/impressum\/#breadcrumb\",\"itemListElement\":[{\"@type\":\"ListItem\",\"position\":1,\"name\":\"Startseite\",\"item\":\"https:\/\/www.alliiertenmuseum.de\/fr\/\"},{\"@type\":\"ListItem\",\"position\":2,\"name\":\"Mentions l\u00e9gales\"}]},{\"@type\":\"WebSite\",\"@id\":\"https:\/\/www.alliiertenmuseum.de\/#website\",\"url\":\"https:\/\/www.alliiertenmuseum.de\/\",\"name\":\"AlliiertenMuseum\",\"description\":\"\",\"publisher\":{\"@id\":\"https:\/\/www.alliiertenmuseum.de\/#organization\"},\"potentialAction\":[{\"@type\":\"SearchAction\",\"target\":{\"@type\":\"EntryPoint\",\"urlTemplate\":\"https:\/\/www.alliiertenmuseum.de\/?s={search_term_string}\"},\"query-input\":{\"@type\":\"PropertyValueSpecification\",\"valueRequired\":true,\"valueName\":\"search_term_string\"}}],\"inLanguage\":\"fr-FR\"},{\"@type\":\"Organization\",\"@id\":\"https:\/\/www.alliiertenmuseum.de\/#organization\",\"name\":\"AlliiertenMuseum\",\"url\":\"https:\/\/www.alliiertenmuseum.de\/\",\"logo\":{\"@type\":\"ImageObject\",\"inLanguage\":\"fr-FR\",\"@id\":\"https:\/\/www.alliiertenmuseum.de\/#\/schema\/logo\/image\/\",\"url\":\"https:\/\/www.alliiertenmuseum.de\/wp-content\/uploads\/2021\/05\/logo.svg\",\"contentUrl\":\"https:\/\/www.alliiertenmuseum.de\/wp-content\/uploads\/2021\/05\/logo.svg\",\"caption\":\"AlliiertenMuseum\"},\"image\":{\"@id\":\"https:\/\/www.alliiertenmuseum.de\/#\/schema\/logo\/image\/\"}}]}<\/script>\n<!-- \/ Yoast SEO plugin. -->","yoast_head_json":{"title":"Mentions l\u00e9gales - AlliiertenMuseum","robots":{"index":"index","follow":"follow","max-snippet":"max-snippet:-1","max-image-preview":"max-image-preview:large","max-video-preview":"max-video-preview:-1"},"canonical":"https:\/\/www.alliiertenmuseum.de\/fr\/impressum\/","og_locale":"fr_FR","og_type":"article","og_title":"Mentions l\u00e9gales - AlliiertenMuseum","og_description":"AlliiertenMuseum e. V. (Mus\u00e9e des Alli\u00e9s, association d\u2019utilit\u00e9 publique de droit allemand)Repr\u00e9sent\u00e9 par:Dr.&nbsp;J\u00fcrgen Lillteicher, directeur du Mus\u00e9e des Alli\u00e9sUlrike Kretzschmar, pr\u00e9sident de l\u2019association Si\u00e8geClayallee 13514195 BerlinT +49 (0)30 \/ 818 199-0F +49 (0)30 \/ 818 199-91E info@alliiertenmuseum.de www.alliiertenmuseum.de Tribunal charg\u00e9 de la tenue du registre : Amtsgericht Berlin-CharlottenburgNum\u00e9ro d\u2019inscription au registre : 17478Nz Les mentions [&hellip;]","og_url":"https:\/\/www.alliiertenmuseum.de\/fr\/impressum\/","og_site_name":"AlliiertenMuseum","article_modified_time":"2021-10-26T07:58:22+00:00","twitter_card":"summary_large_image","twitter_misc":{"Dur\u00e9e de lecture estim\u00e9e":"2 minutes"},"schema":{"@context":"https:\/\/schema.org","@graph":[{"@type":"WebPage","@id":"https:\/\/www.alliiertenmuseum.de\/fr\/impressum\/","url":"https:\/\/www.alliiertenmuseum.de\/fr\/impressum\/","name":"Mentions l\u00e9gales - AlliiertenMuseum","isPartOf":{"@id":"https:\/\/www.alliiertenmuseum.de\/#website"},"datePublished":"2021-09-07T09:12:00+00:00","dateModified":"2021-10-26T07:58:22+00:00","breadcrumb":{"@id":"https:\/\/www.alliiertenmuseum.de\/fr\/impressum\/#breadcrumb"},"inLanguage":"fr-FR","potentialAction":[{"@type":"ReadAction","target":["https:\/\/www.alliiertenmuseum.de\/fr\/impressum\/"]}]},{"@type":"BreadcrumbList","@id":"https:\/\/www.alliiertenmuseum.de\/fr\/impressum\/#breadcrumb","itemListElement":[{"@type":"ListItem","position":1,"name":"Startseite","item":"https:\/\/www.alliiertenmuseum.de\/fr\/"},{"@type":"ListItem","position":2,"name":"Mentions l\u00e9gales"}]},{"@type":"WebSite","@id":"https:\/\/www.alliiertenmuseum.de\/#website","url":"https:\/\/www.alliiertenmuseum.de\/","name":"AlliiertenMuseum","description":"","publisher":{"@id":"https:\/\/www.alliiertenmuseum.de\/#organization"},"potentialAction":[{"@type":"SearchAction","target":{"@type":"EntryPoint","urlTemplate":"https:\/\/www.alliiertenmuseum.de\/?s={search_term_string}"},"query-input":{"@type":"PropertyValueSpecification","valueRequired":true,"valueName":"search_term_string"}}],"inLanguage":"fr-FR"},{"@type":"Organization","@id":"https:\/\/www.alliiertenmuseum.de\/#organization","name":"AlliiertenMuseum","url":"https:\/\/www.alliiertenmuseum.de\/","logo":{"@type":"ImageObject","inLanguage":"fr-FR","@id":"https:\/\/www.alliiertenmuseum.de\/#\/schema\/logo\/image\/","url":"https:\/\/www.alliiertenmuseum.de\/wp-content\/uploads\/2021\/05\/logo.svg","contentUrl":"https:\/\/www.alliiertenmuseum.de\/wp-content\/uploads\/2021\/05\/logo.svg","caption":"AlliiertenMuseum"},"image":{"@id":"https:\/\/www.alliiertenmuseum.de\/#\/schema\/logo\/image\/"}}]}},"_links":{"self":[{"href":"https:\/\/www.alliiertenmuseum.de\/wp-json\/wp\/v2\/pages\/3248","targetHints":{"allow":["GET"]}}],"collection":[{"href":"https:\/\/www.alliiertenmuseum.de\/wp-json\/wp\/v2\/pages"}],"about":[{"href":"https:\/\/www.alliiertenmuseum.de\/wp-json\/wp\/v2\/types\/page"}],"author":[{"embeddable":true,"href":"https:\/\/www.alliiertenmuseum.de\/wp-json\/wp\/v2\/users\/1"}],"replies":[{"embeddable":true,"href":"https:\/\/www.alliiertenmuseum.de\/wp-json\/wp\/v2\/comments?post=3248"}],"version-history":[{"count":14,"href":"https:\/\/www.alliiertenmuseum.de\/wp-json\/wp\/v2\/pages\/3248\/revisions"}],"predecessor-version":[{"id":6008,"href":"https:\/\/www.alliiertenmuseum.de\/wp-json\/wp\/v2\/pages\/3248\/revisions\/6008"}],"wp:attachment":[{"href":"https:\/\/www.alliiertenmuseum.de\/wp-json\/wp\/v2\/media?parent=3248"}],"curies":[{"name":"wp","href":"https:\/\/api.w.org\/{rel}","templated":true}]}}